{"version":"1.0","provider_name":"TRIAL International","provider_url":"https:\/\/trialinternational.org\/fr\/","title":"BiH : deux disparitions forc\u00e9es jamais \u00e9lucid\u00e9es - TRIAL International","type":"rich","width":600,"height":338,"html":"<blockquote class=\"wp-embedded-content\" data-secret=\"4BcyYxBbYU\"><a href=\"https:\/\/trialinternational.org\/fr\/latest-post\/bih-deux-disparitions-forcees-jamais-elucidees\/\">BiH : deux disparitions forc\u00e9es jamais \u00e9lucid\u00e9es<\/a><\/blockquote><iframe sandbox=\"allow-scripts\" security=\"restricted\" src=\"https:\/\/trialinternational.org\/fr\/latest-post\/bih-deux-disparitions-forcees-jamais-elucidees\/embed\/#?secret=4BcyYxBbYU\" width=\"600\" height=\"338\" title=\"\u00ab\u00a0BiH : deux disparitions forc\u00e9es jamais \u00e9lucid\u00e9es\u00a0\u00bb &#8212; TRIAL International\" data-secret=\"4BcyYxBbYU\" frameborder=\"0\" marginwidth=\"0\" marginheight=\"0\" scrolling=\"no\" class=\"wp-embedded-content\"><\/iframe><script type=\"text\/javascript\">\n\/* <![CDATA[ *\/\n\/*! This file is auto-generated *\/\n!function(d,l){\"use strict\";l.querySelector&&d.addEventListener&&\"undefined\"!=typeof URL&&(d.wp=d.wp||{},d.wp.receiveEmbedMessage||(d.wp.receiveEmbedMessage=function(e){var t=e.data;if((t||t.secret||t.message||t.value)&&!\/[^a-zA-Z0-9]\/.test(t.secret)){for(var s,r,n,a=l.querySelectorAll('iframe[data-secret=\"'+t.secret+'\"]'),o=l.querySelectorAll('blockquote[data-secret=\"'+t.secret+'\"]'),c=new RegExp(\"^https?:$\",\"i\"),i=0;i<o.length;i++)o[i].style.display=\"none\";for(i=0;i<a.length;i++)s=a[i],e.source===s.contentWindow&&(s.removeAttribute(\"style\"),\"height\"===t.message?(1e3<(r=parseInt(t.value,10))?r=1e3:~~r<200&&(r=200),s.height=r):\"link\"===t.message&&(r=new URL(s.getAttribute(\"src\")),n=new URL(t.value),c.test(n.protocol))&&n.host===r.host&&l.activeElement===s&&(d.top.location.href=t.value))}},d.addEventListener(\"message\",d.wp.receiveEmbedMessage,!1),l.addEventListener(\"DOMContentLoaded\",function(){for(var e,t,s=l.querySelectorAll(\"iframe.wp-embedded-content\"),r=0;r<s.length;r++)(t=(e=s[r]).getAttribute(\"data-secret\"))||(t=Math.random().toString(36).substring(2,12),e.src+=\"#?secret=\"+t,e.setAttribute(\"data-secret\",t)),e.contentWindow.postMessage({message:\"ready\",secret:t},\"*\")},!1)))}(window,document);\n\/\/# sourceURL=https:\/\/trialinternational.org\/wp-includes\/js\/wp-embed.min.js\n\/* ]]> *\/\n<\/script>\n","description":"Le Centre d&rsquo;action juridique de TRIAL (CAJ) a d\u00e9pos\u00e9 cette semaine une requ\u00eate devant la Cour europ\u00e9enne des droits de l\u2019homme contre la Bosnie-Herz\u00e9govine, \u00e0 propos de la disparition forc\u00e9e de M. Emir Hod\u017ei\u0107\u00a0 en mai 1992. Le mois dernier, le CAJ avait \u00e9galement soumis le dossier de Mr. Ibrahim Duri\u0107 \u00a0au Comit\u00e9 des droits [&hellip;]"}