{"id":27167,"date":"2026-03-27T09:41:00","date_gmt":"2026-03-27T08:41:00","guid":{"rendered":"https:\/\/trialinternational.org\/?post_type=case&#038;p=27167"},"modified":"2026-04-20T13:41:18","modified_gmt":"2026-04-20T11:41:18","slug":"ousman-sonko","status":"publish","type":"case","link":"https:\/\/trialinternational.org\/fr\/case\/ousman-sonko\/","title":{"rendered":"Ousman Sonko"},"content":{"rendered":"\n<p><\/p>\n\n\n<section class=\"c-block-updates\">\n\n                 <div class=\"c-block-item\" id=\"live-32041\">\n                <div class=\"update-date\">\n\n                20 avril 2026 10:00\n                \n        <div class=\"c-Share\">\n            <button class=\"c-Share-social meta__link orange\" data-toggle=\"collapse\" data-target=\"#pop-32041\">\n                <svg xmlns=\"http:\/\/www.w3.org\/2000\/svg\" width=\"18\" height=\"14\" ><path fill=\"currentColor\" d=\"M10.73.063c-.178-.149-.444-.018-.444.218v3.062C1.89 4.86.3 11.5.002 13.728c-.018.16.1.272.236.272a.253.253 0 0 0 .181-.084C4.595 9.476 8.806 9.14 9.968 9.14c.209 0 .318.01.318.01v3.375c0 .24.27.369.447.215l7.17-6.228a.287.287 0 0 0-.003-.433L10.73.063Z\"\/><\/svg>\n                <span class=\"sr-only\">Partage<\/span>\n            <\/button>\n            <div class=\"c-Share-social-container\" id=\"pop-32041\">\n                <ul class=\"meta__sub\" >\n                    <li class=\"meta__icon-sub\">\n                        <button type=\"button\" class=\"js-social meta__link-sub\" data-position=\"feed\" data-social=\"tw\" data-url=\"https:\/\/trialinternational.org\/fr\/case-update\/proces-en-appel-dousman-sonko-troisieme-semaine\/\" data-url-params=\"#live-32041\" data-title=\"Proc\u00e8s en appel d&rsquo;Ousman Sonko &#8211; troisi\u00e8me semaine\">\n                        <span class=\"meta__icon-container\"> <span class=\"meta__icon icon__twitter\"><\/span> <\/span> <span class=\"sr-only\">Twitter<\/span>\n                        <\/button>\n                    <\/li>\n                    <li class=\"meta__icon-sub\">\n                        <button type=\"button\" class=\"js-social meta__link-sub\" data-position=\"feed\" data-social=\"fb\" data-url=\"https:\/\/trialinternational.org\/fr\/case-update\/proces-en-appel-dousman-sonko-troisieme-semaine\/\" data-url-params=\"#live-32041\" data-title=\"Proc\u00e8s en appel d&rsquo;Ousman Sonko &#8211; troisi\u00e8me semaine\">\n                            <span class=\"meta__icon-container\"> <span class=\"meta__icon icon__facebook\"><\/span> <\/span>\n                            <span class=\"sr-only\">Facebook<\/span>\n                        <\/button>\n                    <\/li>\n                    <li class=\"meta__icon-sub\">\n                        <button type=\"button\" class=\"js-social meta__link-sub\" data-position=\"feed\" data-social=\"copy\" data-url-params=\"#live-32041\" data-title=\"Proc\u00e8s en appel d&rsquo;Ousman Sonko &#8211; troisi\u00e8me semaine\">\n                            <span class=\"meta__icon-container\"> <span class=\"meta__icon icon__link\"><\/span> <\/span>\n                            <span class=\"meta__label-sub\"> <span class=\"js-label-copy\">Copier le lien<\/span> <span class=\"js-label-copied\"><\/span> <\/span>\n                        <\/button>\n                    <\/li>\n                <\/ul>\n            <\/div>\n        <\/div>\n        \n                <\/div>\n                <div class=\"update-titre orange\">Proc\u00e8s en appel d&rsquo;Ousman Sonko &#8211; troisi\u00e8me semaine <\/div>\n                <div class=\"update-content\">\n<p>Lisez notre r\u00e9capitulatif de la troisi\u00e8me et derni\u00e8re semaine du proc\u00e8s en appel d&rsquo;Ousman Sonko, qui s&rsquo;est tenue du 14 au 16 avril 2026 en Suisse, \u00ab\u00a0Le proc\u00e8s en appel prend fin\u00a0\u00bb <a href=\"https:\/\/trialinternational.org\/fr\/latest-post\/proces-en-appel-dousman-sonko-semaine-3\/\" target=\"_blank\" rel=\"noreferrer noopener\">ici<\/a>.<\/p>\n<\/div>\n\n            <\/div>\n                     <div class=\"c-block-item\" id=\"live-31998\">\n                <div class=\"update-date\">\n\n                13 avril 2026 12:20\n                \n        <div class=\"c-Share\">\n            <button class=\"c-Share-social meta__link orange\" data-toggle=\"collapse\" data-target=\"#pop-31998\">\n                <svg xmlns=\"http:\/\/www.w3.org\/2000\/svg\" width=\"18\" height=\"14\" ><path fill=\"currentColor\" d=\"M10.73.063c-.178-.149-.444-.018-.444.218v3.062C1.89 4.86.3 11.5.002 13.728c-.018.16.1.272.236.272a.253.253 0 0 0 .181-.084C4.595 9.476 8.806 9.14 9.968 9.14c.209 0 .318.01.318.01v3.375c0 .24.27.369.447.215l7.17-6.228a.287.287 0 0 0-.003-.433L10.73.063Z\"\/><\/svg>\n                <span class=\"sr-only\">Partage<\/span>\n            <\/button>\n            <div class=\"c-Share-social-container\" id=\"pop-31998\">\n                <ul class=\"meta__sub\" >\n                    <li class=\"meta__icon-sub\">\n                        <button type=\"button\" class=\"js-social meta__link-sub\" data-position=\"feed\" data-social=\"tw\" data-url=\"https:\/\/trialinternational.org\/fr\/case-update\/proces-en-appel-dousman-sonko-deuxieme-semaine\/\" data-url-params=\"#live-31998\" data-title=\"Proc\u00e8s en appel d\u2019Ousman Sonko \u2013 deuxi\u00e8me semaine\">\n                        <span class=\"meta__icon-container\"> <span class=\"meta__icon icon__twitter\"><\/span> <\/span> <span class=\"sr-only\">Twitter<\/span>\n                        <\/button>\n                    <\/li>\n                    <li class=\"meta__icon-sub\">\n                        <button type=\"button\" class=\"js-social meta__link-sub\" data-position=\"feed\" data-social=\"fb\" data-url=\"https:\/\/trialinternational.org\/fr\/case-update\/proces-en-appel-dousman-sonko-deuxieme-semaine\/\" data-url-params=\"#live-31998\" data-title=\"Proc\u00e8s en appel d\u2019Ousman Sonko \u2013 deuxi\u00e8me semaine\">\n                            <span class=\"meta__icon-container\"> <span class=\"meta__icon icon__facebook\"><\/span> <\/span>\n                            <span class=\"sr-only\">Facebook<\/span>\n                        <\/button>\n                    <\/li>\n                    <li class=\"meta__icon-sub\">\n                        <button type=\"button\" class=\"js-social meta__link-sub\" data-position=\"feed\" data-social=\"copy\" data-url-params=\"#live-31998\" data-title=\"Proc\u00e8s en appel d\u2019Ousman Sonko \u2013 deuxi\u00e8me semaine\">\n                            <span class=\"meta__icon-container\"> <span class=\"meta__icon icon__link\"><\/span> <\/span>\n                            <span class=\"meta__label-sub\"> <span class=\"js-label-copy\">Copier le lien<\/span> <span class=\"js-label-copied\"><\/span> <\/span>\n                        <\/button>\n                    <\/li>\n                <\/ul>\n            <\/div>\n        <\/div>\n        \n                <\/div>\n                <div class=\"update-titre orange\">Proc\u00e8s en appel d\u2019Ousman Sonko \u2013 deuxi\u00e8me semaine <\/div>\n                <div class=\"update-content\">\n<p>Lisez notre compte rendu de la deuxi\u00e8me semaine du proc\u00e8s en appel de Ousman Sonko, du 7 au 9 avril 2026 en Suisse. \u00ab L\u2019audition d\u2019Ousman Sonko \u00bb <a href=\"https:\/\/trialinternational.org\/fr\/latest-post\/proces-en-appel-dousman-sonko-semaine-2\/\" type=\"link\" id=\"https:\/\/trialinternational.org\/fr\/latest-post\/proces-en-appel-dousman-sonko-semaine-2\/\">ici<\/a>.<\/p>\n<\/div>\n\n            <\/div>\n                     <div class=\"c-block-item\" id=\"live-31966\">\n                <div class=\"update-date\">\n\n                7 avril 2026 11:29\n                \n        <div class=\"c-Share\">\n            <button class=\"c-Share-social meta__link orange\" data-toggle=\"collapse\" data-target=\"#pop-31966\">\n                <svg xmlns=\"http:\/\/www.w3.org\/2000\/svg\" width=\"18\" height=\"14\" ><path fill=\"currentColor\" d=\"M10.73.063c-.178-.149-.444-.018-.444.218v3.062C1.89 4.86.3 11.5.002 13.728c-.018.16.1.272.236.272a.253.253 0 0 0 .181-.084C4.595 9.476 8.806 9.14 9.968 9.14c.209 0 .318.01.318.01v3.375c0 .24.27.369.447.215l7.17-6.228a.287.287 0 0 0-.003-.433L10.73.063Z\"\/><\/svg>\n                <span class=\"sr-only\">Partage<\/span>\n            <\/button>\n            <div class=\"c-Share-social-container\" id=\"pop-31966\">\n                <ul class=\"meta__sub\" >\n                    <li class=\"meta__icon-sub\">\n                        <button type=\"button\" class=\"js-social meta__link-sub\" data-position=\"feed\" data-social=\"tw\" data-url=\"https:\/\/trialinternational.org\/fr\/case-update\/proces-en-appel-dousman-sonko-premiere-semaine\/\" data-url-params=\"#live-31966\" data-title=\"Proc\u00e8s en appel d&rsquo;Ousman Sonko &#8211; premi\u00e8re semaine\">\n                        <span class=\"meta__icon-container\"> <span class=\"meta__icon icon__twitter\"><\/span> <\/span> <span class=\"sr-only\">Twitter<\/span>\n                        <\/button>\n                    <\/li>\n                    <li class=\"meta__icon-sub\">\n                        <button type=\"button\" class=\"js-social meta__link-sub\" data-position=\"feed\" data-social=\"fb\" data-url=\"https:\/\/trialinternational.org\/fr\/case-update\/proces-en-appel-dousman-sonko-premiere-semaine\/\" data-url-params=\"#live-31966\" data-title=\"Proc\u00e8s en appel d&rsquo;Ousman Sonko &#8211; premi\u00e8re semaine\">\n                            <span class=\"meta__icon-container\"> <span class=\"meta__icon icon__facebook\"><\/span> <\/span>\n                            <span class=\"sr-only\">Facebook<\/span>\n                        <\/button>\n                    <\/li>\n                    <li class=\"meta__icon-sub\">\n                        <button type=\"button\" class=\"js-social meta__link-sub\" data-position=\"feed\" data-social=\"copy\" data-url-params=\"#live-31966\" data-title=\"Proc\u00e8s en appel d&rsquo;Ousman Sonko &#8211; premi\u00e8re semaine\">\n                            <span class=\"meta__icon-container\"> <span class=\"meta__icon icon__link\"><\/span> <\/span>\n                            <span class=\"meta__label-sub\"> <span class=\"js-label-copy\">Copier le lien<\/span> <span class=\"js-label-copied\"><\/span> <\/span>\n                        <\/button>\n                    <\/li>\n                <\/ul>\n            <\/div>\n        <\/div>\n        \n                <\/div>\n                <div class=\"update-titre orange\">Proc\u00e8s en appel d&rsquo;Ousman Sonko &#8211; premi\u00e8re semaine <\/div>\n                <div class=\"update-content\">\n<p>Lisez notre r\u00e9sum\u00e9 de la premi\u00e8re semaine du proc\u00e8s en appel d&rsquo;Ousman Sonko, qui a eu lieu du 30 mars au 2 avril 2026 en Suisse, <a href=\"https:\/\/trialinternational.org\/fr\/latest-post\/proces-en-appel-dousman-sonko-premiere-semaine\/\" target=\"_blank\" rel=\"noreferrer noopener\">ici<\/a>.<\/p>\n<\/div>\n\n            <\/div>\n                     <div class=\"c-block-item\" id=\"live-31938\">\n                <div class=\"update-date\">\n\n                30 mars 2026 09:11\n                \n        <div class=\"c-Share\">\n            <button class=\"c-Share-social meta__link orange\" data-toggle=\"collapse\" data-target=\"#pop-31938\">\n                <svg xmlns=\"http:\/\/www.w3.org\/2000\/svg\" width=\"18\" height=\"14\" ><path fill=\"currentColor\" d=\"M10.73.063c-.178-.149-.444-.018-.444.218v3.062C1.89 4.86.3 11.5.002 13.728c-.018.16.1.272.236.272a.253.253 0 0 0 .181-.084C4.595 9.476 8.806 9.14 9.968 9.14c.209 0 .318.01.318.01v3.375c0 .24.27.369.447.215l7.17-6.228a.287.287 0 0 0-.003-.433L10.73.063Z\"\/><\/svg>\n                <span class=\"sr-only\">Partage<\/span>\n            <\/button>\n            <div class=\"c-Share-social-container\" id=\"pop-31938\">\n                <ul class=\"meta__sub\" >\n                    <li class=\"meta__icon-sub\">\n                        <button type=\"button\" class=\"js-social meta__link-sub\" data-position=\"feed\" data-social=\"tw\" data-url=\"https:\/\/trialinternational.org\/fr\/case-update\/le-proces-en-appel-de-lancien-ministre-de-linterieur-gambien-ousman-sonko-pour-crimes-contre-lhumanite-ouvre-en-suisse\/\" data-url-params=\"#live-31938\" data-title=\"Le proc\u00e8s en appel de l\u2019ancien ministre de l\u2019Int\u00e9rieur gambien Ousman Sonko pour crimes contre l\u2019humanit\u00e9 ouvre en Suisse\">\n                        <span class=\"meta__icon-container\"> <span class=\"meta__icon icon__twitter\"><\/span> <\/span> <span class=\"sr-only\">Twitter<\/span>\n                        <\/button>\n                    <\/li>\n                    <li class=\"meta__icon-sub\">\n                        <button type=\"button\" class=\"js-social meta__link-sub\" data-position=\"feed\" data-social=\"fb\" data-url=\"https:\/\/trialinternational.org\/fr\/case-update\/le-proces-en-appel-de-lancien-ministre-de-linterieur-gambien-ousman-sonko-pour-crimes-contre-lhumanite-ouvre-en-suisse\/\" data-url-params=\"#live-31938\" data-title=\"Le proc\u00e8s en appel de l\u2019ancien ministre de l\u2019Int\u00e9rieur gambien Ousman Sonko pour crimes contre l\u2019humanit\u00e9 ouvre en Suisse\">\n                            <span class=\"meta__icon-container\"> <span class=\"meta__icon icon__facebook\"><\/span> <\/span>\n                            <span class=\"sr-only\">Facebook<\/span>\n                        <\/button>\n                    <\/li>\n                    <li class=\"meta__icon-sub\">\n                        <button type=\"button\" class=\"js-social meta__link-sub\" data-position=\"feed\" data-social=\"copy\" data-url-params=\"#live-31938\" data-title=\"Le proc\u00e8s en appel de l\u2019ancien ministre de l\u2019Int\u00e9rieur gambien Ousman Sonko pour crimes contre l\u2019humanit\u00e9 ouvre en Suisse\">\n                            <span class=\"meta__icon-container\"> <span class=\"meta__icon icon__link\"><\/span> <\/span>\n                            <span class=\"meta__label-sub\"> <span class=\"js-label-copy\">Copier le lien<\/span> <span class=\"js-label-copied\"><\/span> <\/span>\n                        <\/button>\n                    <\/li>\n                <\/ul>\n            <\/div>\n        <\/div>\n        \n                <\/div>\n                <div class=\"update-titre orange\">Le proc\u00e8s en appel de l\u2019ancien ministre de l\u2019Int\u00e9rieur gambien Ousman Sonko pour crimes contre l\u2019humanit\u00e9 ouvre en Suisse <\/div>\n                <div class=\"update-content\">\n<p><strong>Pr\u00e8s de dix ans apr\u00e8s son arrestation et quasiment deux ans apr\u00e8s une condamnation historique, son proc\u00e8s en appel s\u2019ouvre aujourd\u2019hui \u00e0 Bellinzone, offrant une nouvelle opportunit\u00e9 aux victimes des crimes commis sous l\u2019\u00e8re Jammeh de demander justice.<\/strong> <a href=\"https:\/\/trialinternational.org\/fr\/latest-post\/le-proces-en-appel-de-lancien-ministre-de-linterieur-gambien-ousman-sonko-pour-crimes-contre-lhumanite-ouvre-en-suisse\/\" type=\"link\" id=\"https:\/\/trialinternational.org\/fr\/latest-post\/le-proces-en-appel-de-lancien-ministre-de-linterieur-gambien-ousman-sonko-pour-crimes-contre-lhumanite-ouvre-en-suisse\/\">Consulter le communiqu\u00e9 de presse<\/a>.<\/p>\n<\/div>\n\n            <\/div>\n                     <div class=\"c-block-item\" id=\"live-31920\">\n                <div class=\"update-date\">\n\n                27 mars 2026 15:33\n                \n        <div class=\"c-Share\">\n            <button class=\"c-Share-social meta__link orange\" data-toggle=\"collapse\" data-target=\"#pop-31920\">\n                <svg xmlns=\"http:\/\/www.w3.org\/2000\/svg\" width=\"18\" height=\"14\" ><path fill=\"currentColor\" d=\"M10.73.063c-.178-.149-.444-.018-.444.218v3.062C1.89 4.86.3 11.5.002 13.728c-.018.16.1.272.236.272a.253.253 0 0 0 .181-.084C4.595 9.476 8.806 9.14 9.968 9.14c.209 0 .318.01.318.01v3.375c0 .24.27.369.447.215l7.17-6.228a.287.287 0 0 0-.003-.433L10.73.063Z\"\/><\/svg>\n                <span class=\"sr-only\">Partage<\/span>\n            <\/button>\n            <div class=\"c-Share-social-container\" id=\"pop-31920\">\n                <ul class=\"meta__sub\" >\n                    <li class=\"meta__icon-sub\">\n                        <button type=\"button\" class=\"js-social meta__link-sub\" data-position=\"feed\" data-social=\"tw\" data-url=\"https:\/\/trialinternational.org\/fr\/case-update\/questions-frequentes-proces-en-appel-dousman-sonko\/\" data-url-params=\"#live-31920\" data-title=\"Questions fr\u00e9quentes : proc\u00e8s en appel d\u2019Ousman Sonko\">\n                        <span class=\"meta__icon-container\"> <span class=\"meta__icon icon__twitter\"><\/span> <\/span> <span class=\"sr-only\">Twitter<\/span>\n                        <\/button>\n                    <\/li>\n                    <li class=\"meta__icon-sub\">\n                        <button type=\"button\" class=\"js-social meta__link-sub\" data-position=\"feed\" data-social=\"fb\" data-url=\"https:\/\/trialinternational.org\/fr\/case-update\/questions-frequentes-proces-en-appel-dousman-sonko\/\" data-url-params=\"#live-31920\" data-title=\"Questions fr\u00e9quentes : proc\u00e8s en appel d\u2019Ousman Sonko\">\n                            <span class=\"meta__icon-container\"> <span class=\"meta__icon icon__facebook\"><\/span> <\/span>\n                            <span class=\"sr-only\">Facebook<\/span>\n                        <\/button>\n                    <\/li>\n                    <li class=\"meta__icon-sub\">\n                        <button type=\"button\" class=\"js-social meta__link-sub\" data-position=\"feed\" data-social=\"copy\" data-url-params=\"#live-31920\" data-title=\"Questions fr\u00e9quentes : proc\u00e8s en appel d\u2019Ousman Sonko\">\n                            <span class=\"meta__icon-container\"> <span class=\"meta__icon icon__link\"><\/span> <\/span>\n                            <span class=\"meta__label-sub\"> <span class=\"js-label-copy\">Copier le lien<\/span> <span class=\"js-label-copied\"><\/span> <\/span>\n                        <\/button>\n                    <\/li>\n                <\/ul>\n            <\/div>\n        <\/div>\n        \n                <\/div>\n                <div class=\"update-titre orange\">Questions fr\u00e9quentes : proc\u00e8s en appel d\u2019Ousman Sonko <\/div>\n                <div class=\"update-content\">\n<p>Nous avons pr\u00e9par\u00e9 une liste de questions fr\u00e9quentes sur le proc\u00e8s en appel d&rsquo;Ousman Sonko, qui s&rsquo;ouvrira en Suisse le 30 mars 2026 et devrait durer 2 semaines.<\/p>\n\n\n<div style=\"gap: 20px;\" class=\"align-button-center ub-buttons orientation-button-row ub-flex-wrap wp-block-ub-button\" id=\"ub-button-630c40aa-ce28-4d3f-9477-62d8f55d8d72\"><div class=\"ub-button-container\">\n\t\t\t<a href=\"https:\/\/trialinternational.org\/fr\/latest-post\/qr-appel-dousman-sonko\/\" target=\"_blank\" rel=\"noopener noreferrer\" class=\"ub-button-block-main   ub-button-flex\" role=\"button\" style=\"--ub-button-background-color: #313131; --ub-button-color: #ffffff; --ub-button-border: none; --ub-button-hover-background-color: #313131; --ub-button-hover-color: #ffffff; --ub-button-hover-border: none; padding-top: 10px; padding-right: 10px; padding-bottom: 10px; padding-left: 10px; border-radius: 10px; \">\n\t\t\t\t<div class=\"ub-button-content-holder\" style=\"flex-direction: row\">\n\t\t\t\t\t<span class=\"ub-button-block-btn\">Voir les questions fr\u00e9quentes<\/span>\n\t\t\t\t<\/div>\n\t\t\t<\/a>\n\t\t<\/div><\/div><\/div>\n\n            <\/div>\n                     <div class=\"c-block-item\" id=\"live-31536\">\n                <div class=\"update-date\">\n\n                6 janvier 2026 15:28\n                \n        <div class=\"c-Share\">\n            <button class=\"c-Share-social meta__link orange\" data-toggle=\"collapse\" data-target=\"#pop-31536\">\n                <svg xmlns=\"http:\/\/www.w3.org\/2000\/svg\" width=\"18\" height=\"14\" ><path fill=\"currentColor\" d=\"M10.73.063c-.178-.149-.444-.018-.444.218v3.062C1.89 4.86.3 11.5.002 13.728c-.018.16.1.272.236.272a.253.253 0 0 0 .181-.084C4.595 9.476 8.806 9.14 9.968 9.14c.209 0 .318.01.318.01v3.375c0 .24.27.369.447.215l7.17-6.228a.287.287 0 0 0-.003-.433L10.73.063Z\"\/><\/svg>\n                <span class=\"sr-only\">Partage<\/span>\n            <\/button>\n            <div class=\"c-Share-social-container\" id=\"pop-31536\">\n                <ul class=\"meta__sub\" >\n                    <li class=\"meta__icon-sub\">\n                        <button type=\"button\" class=\"js-social meta__link-sub\" data-position=\"feed\" data-social=\"tw\" data-url=\"https:\/\/trialinternational.org\/fr\/case-update\/avis-aux-medias-proces-en-appel-dousman-sonko\/\" data-url-params=\"#live-31536\" data-title=\"Avis aux m\u00e9dias \u2013 proc\u00e8s en appel d\u2019Ousman Sonko\">\n                        <span class=\"meta__icon-container\"> <span class=\"meta__icon icon__twitter\"><\/span> <\/span> <span class=\"sr-only\">Twitter<\/span>\n                        <\/button>\n                    <\/li>\n                    <li class=\"meta__icon-sub\">\n                        <button type=\"button\" class=\"js-social meta__link-sub\" data-position=\"feed\" data-social=\"fb\" data-url=\"https:\/\/trialinternational.org\/fr\/case-update\/avis-aux-medias-proces-en-appel-dousman-sonko\/\" data-url-params=\"#live-31536\" data-title=\"Avis aux m\u00e9dias \u2013 proc\u00e8s en appel d\u2019Ousman Sonko\">\n                            <span class=\"meta__icon-container\"> <span class=\"meta__icon icon__facebook\"><\/span> <\/span>\n                            <span class=\"sr-only\">Facebook<\/span>\n                        <\/button>\n                    <\/li>\n                    <li class=\"meta__icon-sub\">\n                        <button type=\"button\" class=\"js-social meta__link-sub\" data-position=\"feed\" data-social=\"copy\" data-url-params=\"#live-31536\" data-title=\"Avis aux m\u00e9dias \u2013 proc\u00e8s en appel d\u2019Ousman Sonko\">\n                            <span class=\"meta__icon-container\"> <span class=\"meta__icon icon__link\"><\/span> <\/span>\n                            <span class=\"meta__label-sub\"> <span class=\"js-label-copy\">Copier le lien<\/span> <span class=\"js-label-copied\"><\/span> <\/span>\n                        <\/button>\n                    <\/li>\n                <\/ul>\n            <\/div>\n        <\/div>\n        \n                <\/div>\n                <div class=\"update-titre orange\">Avis aux m\u00e9dias \u2013 proc\u00e8s en appel d\u2019Ousman Sonko <\/div>\n                <div class=\"update-content\">\n<figure class=\"wp-block-image size-large\"><img loading=\"lazy\" decoding=\"async\" width=\"1024\" height=\"415\" src=\"https:\/\/trialinternational.org\/wp-content\/uploads\/2026\/01\/Sonko-appeal_Brevo_FR-1024x415.png\" alt=\"Le proc\u00e8s en appel de l'ancien ministre de l'int\u00e9rieur gambien pour crimes contre l'humanit\u00e9 s'ouvrira le 30 mars 2026\" class=\"wp-image-31523\" srcset=\"https:\/\/trialinternational.org\/wp-content\/uploads\/2026\/01\/Sonko-appeal_Brevo_FR-1024x415.png 1024w, https:\/\/trialinternational.org\/wp-content\/uploads\/2026\/01\/Sonko-appeal_Brevo_FR-300x122.png 300w, https:\/\/trialinternational.org\/wp-content\/uploads\/2026\/01\/Sonko-appeal_Brevo_FR-768x311.png 768w, https:\/\/trialinternational.org\/wp-content\/uploads\/2026\/01\/Sonko-appeal_Brevo_FR-1536x623.png 1536w, https:\/\/trialinternational.org\/wp-content\/uploads\/2026\/01\/Sonko-appeal_Brevo_FR.png 1800w\" sizes=\"auto, (max-width: 1024px) 100vw, 1024px\" \/><\/figure>\n\n\n\n<p>Le <strong>proc\u00e8s d\u2019<a href=\"https:\/\/trialinternational.org\/fr\/case\/ousman-sonko\/\">Ousman Sonko<\/a>, ancien ministre de l\u2019int\u00e9rieur gambien<\/strong>, s\u2019ouvrira le 30&nbsp;mars 2026 devant la Cour d\u2019appel du Tribunal p\u00e9nal f\u00e9d\u00e9ral suisse (TPF).<\/p>\n\n\n<div style=\"gap: 20px;\" class=\"align-button-center ub-buttons orientation-button-row ub-flex-wrap wp-block-ub-button\" id=\"ub-button-cc4cf5a1-851c-4935-baa5-0cd439afe0ca\"><div class=\"ub-button-container\">\n\t\t\t<a href=\"https:\/\/trialinternational.org\/fr\/latest-post\/avis-aux-medias-proces-en-appel-ousman-sonko-gambie\/\" target=\"_blank\" rel=\"noopener noreferrer\" class=\"ub-button-block-main   ub-button-flex\" role=\"button\" style=\"--ub-button-background-color: #313131; --ub-button-color: #ffffff; --ub-button-border: none; --ub-button-hover-background-color: #313131; --ub-button-hover-color: #ffffff; --ub-button-hover-border: none; padding-top: 10px; padding-right: 10px; padding-bottom: 10px; padding-left: 10px; border-top-left-radius: 10px;; border-top-right-radius: 10px;; border-bottom-left-radius: 10px;; border-bottom-right-radius: 10px;; \">\n\t\t\t\t<div class=\"ub-button-content-holder\" style=\"flex-direction: row\">\n\t\t\t\t\t<span class=\"ub-button-block-btn\">&gt; Lire notre avis aux m\u00e9dias<\/span>\n\t\t\t\t<\/div>\n\t\t\t<\/a>\n\t\t<\/div><\/div>\n\n\n<p><\/p>\n<\/div>\n\n            <\/div>\n                     <div class=\"c-block-item\" id=\"live-31050\">\n                <div class=\"update-date\">\n\n                28 juillet 2025 16:30\n                \n        <div class=\"c-Share\">\n            <button class=\"c-Share-social meta__link orange\" data-toggle=\"collapse\" data-target=\"#pop-31050\">\n                <svg xmlns=\"http:\/\/www.w3.org\/2000\/svg\" width=\"18\" height=\"14\" ><path fill=\"currentColor\" d=\"M10.73.063c-.178-.149-.444-.018-.444.218v3.062C1.89 4.86.3 11.5.002 13.728c-.018.16.1.272.236.272a.253.253 0 0 0 .181-.084C4.595 9.476 8.806 9.14 9.968 9.14c.209 0 .318.01.318.01v3.375c0 .24.27.369.447.215l7.17-6.228a.287.287 0 0 0-.003-.433L10.73.063Z\"\/><\/svg>\n                <span class=\"sr-only\">Partage<\/span>\n            <\/button>\n            <div class=\"c-Share-social-container\" id=\"pop-31050\">\n                <ul class=\"meta__sub\" >\n                    <li class=\"meta__icon-sub\">\n                        <button type=\"button\" class=\"js-social meta__link-sub\" data-position=\"feed\" data-social=\"tw\" data-url=\"https:\/\/trialinternational.org\/fr\/case-update\/le-recours-a-la-competence-universelle-en-suisse-avancees-et-revers-dans-le-jugement-de-crimes-contre-lhumanite\/\" data-url-params=\"#live-31050\" data-title=\"Le recours \u00e0 la comp\u00e9tence universelle en Suisse : Avanc\u00e9es et revers dans le jugement de crimes contre l&rsquo;humanit\u00e9\">\n                        <span class=\"meta__icon-container\"> <span class=\"meta__icon icon__twitter\"><\/span> <\/span> <span class=\"sr-only\">Twitter<\/span>\n                        <\/button>\n                    <\/li>\n                    <li class=\"meta__icon-sub\">\n                        <button type=\"button\" class=\"js-social meta__link-sub\" data-position=\"feed\" data-social=\"fb\" data-url=\"https:\/\/trialinternational.org\/fr\/case-update\/le-recours-a-la-competence-universelle-en-suisse-avancees-et-revers-dans-le-jugement-de-crimes-contre-lhumanite\/\" data-url-params=\"#live-31050\" data-title=\"Le recours \u00e0 la comp\u00e9tence universelle en Suisse : Avanc\u00e9es et revers dans le jugement de crimes contre l&rsquo;humanit\u00e9\">\n                            <span class=\"meta__icon-container\"> <span class=\"meta__icon icon__facebook\"><\/span> <\/span>\n                            <span class=\"sr-only\">Facebook<\/span>\n                        <\/button>\n                    <\/li>\n                    <li class=\"meta__icon-sub\">\n                        <button type=\"button\" class=\"js-social meta__link-sub\" data-position=\"feed\" data-social=\"copy\" data-url-params=\"#live-31050\" data-title=\"Le recours \u00e0 la comp\u00e9tence universelle en Suisse : Avanc\u00e9es et revers dans le jugement de crimes contre l&rsquo;humanit\u00e9\">\n                            <span class=\"meta__icon-container\"> <span class=\"meta__icon icon__link\"><\/span> <\/span>\n                            <span class=\"meta__label-sub\"> <span class=\"js-label-copy\">Copier le lien<\/span> <span class=\"js-label-copied\"><\/span> <\/span>\n                        <\/button>\n                    <\/li>\n                <\/ul>\n            <\/div>\n        <\/div>\n        \n                <\/div>\n                <div class=\"update-titre orange\">Le recours \u00e0 la comp\u00e9tence universelle en Suisse : Avanc\u00e9es et revers dans le jugement de crimes contre l&rsquo;humanit\u00e9 <\/div>\n                <div class=\"update-content\">\n<p>Un article r\u00e9dig\u00e9 par notre conseiller juridique, Benoit Meystre, offrant une analyse approfondie de la condamnation historique d&rsquo;Ousman Sonko en Suisse pour <a href=\"https:\/\/trialinternational.org\/fr\/topics-post\/genocide\/\" target=\"_blank\" rel=\"noreferrer noopener\">crimes contre l&rsquo;humanit\u00e9<\/a>, a \u00e9t\u00e9 publi\u00e9 sur <a href=\"https:\/\/opiniojuris.org\/2025\/07\/28\/the-use-of-universal-jurisdiction-in-switzerland-progresses-and-pushbacks-in-judging-crimes-against-humanity\/\" target=\"_blank\" rel=\"noreferrer noopener\">Opinio Juris<\/a>. Il analyse le jugement \u00e9crit, affirmant qu&rsquo;il repr\u00e9sente une \u00e9tape importante pour la justice internationale et la lutte contre l&rsquo;impunit\u00e9. L&rsquo;article souligne \u00e0 la fois les d\u00e9veloppements positifs et les aspets plus inqui\u00e9tants du raisonnement du tribunal, qui peuvent avoir des implications plus larges pour les affaires \u00e0 venir. Cette analyse est particuli\u00e8rement pertinente pour les Gambien.ne.s et les organisations de la soci\u00e9t\u00e9 civile, qui ont \u00e9t\u00e9 en premi\u00e8re ligne de la lutte pour la justice, ainsi que pour les juristes et les universitaires qui s&rsquo;int\u00e9ressent \u00e0 l&rsquo;\u00e9volution de l&rsquo;utilisation de la <a href=\"https:\/\/trialinternational.org\/fr\/topics-post\/competence-universelle\/\" target=\"_blank\" rel=\"noreferrer noopener\">comp\u00e9tence universelle<\/a>.<\/p>\n\n\n<div style=\"gap: 20px;\" class=\"align-button-center ub-buttons orientation-button-row ub-flex-wrap wp-block-ub-button\" id=\"ub-button-24f31eb0-1062-4389-9ffd-53f8b7d166d9\"><div class=\"ub-button-container\">\n\t\t\t<a href=\"https:\/\/opiniojuris.org\/2025\/07\/28\/the-use-of-universal-jurisdiction-in-switzerland-progresses-and-pushbacks-in-judging-crimes-against-humanity\/\" target=\"_blank\" rel=\"noopener noreferrer\" class=\"ub-button-block-main   ub-button-flex\" role=\"button\" style=\"--ub-button-background-color: #313131; --ub-button-color: #ffffff; --ub-button-border: none; --ub-button-hover-background-color: #313131; --ub-button-hover-color: #ffffff; --ub-button-hover-border: none; padding-top: 10px; padding-right: 10px; padding-bottom: 10px; padding-left: 10px; border-radius: 10px; \">\n\t\t\t\t<div class=\"ub-button-content-holder\" style=\"flex-direction: row\">\n\t\t\t\t\t<span class=\"ub-button-block-btn\">&gt;&gt; Lire l&rsquo;article complet ici (en anglais)<\/span>\n\t\t\t\t<\/div>\n\t\t\t<\/a>\n\t\t<\/div><\/div>\n\n\n<p><\/p>\n<\/div>\n\n            <\/div>\n                     <div class=\"c-block-item\" id=\"live-30572\">\n                <div class=\"update-date\">\n\n                12 juin 2025 13:52\n                \n        <div class=\"c-Share\">\n            <button class=\"c-Share-social meta__link orange\" data-toggle=\"collapse\" data-target=\"#pop-30572\">\n                <svg xmlns=\"http:\/\/www.w3.org\/2000\/svg\" width=\"18\" height=\"14\" ><path fill=\"currentColor\" d=\"M10.73.063c-.178-.149-.444-.018-.444.218v3.062C1.89 4.86.3 11.5.002 13.728c-.018.16.1.272.236.272a.253.253 0 0 0 .181-.084C4.595 9.476 8.806 9.14 9.968 9.14c.209 0 .318.01.318.01v3.375c0 .24.27.369.447.215l7.17-6.228a.287.287 0 0 0-.003-.433L10.73.063Z\"\/><\/svg>\n                <span class=\"sr-only\">Partage<\/span>\n            <\/button>\n            <div class=\"c-Share-social-container\" id=\"pop-30572\">\n                <ul class=\"meta__sub\" >\n                    <li class=\"meta__icon-sub\">\n                        <button type=\"button\" class=\"js-social meta__link-sub\" data-position=\"feed\" data-social=\"tw\" data-url=\"https:\/\/trialinternational.org\/fr\/case-update\/publication-du-jugement-ecrit\/\" data-url-params=\"#live-30572\" data-title=\"Publication du jugement \u00e9crit\">\n                        <span class=\"meta__icon-container\"> <span class=\"meta__icon icon__twitter\"><\/span> <\/span> <span class=\"sr-only\">Twitter<\/span>\n                        <\/button>\n                    <\/li>\n                    <li class=\"meta__icon-sub\">\n                        <button type=\"button\" class=\"js-social meta__link-sub\" data-position=\"feed\" data-social=\"fb\" data-url=\"https:\/\/trialinternational.org\/fr\/case-update\/publication-du-jugement-ecrit\/\" data-url-params=\"#live-30572\" data-title=\"Publication du jugement \u00e9crit\">\n                            <span class=\"meta__icon-container\"> <span class=\"meta__icon icon__facebook\"><\/span> <\/span>\n                            <span class=\"sr-only\">Facebook<\/span>\n                        <\/button>\n                    <\/li>\n                    <li class=\"meta__icon-sub\">\n                        <button type=\"button\" class=\"js-social meta__link-sub\" data-position=\"feed\" data-social=\"copy\" data-url-params=\"#live-30572\" data-title=\"Publication du jugement \u00e9crit\">\n                            <span class=\"meta__icon-container\"> <span class=\"meta__icon icon__link\"><\/span> <\/span>\n                            <span class=\"meta__label-sub\"> <span class=\"js-label-copy\">Copier le lien<\/span> <span class=\"js-label-copied\"><\/span> <\/span>\n                        <\/button>\n                    <\/li>\n                <\/ul>\n            <\/div>\n        <\/div>\n        \n                <\/div>\n                <div class=\"update-titre orange\">Publication du jugement \u00e9crit <\/div>\n                <div class=\"update-content\">\n<p>Alors que le <a href=\"https:\/\/trialinternational.org\/fr\/latest-post\/lancien-ministre-de-linterieur-gambien-ousman-sonko-condamne-pour-crimes-contre-lhumanite-lors-dun-proces-historique-en-suisse\/\" target=\"_blank\" rel=\"noreferrer noopener\">verdict oral<\/a> a \u00e9t\u00e9 rendu le 15 mai 2024, le Tribunal p\u00e9nal f\u00e9d\u00e9ral vient de <a href=\"https:\/\/bstger.weblaw.ch\/pdf\/20240515_SK_2023_23.pdf\">publier<\/a> la motivation \u00e9crite de sa d\u00e9cision. En 445 pages, il replace les <a href=\"https:\/\/trialinternational.org\/fr\/topics-post\/genocide\/\" target=\"_blank\" rel=\"noreferrer noopener\">crimes contre l\u2019humanit\u00e9<\/a> reproch\u00e9s \u00e0 Ousman Sonko entre 2000 et 2016 dans un contexte historique, politique et institutionnel d\u2019attaques perp\u00e9tr\u00e9es contre la population gambienne.<\/p>\n\n\n\n<p>Ce jugement est l\u2019aboutissement d\u2019un long combat pour la justice, men\u00e9 par plusieurs survivant\u00b7e\u00b7s des crimes commis par le r\u00e9gime gambien. Il est vou\u00e9 \u00e0 renforcer le processus de justice transitionnelle en cours dans le pays, malgr\u00e9 une r\u00e9daction seulement en allemand.<\/p>\n\n\n\n<p>TRIAL International ne peut que regretter qu\u2019une traduction \u00e0 tout le moins en anglais n\u2019ait pas \u00e9t\u00e9 mise \u00e0 disposition des parties et du public par le Tribunal.<\/p>\n\n\n\n<p>Elle rel\u00e8ve par ailleurs que plusieurs \u00e9l\u00e9ments du jugement soul\u00e8vent des pr\u00e9occupations. C\u2019est en particulier le cas des points suivants\u00a0:<\/p>\n\n\n\n<ul class=\"wp-block-list\">\n<li>Les <a href=\"https:\/\/trialinternational.org\/fr\/latest-post\/laffaire-sonko-comment-un-tribunal-suisse-a-laisse-tomber-les-survivantes-de-violences-sexuelles-en-gambie-et-dans-le-monde-entier\/\" target=\"_blank\" rel=\"noreferrer noopener\">violences sexuelles<\/a> ont fait l\u2019objet d\u2019une d\u00e9cision de classement.<\/li>\n\n\n\n<li>Ni le caract\u00e8re g\u00e9n\u00e9ralis\u00e9 de l\u2019attaque men\u00e9e contre la population gambienne, ni<\/li>\n\n\n\n<li>la circonstance aggravante des crimes commis n&rsquo;ont \u00e9t\u00e9 retenu\u00b7e\u00b7s.<\/li>\n<\/ul>\n\n\n\n<p>Ces questions devraient \u00eatre d\u00e9battues en appel, dont la date n\u2019a pas encore \u00e9t\u00e9 fix\u00e9e. Nous esp\u00e9rons que ce proc\u00e8s fera une place plus grande \u00e0 la publicit\u00e9 pour les parties plaignantes et le public gambien.<\/p>\n\n\n<div style=\"gap: 20px;\" class=\"align-button-center ub-buttons orientation-button-row ub-flex-wrap wp-block-ub-button\" id=\"ub-button-2fd9caee-cf3b-4f2e-928d-0ef2e0e600ac\"><div class=\"ub-button-container\">\n\t\t\t<a href=\"https:\/\/bstger.weblaw.ch\/pdf\/20240515_SK_2023_23.pdf\" target=\"_blank\" rel=\"noopener noreferrer\" class=\"ub-button-block-main   ub-button-flex\" role=\"button\" style=\"--ub-button-background-color: #313131; --ub-button-color: #ffffff; --ub-button-border: none; --ub-button-hover-background-color: #313131; --ub-button-hover-color: #ffffff; --ub-button-hover-border: none; padding-top: 10px; padding-right: 10px; padding-bottom: 10px; padding-left: 10px; border-top-left-radius: 10px;; border-top-right-radius: 10px;; border-bottom-left-radius: 10px;; border-bottom-right-radius: 10px;; \">\n\t\t\t\t<div class=\"ub-button-content-holder\" style=\"flex-direction: row\">\n\t\t\t\t\t<span class=\"ub-button-block-btn\">&gt;&gt; Pour lire le jugement sur le site du TPF (en allemand)<\/span>\n\t\t\t\t<\/div>\n\t\t\t<\/a>\n\t\t<\/div><\/div><\/div>\n\n            <\/div>\n                     <div class=\"c-block-item\" id=\"live-28328\">\n                <div class=\"update-date\">\n\n                24 mai 2024 11:37\n                \n        <div class=\"c-Share\">\n            <button class=\"c-Share-social meta__link orange\" data-toggle=\"collapse\" data-target=\"#pop-28328\">\n                <svg xmlns=\"http:\/\/www.w3.org\/2000\/svg\" width=\"18\" height=\"14\" ><path fill=\"currentColor\" d=\"M10.73.063c-.178-.149-.444-.018-.444.218v3.062C1.89 4.86.3 11.5.002 13.728c-.018.16.1.272.236.272a.253.253 0 0 0 .181-.084C4.595 9.476 8.806 9.14 9.968 9.14c.209 0 .318.01.318.01v3.375c0 .24.27.369.447.215l7.17-6.228a.287.287 0 0 0-.003-.433L10.73.063Z\"\/><\/svg>\n                <span class=\"sr-only\">Partage<\/span>\n            <\/button>\n            <div class=\"c-Share-social-container\" id=\"pop-28328\">\n                <ul class=\"meta__sub\" >\n                    <li class=\"meta__icon-sub\">\n                        <button type=\"button\" class=\"js-social meta__link-sub\" data-position=\"feed\" data-social=\"tw\" data-url=\"https:\/\/trialinternational.org\/fr\/case-update\/affaire-sonko-bien-que-la-condamnation-soit-historique-cest-une-opportunite-manquee-pour-reconnaitre-les-violences-sexuelles-comme-arme-de-repression\/\" data-url-params=\"#live-28328\" data-title=\"Affaire Sonko : bien que la condamnation soit historique, c\u2019est une opportunit\u00e9 manqu\u00e9e pour reconna\u00eetre les violences sexuelles comme arme de r\u00e9pression\">\n                        <span class=\"meta__icon-container\"> <span class=\"meta__icon icon__twitter\"><\/span> <\/span> <span class=\"sr-only\">Twitter<\/span>\n                        <\/button>\n                    <\/li>\n                    <li class=\"meta__icon-sub\">\n                        <button type=\"button\" class=\"js-social meta__link-sub\" data-position=\"feed\" data-social=\"fb\" data-url=\"https:\/\/trialinternational.org\/fr\/case-update\/affaire-sonko-bien-que-la-condamnation-soit-historique-cest-une-opportunite-manquee-pour-reconnaitre-les-violences-sexuelles-comme-arme-de-repression\/\" data-url-params=\"#live-28328\" data-title=\"Affaire Sonko : bien que la condamnation soit historique, c\u2019est une opportunit\u00e9 manqu\u00e9e pour reconna\u00eetre les violences sexuelles comme arme de r\u00e9pression\">\n                            <span class=\"meta__icon-container\"> <span class=\"meta__icon icon__facebook\"><\/span> <\/span>\n                            <span class=\"sr-only\">Facebook<\/span>\n                        <\/button>\n                    <\/li>\n                    <li class=\"meta__icon-sub\">\n                        <button type=\"button\" class=\"js-social meta__link-sub\" data-position=\"feed\" data-social=\"copy\" data-url-params=\"#live-28328\" data-title=\"Affaire Sonko : bien que la condamnation soit historique, c\u2019est une opportunit\u00e9 manqu\u00e9e pour reconna\u00eetre les violences sexuelles comme arme de r\u00e9pression\">\n                            <span class=\"meta__icon-container\"> <span class=\"meta__icon icon__link\"><\/span> <\/span>\n                            <span class=\"meta__label-sub\"> <span class=\"js-label-copy\">Copier le lien<\/span> <span class=\"js-label-copied\"><\/span> <\/span>\n                        <\/button>\n                    <\/li>\n                <\/ul>\n            <\/div>\n        <\/div>\n        \n                <\/div>\n                <div class=\"update-titre orange\">Affaire Sonko : bien que la condamnation soit historique, c\u2019est une opportunit\u00e9 manqu\u00e9e pour reconna\u00eetre les violences sexuelles comme arme de r\u00e9pression <\/div>\n                <div class=\"update-content\">\n<p>La <a href=\"https:\/\/trialinternational.org\/fr\/latest-post\/lancien-ministre-de-linterieur-gambien-ousman-sonko-condamne-pour-crimes-contre-lhumanite-lors-dun-proces-historique-en-suisse\/\">condamnation<\/a> en Suisse de l\u2019ancien ministre de l\u2019Int\u00e9rieur gambien Ousman Sonko pour crimes contre l\u2019humanit\u00e9, le 15 mai 2024, est historique \u00e0 bien des \u00e9gards. Cependant, la d\u00e9cision du Tribunal p\u00e9nal f\u00e9d\u00e9ral suisse (TPF) de rejeter toutes les accusations de violences sexuelles, jette une ombre sur ce verdict phare.<\/p>\n\n\n\n<p>Ousman Sonko a \u00e9t\u00e9 reconnu coupable de trois meurtres, de multiples actes de torture, de privation ill\u00e9gale de libert\u00e9 dans des conditions assimilables \u00e0 la torture \u2013 tous commis entre 2000 et 2016 pendant la dictature de Yahya Jammeh. (<a href=\"https:\/\/www.bstger.ch\/fr\/media\/comunicati-stampa\/2024\/2024-05-15\/1404.html\" target=\"_blank\" rel=\"noreferrer noopener\">CP du TPF<\/a>, disponible en allemand, fran\u00e7ais et italien) En revanche, le tribunal suisse n\u2019a pas retenu la responsabilit\u00e9 d\u2019Ousman Sonko pour de multiples viols commis au d\u00e9but des ann\u00e9es 2000 et en 2006. Tout en confirmant qu\u2019ils avaient eu lieu, le tribunal a jug\u00e9 que l\u2019une des deux survivantes des viols ne pouvait pas \u00eatre consid\u00e9r\u00e9e comme faisant partie de la population civile attaqu\u00e9e et qu\u2019il s\u2019agissait d\u2019actes individuels commis en dehors de l\u2019attaque syst\u00e9matique contre la population. Il n\u2019\u00e9tait donc pas comp\u00e9tent pour les poursuivre.<\/p>\n\n\n\n<div class=\"wp-block-buttons is-layout-flex wp-block-buttons-is-layout-flex\">\n<div class=\"wp-block-button\"><a class=\"wp-block-button__link wp-element-button\" href=\"https:\/\/trialinternational.org\/fr\/latest-post\/laffaire-ousman-sonko-bien-que-la-condamnation-soit-historique-cest-une-opportunite-manquee-pour-reconnaitre-les-violences-sexuelles-comme-arme-de-repression\/\" target=\"_blank\" rel=\"noreferrer noopener\">Lire notre article<\/a><\/div>\n<\/div>\n<\/div>\n\n            <\/div>\n                     <div class=\"c-block-item\" id=\"live-28168\">\n                <div class=\"update-date\">\n\n                15 mai 2024 12:26\n                \n        <div class=\"c-Share\">\n            <button class=\"c-Share-social meta__link orange\" data-toggle=\"collapse\" data-target=\"#pop-28168\">\n                <svg xmlns=\"http:\/\/www.w3.org\/2000\/svg\" width=\"18\" height=\"14\" ><path fill=\"currentColor\" d=\"M10.73.063c-.178-.149-.444-.018-.444.218v3.062C1.89 4.86.3 11.5.002 13.728c-.018.16.1.272.236.272a.253.253 0 0 0 .181-.084C4.595 9.476 8.806 9.14 9.968 9.14c.209 0 .318.01.318.01v3.375c0 .24.27.369.447.215l7.17-6.228a.287.287 0 0 0-.003-.433L10.73.063Z\"\/><\/svg>\n                <span class=\"sr-only\">Partage<\/span>\n            <\/button>\n            <div class=\"c-Share-social-container\" id=\"pop-28168\">\n                <ul class=\"meta__sub\" >\n                    <li class=\"meta__icon-sub\">\n                        <button type=\"button\" class=\"js-social meta__link-sub\" data-position=\"feed\" data-social=\"tw\" data-url=\"https:\/\/trialinternational.org\/fr\/case-update\/lancien-ministre-de-linterieur-gambien-ousman-sonko-condamne-a-20-ans-de-prison-pour-crimes-contre-lhumanite-lors-dun-proces-historique-en-suisse\/\" data-url-params=\"#live-28168\" data-title=\"L&rsquo;ancien ministre de l&rsquo;Int\u00e9rieur gambien Ousman Sonko condamn\u00e9 \u00e0 20 ans de prison pour crimes contre l&rsquo;humanit\u00e9 lors d&rsquo;un proc\u00e8s historique en Suisse\">\n                        <span class=\"meta__icon-container\"> <span class=\"meta__icon icon__twitter\"><\/span> <\/span> <span class=\"sr-only\">Twitter<\/span>\n                        <\/button>\n                    <\/li>\n                    <li class=\"meta__icon-sub\">\n                        <button type=\"button\" class=\"js-social meta__link-sub\" data-position=\"feed\" data-social=\"fb\" data-url=\"https:\/\/trialinternational.org\/fr\/case-update\/lancien-ministre-de-linterieur-gambien-ousman-sonko-condamne-a-20-ans-de-prison-pour-crimes-contre-lhumanite-lors-dun-proces-historique-en-suisse\/\" data-url-params=\"#live-28168\" data-title=\"L&rsquo;ancien ministre de l&rsquo;Int\u00e9rieur gambien Ousman Sonko condamn\u00e9 \u00e0 20 ans de prison pour crimes contre l&rsquo;humanit\u00e9 lors d&rsquo;un proc\u00e8s historique en Suisse\">\n                            <span class=\"meta__icon-container\"> <span class=\"meta__icon icon__facebook\"><\/span> <\/span>\n                            <span class=\"sr-only\">Facebook<\/span>\n                        <\/button>\n                    <\/li>\n                    <li class=\"meta__icon-sub\">\n                        <button type=\"button\" class=\"js-social meta__link-sub\" data-position=\"feed\" data-social=\"copy\" data-url-params=\"#live-28168\" data-title=\"L&rsquo;ancien ministre de l&rsquo;Int\u00e9rieur gambien Ousman Sonko condamn\u00e9 \u00e0 20 ans de prison pour crimes contre l&rsquo;humanit\u00e9 lors d&rsquo;un proc\u00e8s historique en Suisse\">\n                            <span class=\"meta__icon-container\"> <span class=\"meta__icon icon__link\"><\/span> <\/span>\n                            <span class=\"meta__label-sub\"> <span class=\"js-label-copy\">Copier le lien<\/span> <span class=\"js-label-copied\"><\/span> <\/span>\n                        <\/button>\n                    <\/li>\n                <\/ul>\n            <\/div>\n        <\/div>\n        \n                <\/div>\n                <div class=\"update-titre orange\">L&rsquo;ancien ministre de l&rsquo;Int\u00e9rieur gambien Ousman Sonko condamn\u00e9 \u00e0 20 ans de prison pour crimes contre l&rsquo;humanit\u00e9 lors d&rsquo;un proc\u00e8s historique en Suisse <\/div>\n                <div class=\"update-content\">\n<figure class=\"wp-block-image size-large\"><img loading=\"lazy\" decoding=\"async\" width=\"1024\" height=\"535\" src=\"https:\/\/trialinternational.org\/wp-content\/uploads\/2024\/05\/sonko_guilty_FR-1024x535.png\" alt=\"Visuel condamnation Sonko\" class=\"wp-image-28130\" srcset=\"https:\/\/trialinternational.org\/wp-content\/uploads\/2024\/05\/sonko_guilty_FR-1024x535.png 1024w, https:\/\/trialinternational.org\/wp-content\/uploads\/2024\/05\/sonko_guilty_FR-300x157.png 300w, https:\/\/trialinternational.org\/wp-content\/uploads\/2024\/05\/sonko_guilty_FR-768x401.png 768w, https:\/\/trialinternational.org\/wp-content\/uploads\/2024\/05\/sonko_guilty_FR-1536x803.png 1536w, https:\/\/trialinternational.org\/wp-content\/uploads\/2024\/05\/sonko_guilty_FR.png 1800w\" sizes=\"auto, (max-width: 1024px) 100vw, 1024px\" \/><\/figure>\n\n\n\n<p>Ousman Sonko, ancien ministre de l&rsquo;Int\u00e9rieur gambien, a \u00e9t\u00e9 condamn\u00e9 aujourd&rsquo;hui par le Tribunal p\u00e9nal f\u00e9d\u00e9ral (TPF) suisse pour crimes contre l&rsquo;humanit\u00e9. Le TPF l&rsquo;a reconnu coupable de multiples crimes commis entre 2000 et 2016, sous le r\u00e9gime de l&rsquo;ancien pr\u00e9sident gambien Yahya Jammeh, et l&rsquo;a condamn\u00e9 \u00e0 20 ans de prison. M. Sonko est le plus haut fonctionnaire jamais condamn\u00e9 en Europe pour des crimes internationaux en vertu du principe de la comp\u00e9tence universelle. Il s&rsquo;agit \u00e9galement du deuxi\u00e8me proc\u00e8s pour crimes contre l&rsquo;humanit\u00e9 dans l&rsquo;histoire judiciaire suisse.<\/p>\n\n\n\n<div class=\"wp-block-buttons is-layout-flex wp-block-buttons-is-layout-flex\">\n<div class=\"wp-block-button\"><a class=\"wp-block-button__link wp-element-button\" href=\"https:\/\/trialinternational.org\/fr\/latest-post\/lancien-ministre-de-linterieur-gambien-ousman-sonko-condamne-pour-crimes-contre-lhumanite-lors-dun-proces-historique-en-suisse\/\" target=\"_blank\" rel=\"noreferrer noopener\">Lire notre communiqu\u00e9 de presse<\/a><\/div>\n<\/div>\n<\/div>\n\n            <\/div>\n                     <div class=\"c-block-item\" id=\"live-28079\">\n                <div class=\"update-date\">\n\n                19 avril 2024 10:50\n                \n        <div class=\"c-Share\">\n            <button class=\"c-Share-social meta__link orange\" data-toggle=\"collapse\" data-target=\"#pop-28079\">\n                <svg xmlns=\"http:\/\/www.w3.org\/2000\/svg\" width=\"18\" height=\"14\" ><path fill=\"currentColor\" d=\"M10.73.063c-.178-.149-.444-.018-.444.218v3.062C1.89 4.86.3 11.5.002 13.728c-.018.16.1.272.236.272a.253.253 0 0 0 .181-.084C4.595 9.476 8.806 9.14 9.968 9.14c.209 0 .318.01.318.01v3.375c0 .24.27.369.447.215l7.17-6.228a.287.287 0 0 0-.003-.433L10.73.063Z\"\/><\/svg>\n                <span class=\"sr-only\">Partage<\/span>\n            <\/button>\n            <div class=\"c-Share-social-container\" id=\"pop-28079\">\n                <ul class=\"meta__sub\" >\n                    <li class=\"meta__icon-sub\">\n                        <button type=\"button\" class=\"js-social meta__link-sub\" data-position=\"feed\" data-social=\"tw\" data-url=\"https:\/\/trialinternational.org\/fr\/case-update\/annonce-du-verdict\/\" data-url-params=\"#live-28079\" data-title=\"Annonce du verdict\">\n                        <span class=\"meta__icon-container\"> <span class=\"meta__icon icon__twitter\"><\/span> <\/span> <span class=\"sr-only\">Twitter<\/span>\n                        <\/button>\n                    <\/li>\n                    <li class=\"meta__icon-sub\">\n                        <button type=\"button\" class=\"js-social meta__link-sub\" data-position=\"feed\" data-social=\"fb\" data-url=\"https:\/\/trialinternational.org\/fr\/case-update\/annonce-du-verdict\/\" data-url-params=\"#live-28079\" data-title=\"Annonce du verdict\">\n                            <span class=\"meta__icon-container\"> <span class=\"meta__icon icon__facebook\"><\/span> <\/span>\n                            <span class=\"sr-only\">Facebook<\/span>\n                        <\/button>\n                    <\/li>\n                    <li class=\"meta__icon-sub\">\n                        <button type=\"button\" class=\"js-social meta__link-sub\" data-position=\"feed\" data-social=\"copy\" data-url-params=\"#live-28079\" data-title=\"Annonce du verdict\">\n                            <span class=\"meta__icon-container\"> <span class=\"meta__icon icon__link\"><\/span> <\/span>\n                            <span class=\"meta__label-sub\"> <span class=\"js-label-copy\">Copier le lien<\/span> <span class=\"js-label-copied\"><\/span> <\/span>\n                        <\/button>\n                    <\/li>\n                <\/ul>\n            <\/div>\n        <\/div>\n        \n                <\/div>\n                <div class=\"update-titre orange\">Annonce du verdict <\/div>\n                <div class=\"update-content\">\n<figure class=\"wp-block-image size-large\"><img loading=\"lazy\" decoding=\"async\" width=\"1024\" height=\"517\" src=\"https:\/\/trialinternational.org\/wp-content\/uploads\/2024\/04\/Aula-penale-TPF-1024x517.jpeg\" alt=\"Entr\u00e9e de la salle d'audience du Tribunal P\u00e9nal F\u00e9d\u00e9ral \u00e0 Bellinzone.\" class=\"wp-image-28081\" srcset=\"https:\/\/trialinternational.org\/wp-content\/uploads\/2024\/04\/Aula-penale-TPF-1024x517.jpeg 1024w, https:\/\/trialinternational.org\/wp-content\/uploads\/2024\/04\/Aula-penale-TPF-300x152.jpeg 300w, https:\/\/trialinternational.org\/wp-content\/uploads\/2024\/04\/Aula-penale-TPF-768x388.jpeg 768w, https:\/\/trialinternational.org\/wp-content\/uploads\/2024\/04\/Aula-penale-TPF.jpeg 1152w\" sizes=\"auto, (max-width: 1024px) 100vw, 1024px\" \/><figcaption class=\"wp-element-caption\">Entr\u00e9e de la salle d&rsquo;audience du Tribunal P\u00e9nal F\u00e9d\u00e9ral \u00e0 Bellinzone. (c) TRIAL International<\/figcaption><\/figure>\n\n\n\n<p>Le Tribunal p\u00e9nal f\u00e9d\u00e9ral suisse vient d&rsquo;annoncer que le verdict dans le proc\u00e8s d&rsquo;Ousman Sonko, ancien ministre de l&rsquo;int\u00e9rieur de la Gambie, sera rendu \u00e0 Bellinzone <strong>le 15 mai 2024 \u00e0 11h00<\/strong>.<\/p>\n\n\n\n<div class=\"wp-block-buttons is-layout-flex wp-block-buttons-is-layout-flex\">\n<div class=\"wp-block-button\"><a class=\"wp-block-button__link wp-element-button\" href=\"https:\/\/www.bstger.ch\/fr\/dibattimenti\/date-dei-dibattimenti.html\">Site du Tribunal p\u00e9nal f\u00e9d\u00e9ral<\/a><\/div>\n<\/div>\n<\/div>\n\n            <\/div>\n                     <div class=\"c-block-item\" id=\"live-28076\">\n                <div class=\"update-date\">\n\n                8 mars 2024 11:20\n                \n        <div class=\"c-Share\">\n            <button class=\"c-Share-social meta__link orange\" data-toggle=\"collapse\" data-target=\"#pop-28076\">\n                <svg xmlns=\"http:\/\/www.w3.org\/2000\/svg\" width=\"18\" height=\"14\" ><path fill=\"currentColor\" d=\"M10.73.063c-.178-.149-.444-.018-.444.218v3.062C1.89 4.86.3 11.5.002 13.728c-.018.16.1.272.236.272a.253.253 0 0 0 .181-.084C4.595 9.476 8.806 9.14 9.968 9.14c.209 0 .318.01.318.01v3.375c0 .24.27.369.447.215l7.17-6.228a.287.287 0 0 0-.003-.433L10.73.063Z\"\/><\/svg>\n                <span class=\"sr-only\">Partage<\/span>\n            <\/button>\n            <div class=\"c-Share-social-container\" id=\"pop-28076\">\n                <ul class=\"meta__sub\" >\n                    <li class=\"meta__icon-sub\">\n                        <button type=\"button\" class=\"js-social meta__link-sub\" data-position=\"feed\" data-social=\"tw\" data-url=\"https:\/\/trialinternational.org\/fr\/case-update\/7-mars-2024-jour-17-ousman-sonko-sadresse-au-tribunal\/\" data-url-params=\"#live-28076\" data-title=\"Jour 17 : Ousman Sonko s&rsquo;adresse au Tribunal\">\n                        <span class=\"meta__icon-container\"> <span class=\"meta__icon icon__twitter\"><\/span> <\/span> <span class=\"sr-only\">Twitter<\/span>\n                        <\/button>\n                    <\/li>\n                    <li class=\"meta__icon-sub\">\n                        <button type=\"button\" class=\"js-social meta__link-sub\" data-position=\"feed\" data-social=\"fb\" data-url=\"https:\/\/trialinternational.org\/fr\/case-update\/7-mars-2024-jour-17-ousman-sonko-sadresse-au-tribunal\/\" data-url-params=\"#live-28076\" data-title=\"Jour 17 : Ousman Sonko s&rsquo;adresse au Tribunal\">\n                            <span class=\"meta__icon-container\"> <span class=\"meta__icon icon__facebook\"><\/span> <\/span>\n                            <span class=\"sr-only\">Facebook<\/span>\n                        <\/button>\n                    <\/li>\n                    <li class=\"meta__icon-sub\">\n                        <button type=\"button\" class=\"js-social meta__link-sub\" data-position=\"feed\" data-social=\"copy\" data-url-params=\"#live-28076\" data-title=\"Jour 17 : Ousman Sonko s&rsquo;adresse au Tribunal\">\n                            <span class=\"meta__icon-container\"> <span class=\"meta__icon icon__link\"><\/span> <\/span>\n                            <span class=\"meta__label-sub\"> <span class=\"js-label-copy\">Copier le lien<\/span> <span class=\"js-label-copied\"><\/span> <\/span>\n                        <\/button>\n                    <\/li>\n                <\/ul>\n            <\/div>\n        <\/div>\n        \n                <\/div>\n                <div class=\"update-titre orange\">Jour 17 : Ousman Sonko s&rsquo;adresse au Tribunal <\/div>\n                <div class=\"update-content\">\n<p>Conform\u00e9ment au code de proc\u00e9dure p\u00e9nale, Ousman Sonko a eu la possibilit\u00e9 de <a href=\"https:\/\/trialinternational.org\/fr\/latest-post\/7-mars-2024-jour-17-ousman-sonko-sadresse-au-tribunal\/\">s&rsquo;adresser au Tribunal<\/a> avant qu&rsquo;il ne commence \u00e0 d\u00e9lib\u00e9rer.<\/p>\n\n\n<div style=\"gap: 20px;\" class=\"align-button-center ub-buttons orientation-button-row ub-flex-wrap wp-block-ub-button\" id=\"ub-button-f14663f1-fb19-46c9-850b-c87538105192\"><div class=\"ub-button-container\">\n\t\t\t<a href=\"https:\/\/trialinternational.org\/fr\/latest-post\/7-mars-2024-jour-17-ousman-sonko-sadresse-au-tribunal\/\" target=\"_blank\" rel=\"noopener noreferrer\" class=\"ub-button-block-main   ub-button-flex\" role=\"button\" style=\"--ub-button-background-color: #313131; --ub-button-color: #ffffff; --ub-button-border: none; --ub-button-hover-background-color: #313131; --ub-button-hover-color: #ffffff; --ub-button-hover-border: none; padding-top: 10px; padding-right: 10px; padding-bottom: 10px; padding-left: 10px; border-top-left-radius: 10px;; border-top-right-radius: 10px;; border-bottom-left-radius: 10px;; border-bottom-right-radius: 10px;; \">\n\t\t\t\t<div class=\"ub-button-content-holder\" style=\"flex-direction: row\">\n\t\t\t\t\t<span class=\"ub-button-block-btn\">&gt; Lire notre r\u00e9capitulatif de son intervention.<\/span>\n\t\t\t\t<\/div>\n\t\t\t<\/a>\n\t\t<\/div><\/div><\/div>\n\n            <\/div>\n                     <div class=\"c-block-item\" id=\"live-28075\">\n                <div class=\"update-date\">\n\n                8 mars 2024 09:10\n                \n        <div class=\"c-Share\">\n            <button class=\"c-Share-social meta__link orange\" data-toggle=\"collapse\" data-target=\"#pop-28075\">\n                <svg xmlns=\"http:\/\/www.w3.org\/2000\/svg\" width=\"18\" height=\"14\" ><path fill=\"currentColor\" d=\"M10.73.063c-.178-.149-.444-.018-.444.218v3.062C1.89 4.86.3 11.5.002 13.728c-.018.16.1.272.236.272a.253.253 0 0 0 .181-.084C4.595 9.476 8.806 9.14 9.968 9.14c.209 0 .318.01.318.01v3.375c0 .24.27.369.447.215l7.17-6.228a.287.287 0 0 0-.003-.433L10.73.063Z\"\/><\/svg>\n                <span class=\"sr-only\">Partage<\/span>\n            <\/button>\n            <div class=\"c-Share-social-container\" id=\"pop-28075\">\n                <ul class=\"meta__sub\" >\n                    <li class=\"meta__icon-sub\">\n                        <button type=\"button\" class=\"js-social meta__link-sub\" data-position=\"feed\" data-social=\"tw\" data-url=\"https:\/\/trialinternational.org\/fr\/case-update\/7-mars-2024-jour-17-reponse-de-la-defense\/\" data-url-params=\"#live-28075\" data-title=\"Jour 17 : Suite des r\u00e9ponses des parties au proc\u00e8s : la d\u00e9fense\">\n                        <span class=\"meta__icon-container\"> <span class=\"meta__icon icon__twitter\"><\/span> <\/span> <span class=\"sr-only\">Twitter<\/span>\n                        <\/button>\n                    <\/li>\n                    <li class=\"meta__icon-sub\">\n                        <button type=\"button\" class=\"js-social meta__link-sub\" data-position=\"feed\" data-social=\"fb\" data-url=\"https:\/\/trialinternational.org\/fr\/case-update\/7-mars-2024-jour-17-reponse-de-la-defense\/\" data-url-params=\"#live-28075\" data-title=\"Jour 17 : Suite des r\u00e9ponses des parties au proc\u00e8s : la d\u00e9fense\">\n                            <span class=\"meta__icon-container\"> <span class=\"meta__icon icon__facebook\"><\/span> <\/span>\n                            <span class=\"sr-only\">Facebook<\/span>\n                        <\/button>\n                    <\/li>\n                    <li class=\"meta__icon-sub\">\n                        <button type=\"button\" class=\"js-social meta__link-sub\" data-position=\"feed\" data-social=\"copy\" data-url-params=\"#live-28075\" data-title=\"Jour 17 : Suite des r\u00e9ponses des parties au proc\u00e8s : la d\u00e9fense\">\n                            <span class=\"meta__icon-container\"> <span class=\"meta__icon icon__link\"><\/span> <\/span>\n                            <span class=\"meta__label-sub\"> <span class=\"js-label-copy\">Copier le lien<\/span> <span class=\"js-label-copied\"><\/span> <\/span>\n                        <\/button>\n                    <\/li>\n                <\/ul>\n            <\/div>\n        <\/div>\n        \n                <\/div>\n                <div class=\"update-titre orange\">Jour 17 : Suite des r\u00e9ponses des parties au proc\u00e8s : la d\u00e9fense <\/div>\n                <div class=\"update-content\">\n<p>Suite \u00e0 la r\u00e9ponse de la Procureure et des parties plaignantes, la d\u00e9fense a pu s&rsquo;exprimer.<\/p>\n\n\n<div style=\"gap: 20px;\" class=\"align-button-center ub-buttons orientation-button-row ub-flex-wrap wp-block-ub-button\" id=\"ub-button-0814ed2f-016d-4479-8ffb-4606308995bd\"><div class=\"ub-button-container\">\n\t\t\t<a href=\"https:\/\/trialinternational.org\/fr\/latest-post\/jour-17-du-proces-dousman-sonko-la-reponse-de-la-defense\/\" target=\"_blank\" rel=\"noopener noreferrer\" class=\"ub-button-block-main   ub-button-flex\" role=\"button\" style=\"--ub-button-background-color: #313131; --ub-button-color: #ffffff; --ub-button-border: none; --ub-button-hover-background-color: #313131; --ub-button-hover-color: #ffffff; --ub-button-hover-border: none; padding-top: 10px; padding-right: 10px; padding-bottom: 10px; padding-left: 10px; border-top-left-radius: 10px;; border-top-right-radius: 10px;; border-bottom-left-radius: 10px;; border-bottom-right-radius: 10px;; \">\n\t\t\t\t<div class=\"ub-button-content-holder\" style=\"flex-direction: row\">\n\t\t\t\t\t<span class=\"ub-button-block-btn\">Lire notre r\u00e9sum\u00e9 de la r\u00e9ponse de la d\u00e9fense.<\/span>\n\t\t\t\t<\/div>\n\t\t\t<\/a>\n\t\t<\/div><\/div>\n\n\n<p><\/p>\n<\/div>\n\n            <\/div>\n                     <div class=\"c-block-item\" id=\"live-28070\">\n                <div class=\"update-date\">\n\n                7 mars 2024 21:18\n                \n        <div class=\"c-Share\">\n            <button class=\"c-Share-social meta__link orange\" data-toggle=\"collapse\" data-target=\"#pop-28070\">\n                <svg xmlns=\"http:\/\/www.w3.org\/2000\/svg\" width=\"18\" height=\"14\" ><path fill=\"currentColor\" d=\"M10.73.063c-.178-.149-.444-.018-.444.218v3.062C1.89 4.86.3 11.5.002 13.728c-.018.16.1.272.236.272a.253.253 0 0 0 .181-.084C4.595 9.476 8.806 9.14 9.968 9.14c.209 0 .318.01.318.01v3.375c0 .24.27.369.447.215l7.17-6.228a.287.287 0 0 0-.003-.433L10.73.063Z\"\/><\/svg>\n                <span class=\"sr-only\">Partage<\/span>\n            <\/button>\n            <div class=\"c-Share-social-container\" id=\"pop-28070\">\n                <ul class=\"meta__sub\" >\n                    <li class=\"meta__icon-sub\">\n                        <button type=\"button\" class=\"js-social meta__link-sub\" data-position=\"feed\" data-social=\"tw\" data-url=\"https:\/\/trialinternational.org\/fr\/case-update\/7-mars-2024-jour-17-reponses-des-parties-aux-plaidoiries-la-procureure-et-les-avocates-des-parties-plaignantes\/\" data-url-params=\"#live-28070\" data-title=\"Jour 17 : R\u00e9ponses des parties aux plaidoiries: la Procureure et les avocates des parties plaignantes\">\n                        <span class=\"meta__icon-container\"> <span class=\"meta__icon icon__twitter\"><\/span> <\/span> <span class=\"sr-only\">Twitter<\/span>\n                        <\/button>\n                    <\/li>\n                    <li class=\"meta__icon-sub\">\n                        <button type=\"button\" class=\"js-social meta__link-sub\" data-position=\"feed\" data-social=\"fb\" data-url=\"https:\/\/trialinternational.org\/fr\/case-update\/7-mars-2024-jour-17-reponses-des-parties-aux-plaidoiries-la-procureure-et-les-avocates-des-parties-plaignantes\/\" data-url-params=\"#live-28070\" data-title=\"Jour 17 : R\u00e9ponses des parties aux plaidoiries: la Procureure et les avocates des parties plaignantes\">\n                            <span class=\"meta__icon-container\"> <span class=\"meta__icon icon__facebook\"><\/span> <\/span>\n                            <span class=\"sr-only\">Facebook<\/span>\n                        <\/button>\n                    <\/li>\n                    <li class=\"meta__icon-sub\">\n                        <button type=\"button\" class=\"js-social meta__link-sub\" data-position=\"feed\" data-social=\"copy\" data-url-params=\"#live-28070\" data-title=\"Jour 17 : R\u00e9ponses des parties aux plaidoiries: la Procureure et les avocates des parties plaignantes\">\n                            <span class=\"meta__icon-container\"> <span class=\"meta__icon icon__link\"><\/span> <\/span>\n                            <span class=\"meta__label-sub\"> <span class=\"js-label-copy\">Copier le lien<\/span> <span class=\"js-label-copied\"><\/span> <\/span>\n                        <\/button>\n                    <\/li>\n                <\/ul>\n            <\/div>\n        <\/div>\n        \n                <\/div>\n                <div class=\"update-titre orange\">Jour 17 : R\u00e9ponses des parties aux plaidoiries: la Procureure et les avocates des parties plaignantes <\/div>\n                <div class=\"update-content\">\n<p>Conform\u00e9ment au code de proc\u00e9dure p\u00e9nale, les parties ont \u00e9t\u00e9 autoris\u00e9es \u00e0 pr\u00e9senter des arguments contradictoires. La s\u00e9rie de r\u00e9ponses a commenc\u00e9 par celles de la Procureure et des avocates des parties plaignantes.<\/p>\n\n\n<div style=\"gap: 20px;\" class=\"align-button-center ub-buttons orientation-button-row ub-flex-wrap wp-block-ub-button\" id=\"ub-button-c5d1da50-f7fc-4e0f-975f-3bf6badf2131\"><div class=\"ub-button-container\">\n\t\t\t<a href=\"https:\/\/trialinternational.org\/fr\/latest-post\/7-mars-2024-jour-17-reponses-des-parties-aux-plaidoiries-la-procureure-et-les-avocates-des-parties-plaignantes\/\" target=\"_blank\" rel=\"noopener noreferrer\" class=\"ub-button-block-main   ub-button-flex\" role=\"button\" style=\"--ub-button-background-color: #313131; --ub-button-color: #ffffff; --ub-button-border: none; --ub-button-hover-background-color: #313131; --ub-button-hover-color: #ffffff; --ub-button-hover-border: none; padding-top: 10px; padding-right: 10px; padding-bottom: 10px; padding-left: 10px; border-radius: 10px; \">\n\t\t\t\t<div class=\"ub-button-content-holder\" style=\"flex-direction: row\">\n\t\t\t\t\t<span class=\"ub-button-block-btn\">Notre r\u00e9capitulatif des r\u00e9ponses de la Procureure et des avocates des parties plaignantes.<\/span>\n\t\t\t\t<\/div>\n\t\t\t<\/a>\n\t\t<\/div><\/div>\n\n\n<p><\/p>\n<\/div>\n\n            <\/div>\n                     <div class=\"c-block-item\" id=\"live-28068\">\n                <div class=\"update-date\">\n\n                7 mars 2024 12:25\n                \n        <div class=\"c-Share\">\n            <button class=\"c-Share-social meta__link orange\" data-toggle=\"collapse\" data-target=\"#pop-28068\">\n                <svg xmlns=\"http:\/\/www.w3.org\/2000\/svg\" width=\"18\" height=\"14\" ><path fill=\"currentColor\" d=\"M10.73.063c-.178-.149-.444-.018-.444.218v3.062C1.89 4.86.3 11.5.002 13.728c-.018.16.1.272.236.272a.253.253 0 0 0 .181-.084C4.595 9.476 8.806 9.14 9.968 9.14c.209 0 .318.01.318.01v3.375c0 .24.27.369.447.215l7.17-6.228a.287.287 0 0 0-.003-.433L10.73.063Z\"\/><\/svg>\n                <span class=\"sr-only\">Partage<\/span>\n            <\/button>\n            <div class=\"c-Share-social-container\" id=\"pop-28068\">\n                <ul class=\"meta__sub\" >\n                    <li class=\"meta__icon-sub\">\n                        <button type=\"button\" class=\"js-social meta__link-sub\" data-position=\"feed\" data-social=\"tw\" data-url=\"https:\/\/trialinternational.org\/fr\/case-update\/6-mars-2024-jour-16-plaidoiries-de-la-defense\/\" data-url-params=\"#live-28068\" data-title=\"Jour 16, suite : Plaidoiries de la d\u00e9fense\">\n                        <span class=\"meta__icon-container\"> <span class=\"meta__icon icon__twitter\"><\/span> <\/span> <span class=\"sr-only\">Twitter<\/span>\n                        <\/button>\n                    <\/li>\n                    <li class=\"meta__icon-sub\">\n                        <button type=\"button\" class=\"js-social meta__link-sub\" data-position=\"feed\" data-social=\"fb\" data-url=\"https:\/\/trialinternational.org\/fr\/case-update\/6-mars-2024-jour-16-plaidoiries-de-la-defense\/\" data-url-params=\"#live-28068\" data-title=\"Jour 16, suite : Plaidoiries de la d\u00e9fense\">\n                            <span class=\"meta__icon-container\"> <span class=\"meta__icon icon__facebook\"><\/span> <\/span>\n                            <span class=\"sr-only\">Facebook<\/span>\n                        <\/button>\n                    <\/li>\n                    <li class=\"meta__icon-sub\">\n                        <button type=\"button\" class=\"js-social meta__link-sub\" data-position=\"feed\" data-social=\"copy\" data-url-params=\"#live-28068\" data-title=\"Jour 16, suite : Plaidoiries de la d\u00e9fense\">\n                            <span class=\"meta__icon-container\"> <span class=\"meta__icon icon__link\"><\/span> <\/span>\n                            <span class=\"meta__label-sub\"> <span class=\"js-label-copy\">Copier le lien<\/span> <span class=\"js-label-copied\"><\/span> <\/span>\n                        <\/button>\n                    <\/li>\n                <\/ul>\n            <\/div>\n        <\/div>\n        \n                <\/div>\n                <div class=\"update-titre orange\">Jour 16, suite : Plaidoiries de la d\u00e9fense <\/div>\n                <div class=\"update-content\">\n<p>Pendant sa plaidoirie, la d\u00e9fense a conclu qu&rsquo;Ousman Sonko devait \u00eatre acquitt\u00e9 de tous les chefs d&rsquo;accusation et que toutes les demandes civiles des plaignant\u00b7e\u00b7s priv\u00e9\u00b7e\u00b7s devraient \u00eatre rejet\u00e9es. Elle a \u00e9galement demand\u00e9 qu&rsquo;une indemnisation soit accord\u00e9e pour sa privation de libert\u00e9, y compris pour la dur\u00e9e de d\u00e9tention ill\u00e9gale et la privation de nourriture auxquelles il aurait \u00e9t\u00e9 soumis.<\/p>\n\n\n<div style=\"gap: 20px;\" class=\"align-button-center ub-buttons orientation-button-row ub-flex-wrap wp-block-ub-button\" id=\"ub-button-50edc898-91ec-4e51-8ec7-536836ac2ad4\"><div class=\"ub-button-container\">\n\t\t\t<a href=\"https:\/\/trialinternational.org\/fr\/latest-post\/6-mars-2024-jour-16-plaidoiries-de-la-defense\/\" target=\"_blank\" rel=\"noopener noreferrer\" class=\"ub-button-block-main   ub-button-flex\" role=\"button\" style=\"--ub-button-background-color: #313131; --ub-button-color: #ffffff; --ub-button-border: none; --ub-button-hover-background-color: #313131; --ub-button-hover-color: #ffffff; --ub-button-hover-border: none; padding-top: 10px; padding-right: 10px; padding-bottom: 10px; padding-left: 10px; border-radius: 10px; \">\n\t\t\t\t<div class=\"ub-button-content-holder\" style=\"flex-direction: row\">\n\t\t\t\t\t<span class=\"ub-button-block-btn\">Lisez notre r\u00e9sum\u00e9 de la plaidoirie de la d\u00e9fense<\/span>\n\t\t\t\t<\/div>\n\t\t\t<\/a>\n\t\t<\/div><\/div><\/div>\n\n            <\/div>\n                     <div class=\"c-block-item\" id=\"live-27936\">\n                <div class=\"update-date\">\n\n                7 mars 2024 09:22\n                \n        <div class=\"c-Share\">\n            <button class=\"c-Share-social meta__link orange\" data-toggle=\"collapse\" data-target=\"#pop-27936\">\n                <svg xmlns=\"http:\/\/www.w3.org\/2000\/svg\" width=\"18\" height=\"14\" ><path fill=\"currentColor\" d=\"M10.73.063c-.178-.149-.444-.018-.444.218v3.062C1.89 4.86.3 11.5.002 13.728c-.018.16.1.272.236.272a.253.253 0 0 0 .181-.084C4.595 9.476 8.806 9.14 9.968 9.14c.209 0 .318.01.318.01v3.375c0 .24.27.369.447.215l7.17-6.228a.287.287 0 0 0-.003-.433L10.73.063Z\"\/><\/svg>\n                <span class=\"sr-only\">Partage<\/span>\n            <\/button>\n            <div class=\"c-Share-social-container\" id=\"pop-27936\">\n                <ul class=\"meta__sub\" >\n                    <li class=\"meta__icon-sub\">\n                        <button type=\"button\" class=\"js-social meta__link-sub\" data-position=\"feed\" data-social=\"tw\" data-url=\"https:\/\/trialinternational.org\/fr\/case-update\/5-6-mars-2024-jours-15-16-plaidoiries-sur-les-evenements-du-14-avril-2016\/\" data-url-params=\"#live-27936\" data-title=\"Jours 15 &amp; 16 : Plaidoiries sur les \u00e9v\u00e9nements du 14 avril 2016\">\n                        <span class=\"meta__icon-container\"> <span class=\"meta__icon icon__twitter\"><\/span> <\/span> <span class=\"sr-only\">Twitter<\/span>\n                        <\/button>\n                    <\/li>\n                    <li class=\"meta__icon-sub\">\n                        <button type=\"button\" class=\"js-social meta__link-sub\" data-position=\"feed\" data-social=\"fb\" data-url=\"https:\/\/trialinternational.org\/fr\/case-update\/5-6-mars-2024-jours-15-16-plaidoiries-sur-les-evenements-du-14-avril-2016\/\" data-url-params=\"#live-27936\" data-title=\"Jours 15 &amp; 16 : Plaidoiries sur les \u00e9v\u00e9nements du 14 avril 2016\">\n                            <span class=\"meta__icon-container\"> <span class=\"meta__icon icon__facebook\"><\/span> <\/span>\n                            <span class=\"sr-only\">Facebook<\/span>\n                        <\/button>\n                    <\/li>\n                    <li class=\"meta__icon-sub\">\n                        <button type=\"button\" class=\"js-social meta__link-sub\" data-position=\"feed\" data-social=\"copy\" data-url-params=\"#live-27936\" data-title=\"Jours 15 &amp; 16 : Plaidoiries sur les \u00e9v\u00e9nements du 14 avril 2016\">\n                            <span class=\"meta__icon-container\"> <span class=\"meta__icon icon__link\"><\/span> <\/span>\n                            <span class=\"meta__label-sub\"> <span class=\"js-label-copy\">Copier le lien<\/span> <span class=\"js-label-copied\"><\/span> <\/span>\n                        <\/button>\n                    <\/li>\n                <\/ul>\n            <\/div>\n        <\/div>\n        \n                <\/div>\n                <div class=\"update-titre orange\">Jours 15 &amp; 16 : Plaidoiries sur les \u00e9v\u00e9nements du 14 avril 2016 <\/div>\n                <div class=\"update-content\">\n<h5 class=\"wp-block-heading\">Arguments sur la cr\u00e9dibilit\u00e9 des parties<\/h5>\n\n\n\n<p>Les repr\u00e9sentant\u00b7e\u00b7s l\u00e9gaux\u00b7le\u00b7s des parties plaignantes ont commenc\u00e9 leur plaidoirie en soutenant les arguments de la Procureure en faveur de la condamnation d&rsquo;Ousman Sonko pour crimes contre l&rsquo;humanit\u00e9. Lisez notre r\u00e9capitulatif des <a href=\"https:\/\/trialinternational.org\/fr\/latest-post\/5-6-mars-2024-jours-15-16-plaidoiries-sur-les-evenements-du-14-avril-2016\/\">quinzi\u00e8me et seizi\u00e8me journ\u00e9es<\/a>.<\/p>\n<\/div>\n\n            <\/div>\n                     <div class=\"c-block-item\" id=\"live-27900\">\n                <div class=\"update-date\">\n\n                5 mars 2024 16:05\n                \n        <div class=\"c-Share\">\n            <button class=\"c-Share-social meta__link orange\" data-toggle=\"collapse\" data-target=\"#pop-27900\">\n                <svg xmlns=\"http:\/\/www.w3.org\/2000\/svg\" width=\"18\" height=\"14\" ><path fill=\"currentColor\" d=\"M10.73.063c-.178-.149-.444-.018-.444.218v3.062C1.89 4.86.3 11.5.002 13.728c-.018.16.1.272.236.272a.253.253 0 0 0 .181-.084C4.595 9.476 8.806 9.14 9.968 9.14c.209 0 .318.01.318.01v3.375c0 .24.27.369.447.215l7.17-6.228a.287.287 0 0 0-.003-.433L10.73.063Z\"\/><\/svg>\n                <span class=\"sr-only\">Partage<\/span>\n            <\/button>\n            <div class=\"c-Share-social-container\" id=\"pop-27900\">\n                <ul class=\"meta__sub\" >\n                    <li class=\"meta__icon-sub\">\n                        <button type=\"button\" class=\"js-social meta__link-sub\" data-position=\"feed\" data-social=\"tw\" data-url=\"https:\/\/trialinternational.org\/fr\/case-update\/5-mars-2024-jour-15-autres-plaidoiries-relatives-aux-evenements-de-2006\/\" data-url-params=\"#live-27900\" data-title=\"Jour 15 : Autres plaidoiries relatives aux \u00e9v\u00e9nements de 2006\">\n                        <span class=\"meta__icon-container\"> <span class=\"meta__icon icon__twitter\"><\/span> <\/span> <span class=\"sr-only\">Twitter<\/span>\n                        <\/button>\n                    <\/li>\n                    <li class=\"meta__icon-sub\">\n                        <button type=\"button\" class=\"js-social meta__link-sub\" data-position=\"feed\" data-social=\"fb\" data-url=\"https:\/\/trialinternational.org\/fr\/case-update\/5-mars-2024-jour-15-autres-plaidoiries-relatives-aux-evenements-de-2006\/\" data-url-params=\"#live-27900\" data-title=\"Jour 15 : Autres plaidoiries relatives aux \u00e9v\u00e9nements de 2006\">\n                            <span class=\"meta__icon-container\"> <span class=\"meta__icon icon__facebook\"><\/span> <\/span>\n                            <span class=\"sr-only\">Facebook<\/span>\n                        <\/button>\n                    <\/li>\n                    <li class=\"meta__icon-sub\">\n                        <button type=\"button\" class=\"js-social meta__link-sub\" data-position=\"feed\" data-social=\"copy\" data-url-params=\"#live-27900\" data-title=\"Jour 15 : Autres plaidoiries relatives aux \u00e9v\u00e9nements de 2006\">\n                            <span class=\"meta__icon-container\"> <span class=\"meta__icon icon__link\"><\/span> <\/span>\n                            <span class=\"meta__label-sub\"> <span class=\"js-label-copy\">Copier le lien<\/span> <span class=\"js-label-copied\"><\/span> <\/span>\n                        <\/button>\n                    <\/li>\n                <\/ul>\n            <\/div>\n        <\/div>\n        \n                <\/div>\n                <div class=\"update-titre orange\">Jour 15 : Autres plaidoiries relatives aux \u00e9v\u00e9nements de 2006 <\/div>\n                <div class=\"update-content\">\n<p>L&rsquo;avocate a g\u00e9n\u00e9ralement soutenu les conclusions du procureur en faveur de la condamnation d&rsquo;Ousman Sonko pour crimes contre l&rsquo;humanit\u00e9. Lisez notre r\u00e9capitulatif de la <a href=\"https:\/\/trialinternational.org\/fr\/latest-post\/5-march-2024-day-15-further-closing-arguments-related-to-the-events-of-2006\/\">quinzi\u00e8me journ\u00e9e<\/a>.<\/p>\n<\/div>\n\n            <\/div>\n                     <div class=\"c-block-item\" id=\"live-27895\">\n                <div class=\"update-date\">\n\n                5 mars 2024 09:55\n                \n        <div class=\"c-Share\">\n            <button class=\"c-Share-social meta__link orange\" data-toggle=\"collapse\" data-target=\"#pop-27895\">\n                <svg xmlns=\"http:\/\/www.w3.org\/2000\/svg\" width=\"18\" height=\"14\" ><path fill=\"currentColor\" d=\"M10.73.063c-.178-.149-.444-.018-.444.218v3.062C1.89 4.86.3 11.5.002 13.728c-.018.16.1.272.236.272a.253.253 0 0 0 .181-.084C4.595 9.476 8.806 9.14 9.968 9.14c.209 0 .318.01.318.01v3.375c0 .24.27.369.447.215l7.17-6.228a.287.287 0 0 0-.003-.433L10.73.063Z\"\/><\/svg>\n                <span class=\"sr-only\">Partage<\/span>\n            <\/button>\n            <div class=\"c-Share-social-container\" id=\"pop-27895\">\n                <ul class=\"meta__sub\" >\n                    <li class=\"meta__icon-sub\">\n                        <button type=\"button\" class=\"js-social meta__link-sub\" data-position=\"feed\" data-social=\"tw\" data-url=\"https:\/\/trialinternational.org\/fr\/case-update\/4-5-mars-2024-jours-14-15-les-plaidoiries-de-lavocate-des-victimes-des-evenements-de-2000-et-2006\/\" data-url-params=\"#live-27895\" data-title=\"Jours 14 &amp; 15 : Plaidoirie sur les \u00e9v\u00e9nements de 2000 et 2006\">\n                        <span class=\"meta__icon-container\"> <span class=\"meta__icon icon__twitter\"><\/span> <\/span> <span class=\"sr-only\">Twitter<\/span>\n                        <\/button>\n                    <\/li>\n                    <li class=\"meta__icon-sub\">\n                        <button type=\"button\" class=\"js-social meta__link-sub\" data-position=\"feed\" data-social=\"fb\" data-url=\"https:\/\/trialinternational.org\/fr\/case-update\/4-5-mars-2024-jours-14-15-les-plaidoiries-de-lavocate-des-victimes-des-evenements-de-2000-et-2006\/\" data-url-params=\"#live-27895\" data-title=\"Jours 14 &amp; 15 : Plaidoirie sur les \u00e9v\u00e9nements de 2000 et 2006\">\n                            <span class=\"meta__icon-container\"> <span class=\"meta__icon icon__facebook\"><\/span> <\/span>\n                            <span class=\"sr-only\">Facebook<\/span>\n                        <\/button>\n                    <\/li>\n                    <li class=\"meta__icon-sub\">\n                        <button type=\"button\" class=\"js-social meta__link-sub\" data-position=\"feed\" data-social=\"copy\" data-url-params=\"#live-27895\" data-title=\"Jours 14 &amp; 15 : Plaidoirie sur les \u00e9v\u00e9nements de 2000 et 2006\">\n                            <span class=\"meta__icon-container\"> <span class=\"meta__icon icon__link\"><\/span> <\/span>\n                            <span class=\"meta__label-sub\"> <span class=\"js-label-copy\">Copier le lien<\/span> <span class=\"js-label-copied\"><\/span> <\/span>\n                        <\/button>\n                    <\/li>\n                <\/ul>\n            <\/div>\n        <\/div>\n        \n                <\/div>\n                <div class=\"update-titre orange\">Jours 14 &amp; 15 : Plaidoirie sur les \u00e9v\u00e9nements de 2000 et 2006 <\/div>\n                <div class=\"update-content\">\n<p>L&rsquo;avocate des parties plaignantes a commenc\u00e9 sa plaidoirie en soutenant de mani\u00e8re g\u00e9n\u00e9rale les arguments de la Procureure en faveur de la condamnation d&rsquo;Ousman Sonko pour crimes contre l&rsquo;humanit\u00e9, en particulier en faveur de ses client\u00b7e\u00b7s qui ont \u00e9t\u00e9 victimes d&rsquo;atrocit\u00e9s en 2000 et en 2006. Lisez notre r\u00e9capitulatif des <a href=\"https:\/\/trialinternational.org\/fr\/latest-post\/5-mars-2024-jour-15-autres-plaidoiries-relatives-aux-evenements-de-2006\/\">quatorzi\u00e8me et quinzi\u00e8me journ\u00e9es<\/a>.<\/p>\n<\/div>\n\n            <\/div>\n                     <div class=\"c-block-item\" id=\"live-27702\">\n                <div class=\"update-date\">\n\n                5 mars 2024 09:50\n                \n        <div class=\"c-Share\">\n            <button class=\"c-Share-social meta__link orange\" data-toggle=\"collapse\" data-target=\"#pop-27702\">\n                <svg xmlns=\"http:\/\/www.w3.org\/2000\/svg\" width=\"18\" height=\"14\" ><path fill=\"currentColor\" d=\"M10.73.063c-.178-.149-.444-.018-.444.218v3.062C1.89 4.86.3 11.5.002 13.728c-.018.16.1.272.236.272a.253.253 0 0 0 .181-.084C4.595 9.476 8.806 9.14 9.968 9.14c.209 0 .318.01.318.01v3.375c0 .24.27.369.447.215l7.17-6.228a.287.287 0 0 0-.003-.433L10.73.063Z\"\/><\/svg>\n                <span class=\"sr-only\">Partage<\/span>\n            <\/button>\n            <div class=\"c-Share-social-container\" id=\"pop-27702\">\n                <ul class=\"meta__sub\" >\n                    <li class=\"meta__icon-sub\">\n                        <button type=\"button\" class=\"js-social meta__link-sub\" data-position=\"feed\" data-social=\"tw\" data-url=\"https:\/\/trialinternational.org\/fr\/case-update\/4-mars-2024-jour-14-la-plaidoirie-de-la-procureure\/\" data-url-params=\"#live-27702\" data-title=\"Jour 14 : La plaidoirie de la Procureure\">\n                        <span class=\"meta__icon-container\"> <span class=\"meta__icon icon__twitter\"><\/span> <\/span> <span class=\"sr-only\">Twitter<\/span>\n                        <\/button>\n                    <\/li>\n                    <li class=\"meta__icon-sub\">\n                        <button type=\"button\" class=\"js-social meta__link-sub\" data-position=\"feed\" data-social=\"fb\" data-url=\"https:\/\/trialinternational.org\/fr\/case-update\/4-mars-2024-jour-14-la-plaidoirie-de-la-procureure\/\" data-url-params=\"#live-27702\" data-title=\"Jour 14 : La plaidoirie de la Procureure\">\n                            <span class=\"meta__icon-container\"> <span class=\"meta__icon icon__facebook\"><\/span> <\/span>\n                            <span class=\"sr-only\">Facebook<\/span>\n                        <\/button>\n                    <\/li>\n                    <li class=\"meta__icon-sub\">\n                        <button type=\"button\" class=\"js-social meta__link-sub\" data-position=\"feed\" data-social=\"copy\" data-url-params=\"#live-27702\" data-title=\"Jour 14 : La plaidoirie de la Procureure\">\n                            <span class=\"meta__icon-container\"> <span class=\"meta__icon icon__link\"><\/span> <\/span>\n                            <span class=\"meta__label-sub\"> <span class=\"js-label-copy\">Copier le lien<\/span> <span class=\"js-label-copied\"><\/span> <\/span>\n                        <\/button>\n                    <\/li>\n                <\/ul>\n            <\/div>\n        <\/div>\n        \n                <\/div>\n                <div class=\"update-titre orange\">Jour 14 : La plaidoirie de la Procureure <\/div>\n                <div class=\"update-content\">\n<h4 class=\"wp-block-heading\">Partie 3 : Le verdict<\/h4>\n\n\n\n<p>Apr\u00e8s avoir plaid\u00e9 la responsabilit\u00e9 d&rsquo;Ousman Sonko pour chacun des chefs d&rsquo;accusation, la Procureure a abord\u00e9 la question de la peine. Lisez notre r\u00e9capitulatif de la <a href=\"https:\/\/trialinternational.org\/fr\/latest-post\/4-mars-2024-jour-14-la-plaidoirie-de-la-procureure-3\/\">quatorzi\u00e8me journ\u00e9e, partie 3 : Le verdict<\/a>.<\/p>\n<\/div>\n\n            <\/div>\n                     <div class=\"c-block-item\" id=\"live-27682\">\n                <div class=\"update-date\">\n\n                4 mars 2024 21:40\n                \n        <div class=\"c-Share\">\n            <button class=\"c-Share-social meta__link orange\" data-toggle=\"collapse\" data-target=\"#pop-27682\">\n                <svg xmlns=\"http:\/\/www.w3.org\/2000\/svg\" width=\"18\" height=\"14\" ><path fill=\"currentColor\" d=\"M10.73.063c-.178-.149-.444-.018-.444.218v3.062C1.89 4.86.3 11.5.002 13.728c-.018.16.1.272.236.272a.253.253 0 0 0 .181-.084C4.595 9.476 8.806 9.14 9.968 9.14c.209 0 .318.01.318.01v3.375c0 .24.27.369.447.215l7.17-6.228a.287.287 0 0 0-.003-.433L10.73.063Z\"\/><\/svg>\n                <span class=\"sr-only\">Partage<\/span>\n            <\/button>\n            <div class=\"c-Share-social-container\" id=\"pop-27682\">\n                <ul class=\"meta__sub\" >\n                    <li class=\"meta__icon-sub\">\n                        <button type=\"button\" class=\"js-social meta__link-sub\" data-position=\"feed\" data-social=\"tw\" data-url=\"https:\/\/trialinternational.org\/fr\/case-update\/4-march-2024-day-14-prosecutors-closing-arguments-on-the-charges\/\" data-url-params=\"#live-27682\" data-title=\"Jour 14 : La plaidoirie de la Procureure\">\n                        <span class=\"meta__icon-container\"> <span class=\"meta__icon icon__twitter\"><\/span> <\/span> <span class=\"sr-only\">Twitter<\/span>\n                        <\/button>\n                    <\/li>\n                    <li class=\"meta__icon-sub\">\n                        <button type=\"button\" class=\"js-social meta__link-sub\" data-position=\"feed\" data-social=\"fb\" data-url=\"https:\/\/trialinternational.org\/fr\/case-update\/4-march-2024-day-14-prosecutors-closing-arguments-on-the-charges\/\" data-url-params=\"#live-27682\" data-title=\"Jour 14 : La plaidoirie de la Procureure\">\n                            <span class=\"meta__icon-container\"> <span class=\"meta__icon icon__facebook\"><\/span> <\/span>\n                            <span class=\"sr-only\">Facebook<\/span>\n                        <\/button>\n                    <\/li>\n                    <li class=\"meta__icon-sub\">\n                        <button type=\"button\" class=\"js-social meta__link-sub\" data-position=\"feed\" data-social=\"copy\" data-url-params=\"#live-27682\" data-title=\"Jour 14 : La plaidoirie de la Procureure\">\n                            <span class=\"meta__icon-container\"> <span class=\"meta__icon icon__link\"><\/span> <\/span>\n                            <span class=\"meta__label-sub\"> <span class=\"js-label-copy\">Copier le lien<\/span> <span class=\"js-label-copied\"><\/span> <\/span>\n                        <\/button>\n                    <\/li>\n                <\/ul>\n            <\/div>\n        <\/div>\n        \n                <\/div>\n                <div class=\"update-titre orange\">Jour 14 : La plaidoirie de la Procureure <\/div>\n                <div class=\"update-content\">\n<h4 class=\"wp-block-heading\">Parie 2: Les accusations<\/h4>\n\n\n\n<p>Apr\u00e8s avoir d\u00e9crit le contexte gambien et la connaissance qu&rsquo;avait Ousman Sonko des attaques g\u00e9n\u00e9ralis\u00e9es et syst\u00e9matiques contre la population civile depuis les premi\u00e8res ann\u00e9es de la pr\u00e9sidence de Yahya Jammeh, la Procureure s&rsquo;est adress\u00e9 \u00e0 la Cour sur la responsabilit\u00e9 p\u00e9nale de l&rsquo;accus\u00e9 pour les diff\u00e9rents crimes sp\u00e9cifiques qui lui sont reproch\u00e9s. Lisez notre r\u00e9capitulatif de la <a href=\"https:\/\/trialinternational.org\/fr\/latest-post\/4-mars-2024-jour-14-la-plaidoirie-de-la-procureure-2\/\">quatorzi\u00e8me journ\u00e9e, partie 2 : Les accusations<\/a>.<\/p>\n<\/div>\n\n            <\/div>\n                     <div class=\"c-block-item\" id=\"live-27679\">\n                <div class=\"update-date\">\n\n                4 mars 2024 17:20\n                \n        <div class=\"c-Share\">\n            <button class=\"c-Share-social meta__link orange\" data-toggle=\"collapse\" data-target=\"#pop-27679\">\n                <svg xmlns=\"http:\/\/www.w3.org\/2000\/svg\" width=\"18\" height=\"14\" ><path fill=\"currentColor\" d=\"M10.73.063c-.178-.149-.444-.018-.444.218v3.062C1.89 4.86.3 11.5.002 13.728c-.018.16.1.272.236.272a.253.253 0 0 0 .181-.084C4.595 9.476 8.806 9.14 9.968 9.14c.209 0 .318.01.318.01v3.375c0 .24.27.369.447.215l7.17-6.228a.287.287 0 0 0-.003-.433L10.73.063Z\"\/><\/svg>\n                <span class=\"sr-only\">Partage<\/span>\n            <\/button>\n            <div class=\"c-Share-social-container\" id=\"pop-27679\">\n                <ul class=\"meta__sub\" >\n                    <li class=\"meta__icon-sub\">\n                        <button type=\"button\" class=\"js-social meta__link-sub\" data-position=\"feed\" data-social=\"tw\" data-url=\"https:\/\/trialinternational.org\/fr\/case-update\/4-march-2024-day-14-prosecutors-closing-arguments\/\" data-url-params=\"#live-27679\" data-title=\"Jour 14 : La plaidoirie de la Procureure\">\n                        <span class=\"meta__icon-container\"> <span class=\"meta__icon icon__twitter\"><\/span> <\/span> <span class=\"sr-only\">Twitter<\/span>\n                        <\/button>\n                    <\/li>\n                    <li class=\"meta__icon-sub\">\n                        <button type=\"button\" class=\"js-social meta__link-sub\" data-position=\"feed\" data-social=\"fb\" data-url=\"https:\/\/trialinternational.org\/fr\/case-update\/4-march-2024-day-14-prosecutors-closing-arguments\/\" data-url-params=\"#live-27679\" data-title=\"Jour 14 : La plaidoirie de la Procureure\">\n                            <span class=\"meta__icon-container\"> <span class=\"meta__icon icon__facebook\"><\/span> <\/span>\n                            <span class=\"sr-only\">Facebook<\/span>\n                        <\/button>\n                    <\/li>\n                    <li class=\"meta__icon-sub\">\n                        <button type=\"button\" class=\"js-social meta__link-sub\" data-position=\"feed\" data-social=\"copy\" data-url-params=\"#live-27679\" data-title=\"Jour 14 : La plaidoirie de la Procureure\">\n                            <span class=\"meta__icon-container\"> <span class=\"meta__icon icon__link\"><\/span> <\/span>\n                            <span class=\"meta__label-sub\"> <span class=\"js-label-copy\">Copier le lien<\/span> <span class=\"js-label-copied\"><\/span> <\/span>\n                        <\/button>\n                    <\/li>\n                <\/ul>\n            <\/div>\n        <\/div>\n        \n                <\/div>\n                <div class=\"update-titre orange\">Jour 14 : La plaidoirie de la Procureure <\/div>\n                <div class=\"update-content\">\n<h4 class=\"wp-block-heading\">Partie 1: Le contexte<\/h4>\n\n\n\n<p>Apr\u00e8s avoir formellement ouvert la session, la Cour a rejet\u00e9 la demande de la d\u00e9fense de reporter les plaidoiries finales au mois d&rsquo;avril 2024 afin qu&rsquo;elle dispose de plus de temps pour pr\u00e9parer ses arguments et revoir l&rsquo;affaire \u00e0 la lumi\u00e8re d&rsquo;une jurisprudence tr\u00e8s r\u00e9cente. Lisez notre r\u00e9capitulatif de la <a href=\"https:\/\/trialinternational.org\/fr\/latest-post\/4-mars-2024-jour-14-la-plaidoirie-de-la-procureure\/\">quatorzi\u00e8me journ\u00e9e, partie 1 : Le contexte<\/a>.<\/p>\n<\/div>\n\n            <\/div>\n                     <div class=\"c-block-item\" id=\"live-27638\">\n                <div class=\"update-date\">\n\n                4 mars 2024 10:16\n                \n        <div class=\"c-Share\">\n            <button class=\"c-Share-social meta__link orange\" data-toggle=\"collapse\" data-target=\"#pop-27638\">\n                <svg xmlns=\"http:\/\/www.w3.org\/2000\/svg\" width=\"18\" height=\"14\" ><path fill=\"currentColor\" d=\"M10.73.063c-.178-.149-.444-.018-.444.218v3.062C1.89 4.86.3 11.5.002 13.728c-.018.16.1.272.236.272a.253.253 0 0 0 .181-.084C4.595 9.476 8.806 9.14 9.968 9.14c.209 0 .318.01.318.01v3.375c0 .24.27.369.447.215l7.17-6.228a.287.287 0 0 0-.003-.433L10.73.063Z\"\/><\/svg>\n                <span class=\"sr-only\">Partage<\/span>\n            <\/button>\n            <div class=\"c-Share-social-container\" id=\"pop-27638\">\n                <ul class=\"meta__sub\" >\n                    <li class=\"meta__icon-sub\">\n                        <button type=\"button\" class=\"js-social meta__link-sub\" data-position=\"feed\" data-social=\"tw\" data-url=\"https:\/\/trialinternational.org\/fr\/case-update\/4-mars-2024-jour-14-le-proces-dousman-sonko-reprend-en-suisse\/\" data-url-params=\"#live-27638\" data-title=\"Jour 14 &#8211; Le proc\u00e8s d&rsquo;Ousman Sonko reprend en Suisse\">\n                        <span class=\"meta__icon-container\"> <span class=\"meta__icon icon__twitter\"><\/span> <\/span> <span class=\"sr-only\">Twitter<\/span>\n                        <\/button>\n                    <\/li>\n                    <li class=\"meta__icon-sub\">\n                        <button type=\"button\" class=\"js-social meta__link-sub\" data-position=\"feed\" data-social=\"fb\" data-url=\"https:\/\/trialinternational.org\/fr\/case-update\/4-mars-2024-jour-14-le-proces-dousman-sonko-reprend-en-suisse\/\" data-url-params=\"#live-27638\" data-title=\"Jour 14 &#8211; Le proc\u00e8s d&rsquo;Ousman Sonko reprend en Suisse\">\n                            <span class=\"meta__icon-container\"> <span class=\"meta__icon icon__facebook\"><\/span> <\/span>\n                            <span class=\"sr-only\">Facebook<\/span>\n                        <\/button>\n                    <\/li>\n                    <li class=\"meta__icon-sub\">\n                        <button type=\"button\" class=\"js-social meta__link-sub\" data-position=\"feed\" data-social=\"copy\" data-url-params=\"#live-27638\" data-title=\"Jour 14 &#8211; Le proc\u00e8s d&rsquo;Ousman Sonko reprend en Suisse\">\n                            <span class=\"meta__icon-container\"> <span class=\"meta__icon icon__link\"><\/span> <\/span>\n                            <span class=\"meta__label-sub\"> <span class=\"js-label-copy\">Copier le lien<\/span> <span class=\"js-label-copied\"><\/span> <\/span>\n                        <\/button>\n                    <\/li>\n                <\/ul>\n            <\/div>\n        <\/div>\n        \n                <\/div>\n                <div class=\"update-titre orange\">Jour 14 &#8211; Le proc\u00e8s d&rsquo;Ousman Sonko reprend en Suisse <\/div>\n                <div class=\"update-content\">\n<p>Entre le 8 et le 26 janvier 2024, la premi\u00e8re phase du proc\u00e8s d&rsquo;Ousman Sonko pour <a href=\"https:\/\/trialinternational.org\/fr\/topics-post\/crimes-contre-lhumanite\/\" target=\"_blank\" rel=\"noreferrer noopener\">crimes contre l&rsquo;humanit\u00e9<\/a> s&rsquo;est d\u00e9roul\u00e9e \u00e0 Bellinzone, en Suisse.<\/p>\n\n\n\n<p>Pendant ces trois semaines, la Cour a entendu huit plaignant\u00b7e\u00b7s qui ont fait le d\u00e9placement en Suisse pour raconter leur histoire ainsi que trois t\u00e9moins. Ousman Sonko a \u00e9galement \u00e9t\u00e9 entendu sur les faits qui lui sont reproch\u00e9s : un meurtre et de multiples infractions sexuelles \u00e0 partir de 2000, des actes de <a href=\"https:\/\/trialinternational.org\/fr\/topics-post\/torture\/\" target=\"_blank\" rel=\"noreferrer noopener\">torture<\/a> et de privation de libert\u00e9 en 2006, un meurtre en 2011 et des actes de torture et de privation de libert\u00e9 en 2016, ainsi que sur le contexte g\u00e9n\u00e9ral du r\u00e9gime de Jammeh.<\/p>\n\n\n\n<p>Le 26 janvier 2024, la Cour a suspendu le proc\u00e8s pendant que les parties pr\u00e9sentaient leurs arguments.<br><strong>Au cours de cette deuxi\u00e8me phase du proc\u00e8s qui d\u00e9bute aujourd&rsquo;hui<\/strong> &#8211; et qui pourrait durer jusqu&rsquo;au 8 mars 2024 (\u00e9ventuellement jusqu&rsquo;au 11 mars) &#8211; <strong>la Procureure, les repr\u00e9sentant\u00b7e\u00b7s l\u00e9gaux des plaignant\u00b7e\u00b7s ainsi que la d\u00e9fense pr\u00e9senteront leurs plaidoiries finales.<\/strong><\/p>\n\n\n\n<p>Le calendrier du proc\u00e8s est disponible sur <a href=\"https:\/\/www.bstger.ch\/fr\/home\/index\" target=\"_blank\" rel=\"noreferrer noopener\">le site du Tribunal p\u00e9nal f\u00e9d\u00e9ral<\/a> (en haut \u00e0 droite) en fran\u00e7ais, allemand et italien.<\/p>\n\n\n\n<p><em><strong><em>\u00c0<\/em> suivre<\/strong> : La plaidoirie de la Procureure.<\/em><\/p>\n<\/div>\n\n            <\/div>\n                     <div class=\"c-block-item\" id=\"live-27386\">\n                <div class=\"update-date\">\n\n                26 janvier 2024 15:40\n                \n        <div class=\"c-Share\">\n            <button class=\"c-Share-social meta__link orange\" data-toggle=\"collapse\" data-target=\"#pop-27386\">\n                <svg xmlns=\"http:\/\/www.w3.org\/2000\/svg\" width=\"18\" height=\"14\" ><path fill=\"currentColor\" d=\"M10.73.063c-.178-.149-.444-.018-.444.218v3.062C1.89 4.86.3 11.5.002 13.728c-.018.16.1.272.236.272a.253.253 0 0 0 .181-.084C4.595 9.476 8.806 9.14 9.968 9.14c.209 0 .318.01.318.01v3.375c0 .24.27.369.447.215l7.17-6.228a.287.287 0 0 0-.003-.433L10.73.063Z\"\/><\/svg>\n                <span class=\"sr-only\">Partage<\/span>\n            <\/button>\n            <div class=\"c-Share-social-container\" id=\"pop-27386\">\n                <ul class=\"meta__sub\" >\n                    <li class=\"meta__icon-sub\">\n                        <button type=\"button\" class=\"js-social meta__link-sub\" data-position=\"feed\" data-social=\"tw\" data-url=\"https:\/\/trialinternational.org\/fr\/case-update\/toutes-les-parties-ont-ete-entendues-resume-des-debats-de-la-troisieme-semaine-du-proces-dousman-sonko\/\" data-url-params=\"#live-27386\" data-title=\"Toutes les parties ont \u00e9t\u00e9 entendues : R\u00e9sum\u00e9 des d\u00e9bats de la troisi\u00e8me semaine du proc\u00e8s d&rsquo;Ousman Sonko\">\n                        <span class=\"meta__icon-container\"> <span class=\"meta__icon icon__twitter\"><\/span> <\/span> <span class=\"sr-only\">Twitter<\/span>\n                        <\/button>\n                    <\/li>\n                    <li class=\"meta__icon-sub\">\n                        <button type=\"button\" class=\"js-social meta__link-sub\" data-position=\"feed\" data-social=\"fb\" data-url=\"https:\/\/trialinternational.org\/fr\/case-update\/toutes-les-parties-ont-ete-entendues-resume-des-debats-de-la-troisieme-semaine-du-proces-dousman-sonko\/\" data-url-params=\"#live-27386\" data-title=\"Toutes les parties ont \u00e9t\u00e9 entendues : R\u00e9sum\u00e9 des d\u00e9bats de la troisi\u00e8me semaine du proc\u00e8s d&rsquo;Ousman Sonko\">\n                            <span class=\"meta__icon-container\"> <span class=\"meta__icon icon__facebook\"><\/span> <\/span>\n                            <span class=\"sr-only\">Facebook<\/span>\n                        <\/button>\n                    <\/li>\n                    <li class=\"meta__icon-sub\">\n                        <button type=\"button\" class=\"js-social meta__link-sub\" data-position=\"feed\" data-social=\"copy\" data-url-params=\"#live-27386\" data-title=\"Toutes les parties ont \u00e9t\u00e9 entendues : R\u00e9sum\u00e9 des d\u00e9bats de la troisi\u00e8me semaine du proc\u00e8s d&rsquo;Ousman Sonko\">\n                            <span class=\"meta__icon-container\"> <span class=\"meta__icon icon__link\"><\/span> <\/span>\n                            <span class=\"meta__label-sub\"> <span class=\"js-label-copy\">Copier le lien<\/span> <span class=\"js-label-copied\"><\/span> <\/span>\n                        <\/button>\n                    <\/li>\n                <\/ul>\n            <\/div>\n        <\/div>\n        \n                <\/div>\n                <div class=\"update-titre orange\">Toutes les parties ont \u00e9t\u00e9 entendues : R\u00e9sum\u00e9 des d\u00e9bats de la troisi\u00e8me semaine du proc\u00e8s d&rsquo;Ousman Sonko <\/div>\n                <div class=\"update-content\">\n<figure class=\"wp-block-image size-large\"><img loading=\"lazy\" decoding=\"async\" width=\"1024\" height=\"768\" src=\"https:\/\/trialinternational.org\/wp-content\/uploads\/2024\/01\/Bundesstrafgericht_ciel-bleu-1024x768.webp\" alt=\"Federal Criminal Court in Bellinzona\" class=\"wp-image-27381\" srcset=\"https:\/\/trialinternational.org\/wp-content\/uploads\/2024\/01\/Bundesstrafgericht_ciel-bleu-1024x768.webp 1024w, https:\/\/trialinternational.org\/wp-content\/uploads\/2024\/01\/Bundesstrafgericht_ciel-bleu-300x225.webp 300w, https:\/\/trialinternational.org\/wp-content\/uploads\/2024\/01\/Bundesstrafgericht_ciel-bleu-768x576.webp 768w, https:\/\/trialinternational.org\/wp-content\/uploads\/2024\/01\/Bundesstrafgericht_ciel-bleu-1536x1152.webp 1536w, https:\/\/trialinternational.org\/wp-content\/uploads\/2024\/01\/Bundesstrafgericht_ciel-bleu.jpeg 2048w\" sizes=\"auto, (max-width: 1024px) 100vw, 1024px\" \/><figcaption class=\"wp-element-caption\">\u00a9TRIAL International \/ le Tribunal p\u00e9nal f\u00e9d\u00e9ral \u00e0 Bellinzone, Suisse.<\/figcaption><\/figure>\n\n\n\n<p>Le proc\u00e8s de l&rsquo;ancien Ministre de l&rsquo;int\u00e9rieur de la Gambie, Ousman Sonko, pour crimes contre l&rsquo;humanit\u00e9 pr\u00e9tendument commis sous le r\u00e9gime de l&rsquo;ancien dictateur Yahya Jammeh, est en cours depuis pr\u00e8s de 3 semaines. TRIAL International a continu\u00e9 \u00e0 publier des r\u00e9sum\u00e9s quotidiens et hebdomadaires des proc\u00e9dures.<\/p>\n\n\n\n<div class=\"wp-block-buttons is-layout-flex wp-block-buttons-is-layout-flex\">\n<div class=\"wp-block-button\"><a class=\"wp-block-button__link wp-element-button\" href=\"https:\/\/trialinternational.org\/fr\/latest-post\/toutes-les-parties-ont-ete-entendues-resume-des-debats-de-la-troisieme-semaine-du-proces-dousman-sonko\/\" target=\"_blank\" rel=\"noreferrer noopener\">Notre r\u00e9sum\u00e9 de la troisi\u00e8me semaine du proc\u00e8s<\/a><\/div>\n<\/div>\n<\/div>\n\n            <\/div>\n                     <div class=\"c-block-item\" id=\"live-27374\">\n                <div class=\"update-date\">\n\n                25 janvier 2024 11:36\n                \n        <div class=\"c-Share\">\n            <button class=\"c-Share-social meta__link orange\" data-toggle=\"collapse\" data-target=\"#pop-27374\">\n                <svg xmlns=\"http:\/\/www.w3.org\/2000\/svg\" width=\"18\" height=\"14\" ><path fill=\"currentColor\" d=\"M10.73.063c-.178-.149-.444-.018-.444.218v3.062C1.89 4.86.3 11.5.002 13.728c-.018.16.1.272.236.272a.253.253 0 0 0 .181-.084C4.595 9.476 8.806 9.14 9.968 9.14c.209 0 .318.01.318.01v3.375c0 .24.27.369.447.215l7.17-6.228a.287.287 0 0 0-.003-.433L10.73.063Z\"\/><\/svg>\n                <span class=\"sr-only\">Partage<\/span>\n            <\/button>\n            <div class=\"c-Share-social-container\" id=\"pop-27374\">\n                <ul class=\"meta__sub\" >\n                    <li class=\"meta__icon-sub\">\n                        <button type=\"button\" class=\"js-social meta__link-sub\" data-position=\"feed\" data-social=\"tw\" data-url=\"https:\/\/trialinternational.org\/fr\/case-update\/23-janvier-2024-jour-12-demandes-de-preuves-decision-procedurale-et-suspension-du-proces-jusquen-mars-2024\/\" data-url-params=\"#live-27374\" data-title=\"Jours 12-13 : Demandes de preuves, d\u00e9cision proc\u00e9durale et suspension du proc\u00e8s jusqu&rsquo;en mars 2024\">\n                        <span class=\"meta__icon-container\"> <span class=\"meta__icon icon__twitter\"><\/span> <\/span> <span class=\"sr-only\">Twitter<\/span>\n                        <\/button>\n                    <\/li>\n                    <li class=\"meta__icon-sub\">\n                        <button type=\"button\" class=\"js-social meta__link-sub\" data-position=\"feed\" data-social=\"fb\" data-url=\"https:\/\/trialinternational.org\/fr\/case-update\/23-janvier-2024-jour-12-demandes-de-preuves-decision-procedurale-et-suspension-du-proces-jusquen-mars-2024\/\" data-url-params=\"#live-27374\" data-title=\"Jours 12-13 : Demandes de preuves, d\u00e9cision proc\u00e9durale et suspension du proc\u00e8s jusqu&rsquo;en mars 2024\">\n                            <span class=\"meta__icon-container\"> <span class=\"meta__icon icon__facebook\"><\/span> <\/span>\n                            <span class=\"sr-only\">Facebook<\/span>\n                        <\/button>\n                    <\/li>\n                    <li class=\"meta__icon-sub\">\n                        <button type=\"button\" class=\"js-social meta__link-sub\" data-position=\"feed\" data-social=\"copy\" data-url-params=\"#live-27374\" data-title=\"Jours 12-13 : Demandes de preuves, d\u00e9cision proc\u00e9durale et suspension du proc\u00e8s jusqu&rsquo;en mars 2024\">\n                            <span class=\"meta__icon-container\"> <span class=\"meta__icon icon__link\"><\/span> <\/span>\n                            <span class=\"meta__label-sub\"> <span class=\"js-label-copy\">Copier le lien<\/span> <span class=\"js-label-copied\"><\/span> <\/span>\n                        <\/button>\n                    <\/li>\n                <\/ul>\n            <\/div>\n        <\/div>\n        \n                <\/div>\n                <div class=\"update-titre orange\">Jours 12-13 : Demandes de preuves, d\u00e9cision proc\u00e9durale et suspension du proc\u00e8s jusqu&rsquo;en mars 2024 <\/div>\n                <div class=\"update-content\">\n<p><strong>Le 23 janvier 2024 a marqu\u00e9 la fin des auditions de toutes les parties<\/strong>. Conform\u00e9ment au code de proc\u00e9dure, les parties ont alors eu la possibilit\u00e9 de demander des preuves suppl\u00e9mentaires.<\/p>\n\n\n\n<p><strong>Le Procureur et les plaignant\u00b7e\u00b7s<\/strong> ont rappel\u00e9 que plusieurs personnes pouvaient encore \u00eatre entendues afin de soutenir l&rsquo;existence d&rsquo;un syst\u00e8me mis en place pour r\u00e9primer la population civile dans le cadre des \u00e9v\u00e9nements de 2006 et que le dossier complet ayant conduit \u00e0 la r\u00e9cente condamnation de Bai Lowe en Allemagne soit ajout\u00e9 comme \u00e9l\u00e9ment de preuve, ainsi que la demande d&rsquo;asile faite par l&rsquo;accus\u00e9 en Su\u00e8de. Lisez notre r\u00e9capitulatif des <a href=\"https:\/\/trialinternational.org\/fr\/latest-post\/23-24-janvier-2024-jours-12-13-demandes-de-preuves-decision-procedurale-et-suspension-du-proces-jusquen-mars-2024\/\">douzi\u00e8me et treizi\u00e8me journ\u00e9es<\/a>.<\/p>\n<\/div>\n\n            <\/div>\n                     <div class=\"c-block-item\" id=\"live-27363\">\n                <div class=\"update-date\">\n\n                24 janvier 2024 09:27\n                \n        <div class=\"c-Share\">\n            <button class=\"c-Share-social meta__link orange\" data-toggle=\"collapse\" data-target=\"#pop-27363\">\n                <svg xmlns=\"http:\/\/www.w3.org\/2000\/svg\" width=\"18\" height=\"14\" ><path fill=\"currentColor\" d=\"M10.73.063c-.178-.149-.444-.018-.444.218v3.062C1.89 4.86.3 11.5.002 13.728c-.018.16.1.272.236.272a.253.253 0 0 0 .181-.084C4.595 9.476 8.806 9.14 9.968 9.14c.209 0 .318.01.318.01v3.375c0 .24.27.369.447.215l7.17-6.228a.287.287 0 0 0-.003-.433L10.73.063Z\"\/><\/svg>\n                <span class=\"sr-only\">Partage<\/span>\n            <\/button>\n            <div class=\"c-Share-social-container\" id=\"pop-27363\">\n                <ul class=\"meta__sub\" >\n                    <li class=\"meta__icon-sub\">\n                        <button type=\"button\" class=\"js-social meta__link-sub\" data-position=\"feed\" data-social=\"tw\" data-url=\"https:\/\/trialinternational.org\/fr\/case-update\/23-janvier-2024-jour-11-interrogatoire-dousman-sonko-sur-les-accusations-de-mars-2006\/\" data-url-params=\"#live-27363\" data-title=\"Jour 12 : Interrogatoire d&rsquo;Ousman Sonko sur les accusations de mars 2006\">\n                        <span class=\"meta__icon-container\"> <span class=\"meta__icon icon__twitter\"><\/span> <\/span> <span class=\"sr-only\">Twitter<\/span>\n                        <\/button>\n                    <\/li>\n                    <li class=\"meta__icon-sub\">\n                        <button type=\"button\" class=\"js-social meta__link-sub\" data-position=\"feed\" data-social=\"fb\" data-url=\"https:\/\/trialinternational.org\/fr\/case-update\/23-janvier-2024-jour-11-interrogatoire-dousman-sonko-sur-les-accusations-de-mars-2006\/\" data-url-params=\"#live-27363\" data-title=\"Jour 12 : Interrogatoire d&rsquo;Ousman Sonko sur les accusations de mars 2006\">\n                            <span class=\"meta__icon-container\"> <span class=\"meta__icon icon__facebook\"><\/span> <\/span>\n                            <span class=\"sr-only\">Facebook<\/span>\n                        <\/button>\n                    <\/li>\n                    <li class=\"meta__icon-sub\">\n                        <button type=\"button\" class=\"js-social meta__link-sub\" data-position=\"feed\" data-social=\"copy\" data-url-params=\"#live-27363\" data-title=\"Jour 12 : Interrogatoire d&rsquo;Ousman Sonko sur les accusations de mars 2006\">\n                            <span class=\"meta__icon-container\"> <span class=\"meta__icon icon__link\"><\/span> <\/span>\n                            <span class=\"meta__label-sub\"> <span class=\"js-label-copy\">Copier le lien<\/span> <span class=\"js-label-copied\"><\/span> <\/span>\n                        <\/button>\n                    <\/li>\n                <\/ul>\n            <\/div>\n        <\/div>\n        \n                <\/div>\n                <div class=\"update-titre orange\">Jour 12 : Interrogatoire d&rsquo;Ousman Sonko sur les accusations de mars 2006 <\/div>\n                <div class=\"update-content\">\n<h4 class=\"wp-block-heading\">(actes de torture, de s\u00e9questration et de violences sexuelles commis en tant que crimes contre l\u2019humanit\u00e9)<\/h4>\n\n\n\n<p><em>Dans le cadre d&rsquo;une tentative de coup d&rsquo;\u00c9tat en mars 2006, Ousman Sonko est accus\u00e9, en tant que complice d&rsquo;un groupe d&rsquo;auteurs, d&rsquo;avoir tortur\u00e9 diverses personnes, dont des membres de l&rsquo;arm\u00e9e, des politicien\u00b7ne\u00b7s et des journalistes, de les avoir ill\u00e9galement priv\u00e9es de leur libert\u00e9, ainsi que d&rsquo;avoir commis un viol \u00e0 Banjul, en Gambie.<\/em> Lisez notre r\u00e9capitulatif de la <a href=\"https:\/\/trialinternational.org\/fr\/latest-post\/23-janvier-2024-jour-12-interrogatoire-dousman-sonko-sur-les-accusations-de-mars-2006\/\">douzi\u00e8me journ\u00e9e<\/a>.<\/p>\n<\/div>\n\n            <\/div>\n                     <div class=\"c-block-item\" id=\"live-27362\">\n                <div class=\"update-date\">\n\n                23 janvier 2024 19:30\n                \n        <div class=\"c-Share\">\n            <button class=\"c-Share-social meta__link orange\" data-toggle=\"collapse\" data-target=\"#pop-27362\">\n                <svg xmlns=\"http:\/\/www.w3.org\/2000\/svg\" width=\"18\" height=\"14\" ><path fill=\"currentColor\" d=\"M10.73.063c-.178-.149-.444-.018-.444.218v3.062C1.89 4.86.3 11.5.002 13.728c-.018.16.1.272.236.272a.253.253 0 0 0 .181-.084C4.595 9.476 8.806 9.14 9.968 9.14c.209 0 .318.01.318.01v3.375c0 .24.27.369.447.215l7.17-6.228a.287.287 0 0 0-.003-.433L10.73.063Z\"\/><\/svg>\n                <span class=\"sr-only\">Partage<\/span>\n            <\/button>\n            <div class=\"c-Share-social-container\" id=\"pop-27362\">\n                <ul class=\"meta__sub\" >\n                    <li class=\"meta__icon-sub\">\n                        <button type=\"button\" class=\"js-social meta__link-sub\" data-position=\"feed\" data-social=\"tw\" data-url=\"https:\/\/trialinternational.org\/fr\/case-update\/jour-11-examen-des-accusations-de-mars-2006-en-relation-avec-la-persecution-de-journalistes\/\" data-url-params=\"#live-27362\" data-title=\"Jour 11 : Examen des accusations de mars 2006 en relation avec la pers\u00e9cution de journalistes\">\n                        <span class=\"meta__icon-container\"> <span class=\"meta__icon icon__twitter\"><\/span> <\/span> <span class=\"sr-only\">Twitter<\/span>\n                        <\/button>\n                    <\/li>\n                    <li class=\"meta__icon-sub\">\n                        <button type=\"button\" class=\"js-social meta__link-sub\" data-position=\"feed\" data-social=\"fb\" data-url=\"https:\/\/trialinternational.org\/fr\/case-update\/jour-11-examen-des-accusations-de-mars-2006-en-relation-avec-la-persecution-de-journalistes\/\" data-url-params=\"#live-27362\" data-title=\"Jour 11 : Examen des accusations de mars 2006 en relation avec la pers\u00e9cution de journalistes\">\n                            <span class=\"meta__icon-container\"> <span class=\"meta__icon icon__facebook\"><\/span> <\/span>\n                            <span class=\"sr-only\">Facebook<\/span>\n                        <\/button>\n                    <\/li>\n                    <li class=\"meta__icon-sub\">\n                        <button type=\"button\" class=\"js-social meta__link-sub\" data-position=\"feed\" data-social=\"copy\" data-url-params=\"#live-27362\" data-title=\"Jour 11 : Examen des accusations de mars 2006 en relation avec la pers\u00e9cution de journalistes\">\n                            <span class=\"meta__icon-container\"> <span class=\"meta__icon icon__link\"><\/span> <\/span>\n                            <span class=\"meta__label-sub\"> <span class=\"js-label-copy\">Copier le lien<\/span> <span class=\"js-label-copied\"><\/span> <\/span>\n                        <\/button>\n                    <\/li>\n                <\/ul>\n            <\/div>\n        <\/div>\n        \n                <\/div>\n                <div class=\"update-titre orange\">Jour 11 : Examen des accusations de mars 2006 en relation avec la pers\u00e9cution de journalistes <\/div>\n                <div class=\"update-content\">\n<h4 class=\"wp-block-heading\">(actes de torture, de s\u00e9questration et de violences sexuelles commis en tant que crimes contre l&rsquo;humanit\u00e9)<\/h4>\n\n\n\n<p><em>Dans le cadre d\u2019une tentative de coup d\u2019\u00c9tat en mars 2006, Ousman Sonko est accus\u00e9, en complicit\u00e9 avec un groupe d\u2019auteur<em>\u00b7e\u00b7<\/em>s, d\u2019avoir tortur\u00e9 diverses personnes, dont des membres de l\u2019arm\u00e9e, des politicien<em>\u00b7ne\u00b7<\/em>s et des journalistes, de les avoir ill\u00e9galement priv\u00e9es de libert\u00e9, ainsi que d\u2019avoir commis un viol \u00e0 Banjul, Gambie.<\/em> Lisez notre r\u00e9capitulatif du la <a href=\"https:\/\/trialinternational.org\/fr\/latest-post\/jour-11-examen-des-accusations-de-mars-2006-en-relation-avec-la-persecution-de-journalistes\/\">onzi\u00e8me journ\u00e9e<\/a>.<\/p>\n<\/div>\n\n            <\/div>\n                     <div class=\"c-block-item\" id=\"live-27348\">\n                <div class=\"update-date\">\n\n                22 janvier 2024 21:36\n                \n        <div class=\"c-Share\">\n            <button class=\"c-Share-social meta__link orange\" data-toggle=\"collapse\" data-target=\"#pop-27348\">\n                <svg xmlns=\"http:\/\/www.w3.org\/2000\/svg\" width=\"18\" height=\"14\" ><path fill=\"currentColor\" d=\"M10.73.063c-.178-.149-.444-.018-.444.218v3.062C1.89 4.86.3 11.5.002 13.728c-.018.16.1.272.236.272a.253.253 0 0 0 .181-.084C4.595 9.476 8.806 9.14 9.968 9.14c.209 0 .318.01.318.01v3.375c0 .24.27.369.447.215l7.17-6.228a.287.287 0 0 0-.003-.433L10.73.063Z\"\/><\/svg>\n                <span class=\"sr-only\">Partage<\/span>\n            <\/button>\n            <div class=\"c-Share-social-container\" id=\"pop-27348\">\n                <ul class=\"meta__sub\" >\n                    <li class=\"meta__icon-sub\">\n                        <button type=\"button\" class=\"js-social meta__link-sub\" data-position=\"feed\" data-social=\"tw\" data-url=\"https:\/\/trialinternational.org\/fr\/case-update\/18-and-22-january-2024-days-9-10-examination-of-the-march-2006-charges-in-relation-to-the-persecution-of-journalists\/\" data-url-params=\"#live-27348\" data-title=\"Jours 9 et 11 : Examen des charges de mars 2006 en relation avec la pers\u00e9cution de journalistes\">\n                        <span class=\"meta__icon-container\"> <span class=\"meta__icon icon__twitter\"><\/span> <\/span> <span class=\"sr-only\">Twitter<\/span>\n                        <\/button>\n                    <\/li>\n                    <li class=\"meta__icon-sub\">\n                        <button type=\"button\" class=\"js-social meta__link-sub\" data-position=\"feed\" data-social=\"fb\" data-url=\"https:\/\/trialinternational.org\/fr\/case-update\/18-and-22-january-2024-days-9-10-examination-of-the-march-2006-charges-in-relation-to-the-persecution-of-journalists\/\" data-url-params=\"#live-27348\" data-title=\"Jours 9 et 11 : Examen des charges de mars 2006 en relation avec la pers\u00e9cution de journalistes\">\n                            <span class=\"meta__icon-container\"> <span class=\"meta__icon icon__facebook\"><\/span> <\/span>\n                            <span class=\"sr-only\">Facebook<\/span>\n                        <\/button>\n                    <\/li>\n                    <li class=\"meta__icon-sub\">\n                        <button type=\"button\" class=\"js-social meta__link-sub\" data-position=\"feed\" data-social=\"copy\" data-url-params=\"#live-27348\" data-title=\"Jours 9 et 11 : Examen des charges de mars 2006 en relation avec la pers\u00e9cution de journalistes\">\n                            <span class=\"meta__icon-container\"> <span class=\"meta__icon icon__link\"><\/span> <\/span>\n                            <span class=\"meta__label-sub\"> <span class=\"js-label-copy\">Copier le lien<\/span> <span class=\"js-label-copied\"><\/span> <\/span>\n                        <\/button>\n                    <\/li>\n                <\/ul>\n            <\/div>\n        <\/div>\n        \n                <\/div>\n                <div class=\"update-titre orange\">Jours 9 et 11 : Examen des charges de mars 2006 en relation avec la pers\u00e9cution de journalistes <\/div>\n                <div class=\"update-content\">\n<h4 class=\"wp-block-heading\">(actes de torture, de s\u00e9questration et de violences sexuelles commis en tant que crimes contre l&rsquo;humanit\u00e9)<\/h4>\n\n\n\n<p><em>Dans le cadre d&rsquo;une tentative de coup d&rsquo;\u00c9tat en mars 2006, Ousman Sonko est accus\u00e9, en complicit\u00e9 avec un groupe d\u2019auteur<em>\u00b7e\u00b7<\/em>s, d&rsquo;avoir tortur\u00e9 diverses personnes, dont des membres de l&rsquo;arm\u00e9e, des politicien<em>\u00b7ne\u00b7<\/em>s et des journalistes, de les avoir ill\u00e9galement priv\u00e9es de libert\u00e9, ainsi que d&rsquo;avoir commis un viol \u00e0 Banjul, Gambie.<\/em> Lisez notre r\u00e9capitulatif des <a href=\"https:\/\/trialinternational.org\/fr\/latest-post\/18-et-22-janvier-2024-jours-9-et-11-examen-des-charges-de-mars-2006-en-relation-avec-la-persecution-de-journalistes\/\">neuvi\u00e8me et onzi\u00e8me journ\u00e9es<\/a>.<\/p>\n\n\n\n<p><\/p>\n<\/div>\n\n            <\/div>\n                     <div class=\"c-block-item\" id=\"live-27342\">\n                <div class=\"update-date\">\n\n                22 janvier 2024 11:44\n                \n        <div class=\"c-Share\">\n            <button class=\"c-Share-social meta__link orange\" data-toggle=\"collapse\" data-target=\"#pop-27342\">\n                <svg xmlns=\"http:\/\/www.w3.org\/2000\/svg\" width=\"18\" height=\"14\" ><path fill=\"currentColor\" d=\"M10.73.063c-.178-.149-.444-.018-.444.218v3.062C1.89 4.86.3 11.5.002 13.728c-.018.16.1.272.236.272a.253.253 0 0 0 .181-.084C4.595 9.476 8.806 9.14 9.968 9.14c.209 0 .318.01.318.01v3.375c0 .24.27.369.447.215l7.17-6.228a.287.287 0 0 0-.003-.433L10.73.063Z\"\/><\/svg>\n                <span class=\"sr-only\">Partage<\/span>\n            <\/button>\n            <div class=\"c-Share-social-container\" id=\"pop-27342\">\n                <ul class=\"meta__sub\" >\n                    <li class=\"meta__icon-sub\">\n                        <button type=\"button\" class=\"js-social meta__link-sub\" data-position=\"feed\" data-social=\"tw\" data-url=\"https:\/\/trialinternational.org\/fr\/case-update\/resume-des-debats-de-la-deuxieme-semaine-du-proces-dousman-sonko\/\" data-url-params=\"#live-27342\" data-title=\"La fin d&rsquo;une longue attente : R\u00e9sum\u00e9 des d\u00e9bats de la deuxi\u00e8me semaine du proc\u00e8s d\u2019Ousman Sonko\">\n                        <span class=\"meta__icon-container\"> <span class=\"meta__icon icon__twitter\"><\/span> <\/span> <span class=\"sr-only\">Twitter<\/span>\n                        <\/button>\n                    <\/li>\n                    <li class=\"meta__icon-sub\">\n                        <button type=\"button\" class=\"js-social meta__link-sub\" data-position=\"feed\" data-social=\"fb\" data-url=\"https:\/\/trialinternational.org\/fr\/case-update\/resume-des-debats-de-la-deuxieme-semaine-du-proces-dousman-sonko\/\" data-url-params=\"#live-27342\" data-title=\"La fin d&rsquo;une longue attente : R\u00e9sum\u00e9 des d\u00e9bats de la deuxi\u00e8me semaine du proc\u00e8s d\u2019Ousman Sonko\">\n                            <span class=\"meta__icon-container\"> <span class=\"meta__icon icon__facebook\"><\/span> <\/span>\n                            <span class=\"sr-only\">Facebook<\/span>\n                        <\/button>\n                    <\/li>\n                    <li class=\"meta__icon-sub\">\n                        <button type=\"button\" class=\"js-social meta__link-sub\" data-position=\"feed\" data-social=\"copy\" data-url-params=\"#live-27342\" data-title=\"La fin d&rsquo;une longue attente : R\u00e9sum\u00e9 des d\u00e9bats de la deuxi\u00e8me semaine du proc\u00e8s d\u2019Ousman Sonko\">\n                            <span class=\"meta__icon-container\"> <span class=\"meta__icon icon__link\"><\/span> <\/span>\n                            <span class=\"meta__label-sub\"> <span class=\"js-label-copy\">Copier le lien<\/span> <span class=\"js-label-copied\"><\/span> <\/span>\n                        <\/button>\n                    <\/li>\n                <\/ul>\n            <\/div>\n        <\/div>\n        \n                <\/div>\n                <div class=\"update-titre orange\">La fin d&rsquo;une longue attente : R\u00e9sum\u00e9 des d\u00e9bats de la deuxi\u00e8me semaine du proc\u00e8s d\u2019Ousman Sonko <\/div>\n                <div class=\"update-content\">\n<h4 class=\"wp-block-heading\"><strong>(15-19 janvier 2024, Tribunal p\u00e9nal f\u00e9d\u00e9ral, Suisse)<\/strong><\/h4>\n\n\n\n<p>Le proc\u00e8s d&rsquo;Ousman Sonko s&rsquo;est ouvert le 8 janvier 2024 devant le Tribunal p\u00e9nal f\u00e9d\u00e9ral suisse (TPF). Un panel de trois juges examine la responsabilit\u00e9 de l&rsquo;ancien Ministre de l&rsquo;Int\u00e9rieur gambien dans les nombreux crimes <strong>contre l&rsquo;humanit\u00e9<\/strong> qu&rsquo;il est accus\u00e9 d&rsquo;avoir commis entre 2000 et 2016, sous le r\u00e9gime de l&rsquo;ancien pr\u00e9sident Yahya Jammeh.<\/p>\n\n\n\n<p>Pendant les trois semaines du proc\u00e8s, Ousman Sonko est repr\u00e9sent\u00e9 par une \u00e9quipe de d\u00e9fense de quatre personnes. Neuf plaignant\u00b7e\u00b7s sont entendu\u00b7e\u00b7s pendant deux semaines. Ielles sont repr\u00e9sent\u00e9\u00b7e\u00b7s par leurs avocat\u00b7e\u00b7s et soutenu\u00b7e\u00b7s par TRIAL International, qui a d\u00e9pos\u00e9 la d\u00e9nonciation p\u00e9nale contre Ousman Sonko en 2017.<\/p>\n\n\n\n<div class=\"wp-block-buttons is-layout-flex wp-block-buttons-is-layout-flex\">\n<div class=\"wp-block-button\"><a class=\"wp-block-button__link wp-element-button\" href=\"https:\/\/trialinternational.org\/fr\/latest-post\/resume-des-debats-de-la-deuxieme-semaine-du-proces-dousman-sonko\/\" target=\"_blank\" rel=\"noreferrer noopener\">Lisez notre r\u00e9sum\u00e9 de la deuxi\u00e8me semaine de d\u00e9bats<\/a><\/div>\n<\/div>\n<\/div>\n\n            <\/div>\n                     <div class=\"c-block-item\" id=\"live-27332\">\n                <div class=\"update-date\">\n\n                19 janvier 2024 16:58\n                \n        <div class=\"c-Share\">\n            <button class=\"c-Share-social meta__link orange\" data-toggle=\"collapse\" data-target=\"#pop-27332\">\n                <svg xmlns=\"http:\/\/www.w3.org\/2000\/svg\" width=\"18\" height=\"14\" ><path fill=\"currentColor\" d=\"M10.73.063c-.178-.149-.444-.018-.444.218v3.062C1.89 4.86.3 11.5.002 13.728c-.018.16.1.272.236.272a.253.253 0 0 0 .181-.084C4.595 9.476 8.806 9.14 9.968 9.14c.209 0 .318.01.318.01v3.375c0 .24.27.369.447.215l7.17-6.228a.287.287 0 0 0-.003-.433L10.73.063Z\"\/><\/svg>\n                <span class=\"sr-only\">Partage<\/span>\n            <\/button>\n            <div class=\"c-Share-social-container\" id=\"pop-27332\">\n                <ul class=\"meta__sub\" >\n                    <li class=\"meta__icon-sub\">\n                        <button type=\"button\" class=\"js-social meta__link-sub\" data-position=\"feed\" data-social=\"tw\" data-url=\"https:\/\/trialinternational.org\/fr\/case-update\/jour-10-le-proces-est-suspendu-jusqua-lundi-22-janvier-2024\/\" data-url-params=\"#live-27332\" data-title=\"Jour 10 : Le proc\u00e8s est suspendu jusqu&rsquo;\u00e0 lundi 22 janvier 2024\">\n                        <span class=\"meta__icon-container\"> <span class=\"meta__icon icon__twitter\"><\/span> <\/span> <span class=\"sr-only\">Twitter<\/span>\n                        <\/button>\n                    <\/li>\n                    <li class=\"meta__icon-sub\">\n                        <button type=\"button\" class=\"js-social meta__link-sub\" data-position=\"feed\" data-social=\"fb\" data-url=\"https:\/\/trialinternational.org\/fr\/case-update\/jour-10-le-proces-est-suspendu-jusqua-lundi-22-janvier-2024\/\" data-url-params=\"#live-27332\" data-title=\"Jour 10 : Le proc\u00e8s est suspendu jusqu&rsquo;\u00e0 lundi 22 janvier 2024\">\n                            <span class=\"meta__icon-container\"> <span class=\"meta__icon icon__facebook\"><\/span> <\/span>\n                            <span class=\"sr-only\">Facebook<\/span>\n                        <\/button>\n                    <\/li>\n                    <li class=\"meta__icon-sub\">\n                        <button type=\"button\" class=\"js-social meta__link-sub\" data-position=\"feed\" data-social=\"copy\" data-url-params=\"#live-27332\" data-title=\"Jour 10 : Le proc\u00e8s est suspendu jusqu&rsquo;\u00e0 lundi 22 janvier 2024\">\n                            <span class=\"meta__icon-container\"> <span class=\"meta__icon icon__link\"><\/span> <\/span>\n                            <span class=\"meta__label-sub\"> <span class=\"js-label-copy\">Copier le lien<\/span> <span class=\"js-label-copied\"><\/span> <\/span>\n                        <\/button>\n                    <\/li>\n                <\/ul>\n            <\/div>\n        <\/div>\n        \n                <\/div>\n                <div class=\"update-titre orange\">Jour 10 : Le proc\u00e8s est suspendu jusqu&rsquo;\u00e0 lundi 22 janvier 2024 <\/div>\n                <div class=\"update-content\">\n<p><em>Apr\u00e8s l&rsquo;audition d&rsquo;Ousman Sonko le 18 janvier 2024, un plaignant a \u00e9t\u00e9 appel\u00e9 \u00e0 faire une d\u00e9claration sur son arrestation et les tortures qu&rsquo;il a subies en 2006.<\/em><\/p>\n\n\n\n<p><em>Son audience a \u00e9t\u00e9 interrompue \u00e0 la fin de la journ\u00e9e et il a \u00e9t\u00e9 pr\u00e9vu qu&rsquo;elle se poursuive le 19 janvier 2024.<\/em><\/p>\n\n\n\n<p><em>La d\u00e9fense a inform\u00e9 la Cour et les parties dans la soir\u00e9e qu&rsquo;elle ne serait pas en mesure de repr\u00e9senter son client le lendemain.<\/em><\/p>\n\n\n\n<p><em>Le proc\u00e8s ne pouvant se poursuivre sans la pr\u00e9sence de la d\u00e9fense, la Cour, conform\u00e9ment au code p\u00e9nal proc\u00e9dural, a suspendu la proc\u00e9dure et inform\u00e9 les parties qu&rsquo;elle reprendrait le lundi 22 janvier 2024, \u00e0 8h30 (CET).<\/em><\/p>\n\n\n\n<p><em>En cons\u00e9quence, les dernier\u00b7es plaignant\u00b7es seront interrog\u00e9\u00b7es la semaine prochaine et la Cour a donc accept\u00e9 de prolonger leur s\u00e9jour.<\/em><\/p>\n\n\n\n<p><em>Toutefois, les autres plaignant\u00b7es ayant d\u00e9j\u00e0 t\u00e9moign\u00e9, doivent quitter la Suisse le 20 janvier 2024 <\/em>et<em> ne seront pas en mesure d&rsquo;entendre le nouvel interrogatoire de l&rsquo;accus\u00e9 la semaine prochaine, en l&rsquo;absence de moyens leur permettant de prolonger leur s\u00e9jour. S&rsquo;iels parvenaient \u00e0 avancer les frais, nous ignorons si la Cour envisage de les rembourser ou non. <\/em><\/p>\n\n\n\n<figure class=\"wp-block-table is-style-regular\"><table><tbody><tr><td><em>En ce qui concerne l&rsquo;acc\u00e8s des victimes \u00e0 la justice, TRIAL International est convaincue que la pr\u00e9sence des plaignant\u00b7es \u00e0 l&rsquo;audience d&rsquo;Ousman Sonko et leur confrontation avec les faits en jeu peuvent contribuer \u00e0 leur processus de gu\u00e9rison et apporter \u00e0 chacun\u00b7e la conclusion qu&rsquo;iels attendent depuis des ann\u00e9es.<\/em><br><br><em>TRIAL International rappelle que les plaignant\u00b7es auraient d\u00fb \u00eatre invit\u00e9\u00b7es \u00e0 assister \u00e0 l&rsquo;int\u00e9gralit\u00e9 du proc\u00e8s et que leurs frais auraient d\u00fb \u00eatre pris en charge, car la participation des victimes \u00e0 ces proc\u00e8s est de la plus haute importance et s&rsquo;aligne sur le principe de comp\u00e9tence universelle qui permet aux victimes d&rsquo;\u00eatre entendues devant des juridictions \u00e9trang\u00e8res sur les crimes graves qu&rsquo;elles ont subis.<\/em><\/td><\/tr><\/tbody><\/table><\/figure>\n<\/div>\n\n            <\/div>\n                     <div class=\"c-block-item\" id=\"live-27312\">\n                <div class=\"update-date\">\n\n                18 janvier 2024 18:11\n                \n        <div class=\"c-Share\">\n            <button class=\"c-Share-social meta__link orange\" data-toggle=\"collapse\" data-target=\"#pop-27312\">\n                <svg xmlns=\"http:\/\/www.w3.org\/2000\/svg\" width=\"18\" height=\"14\" ><path fill=\"currentColor\" d=\"M10.73.063c-.178-.149-.444-.018-.444.218v3.062C1.89 4.86.3 11.5.002 13.728c-.018.16.1.272.236.272a.253.253 0 0 0 .181-.084C4.595 9.476 8.806 9.14 9.968 9.14c.209 0 .318.01.318.01v3.375c0 .24.27.369.447.215l7.17-6.228a.287.287 0 0 0-.003-.433L10.73.063Z\"\/><\/svg>\n                <span class=\"sr-only\">Partage<\/span>\n            <\/button>\n            <div class=\"c-Share-social-container\" id=\"pop-27312\">\n                <ul class=\"meta__sub\" >\n                    <li class=\"meta__icon-sub\">\n                        <button type=\"button\" class=\"js-social meta__link-sub\" data-position=\"feed\" data-social=\"tw\" data-url=\"https:\/\/trialinternational.org\/fr\/case-update\/17-and-18-january-2024-days-8-and-9-examination-of-ousman-sonkos-responsibility-over-the-deprivation-of-liberty-torture-and-cruel-detention-conditions-of-protesters-in-april-2016\/\" data-url-params=\"#live-27312\" data-title=\"Jours 8 et 9 : Examen de la responsabilit\u00e9 d&rsquo;Ousman Sonko dans la privation de libert\u00e9, la torture et les conditions de d\u00e9tention cruelles de manifestant\u00b7e\u00b7s \u00e0 partir d&rsquo;avril 2016 en tant que crimes contre l&rsquo;humanit\u00e9\">\n                        <span class=\"meta__icon-container\"> <span class=\"meta__icon icon__twitter\"><\/span> <\/span> <span class=\"sr-only\">Twitter<\/span>\n                        <\/button>\n                    <\/li>\n                    <li class=\"meta__icon-sub\">\n                        <button type=\"button\" class=\"js-social meta__link-sub\" data-position=\"feed\" data-social=\"fb\" data-url=\"https:\/\/trialinternational.org\/fr\/case-update\/17-and-18-january-2024-days-8-and-9-examination-of-ousman-sonkos-responsibility-over-the-deprivation-of-liberty-torture-and-cruel-detention-conditions-of-protesters-in-april-2016\/\" data-url-params=\"#live-27312\" data-title=\"Jours 8 et 9 : Examen de la responsabilit\u00e9 d&rsquo;Ousman Sonko dans la privation de libert\u00e9, la torture et les conditions de d\u00e9tention cruelles de manifestant\u00b7e\u00b7s \u00e0 partir d&rsquo;avril 2016 en tant que crimes contre l&rsquo;humanit\u00e9\">\n                            <span class=\"meta__icon-container\"> <span class=\"meta__icon icon__facebook\"><\/span> <\/span>\n                            <span class=\"sr-only\">Facebook<\/span>\n                        <\/button>\n                    <\/li>\n                    <li class=\"meta__icon-sub\">\n                        <button type=\"button\" class=\"js-social meta__link-sub\" data-position=\"feed\" data-social=\"copy\" data-url-params=\"#live-27312\" data-title=\"Jours 8 et 9 : Examen de la responsabilit\u00e9 d&rsquo;Ousman Sonko dans la privation de libert\u00e9, la torture et les conditions de d\u00e9tention cruelles de manifestant\u00b7e\u00b7s \u00e0 partir d&rsquo;avril 2016 en tant que crimes contre l&rsquo;humanit\u00e9\">\n                            <span class=\"meta__icon-container\"> <span class=\"meta__icon icon__link\"><\/span> <\/span>\n                            <span class=\"meta__label-sub\"> <span class=\"js-label-copy\">Copier le lien<\/span> <span class=\"js-label-copied\"><\/span> <\/span>\n                        <\/button>\n                    <\/li>\n                <\/ul>\n            <\/div>\n        <\/div>\n        \n                <\/div>\n                <div class=\"update-titre orange\">Jours 8 et 9 : Examen de la responsabilit\u00e9 d&rsquo;Ousman Sonko dans la privation de libert\u00e9, la torture et les conditions de d\u00e9tention cruelles de manifestant\u00b7e\u00b7s \u00e0 partir d&rsquo;avril 2016 en tant que crimes contre l&rsquo;humanit\u00e9 <\/div>\n                <div class=\"update-content\">\n<p><em>Ousman Sonko est accus\u00e9, en complicit\u00e9 avec un groupe d&rsquo;auteurs, d&rsquo;avoir tortur\u00e9 plusieurs opposant\u00b7e\u00b7s politiques et de les avoir ill\u00e9galement priv\u00e9\u00b7e\u00b7s de libert\u00e9 dans le cadre d&rsquo;une manifestation politique organis\u00e9e en avril 2016 \u00e0 Banjul. Dans ce contexte, Ousman Sonko est notamment soup\u00e7onn\u00e9 d&rsquo;avoir tortur\u00e9 puis tu\u00e9 l&rsquo;un des organisateurs de la manifestation.<\/em><\/p>\n\n\n\n<figure class=\"wp-block-table\"><table><tbody><tr><td><em><strong>Fait marquant de la proc\u00e9dure<\/strong> : La Cour a accept\u00e9 les articles de journaux gambiens concernant l&rsquo;ex\u00e9cution de neuf d\u00e9tenus en 2012 comme \u00e9l\u00e9ments de preuve \u00e0 ajouter au dossier.<\/em><\/td><\/tr><\/tbody><\/table><\/figure>\n\n\n\n<figure class=\"wp-block-image size-large\"><img loading=\"lazy\" decoding=\"async\" width=\"1024\" height=\"512\" src=\"https:\/\/trialinternational.org\/wp-content\/uploads\/2024\/01\/Photo-de-groupe_sem-2_pays_cropped-1024x512.webp\" alt=\"\" class=\"wp-image-27323\" srcset=\"https:\/\/trialinternational.org\/wp-content\/uploads\/2024\/01\/Photo-de-groupe_sem-2_pays_cropped-1024x512.webp 1024w, https:\/\/trialinternational.org\/wp-content\/uploads\/2024\/01\/Photo-de-groupe_sem-2_pays_cropped-300x150.webp 300w, https:\/\/trialinternational.org\/wp-content\/uploads\/2024\/01\/Photo-de-groupe_sem-2_pays_cropped-768x384.webp 768w, https:\/\/trialinternational.org\/wp-content\/uploads\/2024\/01\/Photo-de-groupe_sem-2_pays_cropped.jpg 1382w\" sizes=\"auto, (max-width: 1024px) 100vw, 1024px\" \/><figcaption class=\"wp-element-caption\"><em>\u00a9TRIAL International \/ les parties plaignantes, leurs avocat\u00b7e\u00b7s et des repr\u00e9sentant\u00b7e\u00b7s de TRIAL International devant le TPF \u00e0 Bellinzone pendant la deuxi\u00e8me semaine du proc\u00e8s.<\/em><\/figcaption><\/figure>\n\n\n\n<p>Lisez notre r\u00e9capitulatif des <a href=\"https:\/\/trialinternational.org\/fr\/latest-post\/17-et-18-janvier-2024-jours-8-et-9-examen-de-la-responsabilite-dousman-sonko-dans-la-privation-de-liberte-la-torture-et-les-conditions-de-detention-cruelles-de-manifestant%c2%b7e\/\">huiti\u00e8me et neuvi\u00e8me journ\u00e9es<\/a>.<\/p>\n<\/div>\n\n            <\/div>\n                     <div class=\"c-block-item\" id=\"live-27284\">\n                <div class=\"update-date\">\n\n                17 janvier 2024 11:53\n                \n        <div class=\"c-Share\">\n            <button class=\"c-Share-social meta__link orange\" data-toggle=\"collapse\" data-target=\"#pop-27284\">\n                <svg xmlns=\"http:\/\/www.w3.org\/2000\/svg\" width=\"18\" height=\"14\" ><path fill=\"currentColor\" d=\"M10.73.063c-.178-.149-.444-.018-.444.218v3.062C1.89 4.86.3 11.5.002 13.728c-.018.16.1.272.236.272a.253.253 0 0 0 .181-.084C4.595 9.476 8.806 9.14 9.968 9.14c.209 0 .318.01.318.01v3.375c0 .24.27.369.447.215l7.17-6.228a.287.287 0 0 0-.003-.433L10.73.063Z\"\/><\/svg>\n                <span class=\"sr-only\">Partage<\/span>\n            <\/button>\n            <div class=\"c-Share-social-container\" id=\"pop-27284\">\n                <ul class=\"meta__sub\" >\n                    <li class=\"meta__icon-sub\">\n                        <button type=\"button\" class=\"js-social meta__link-sub\" data-position=\"feed\" data-social=\"tw\" data-url=\"https:\/\/trialinternational.org\/fr\/case-update\/examen-de-la-responsabilite-dousman-sonko-dans-la-privation-de-liberte-la-torture-et-les-conditions-de-detention-cruelles-des-manifestants-a-partir-davril-2016\/\" data-url-params=\"#live-27284\" data-title=\"Jours 6 \u00e0 8 : Examen de la responsabilit\u00e9 d&rsquo;Ousman Sonko dans la privation de libert\u00e9, la torture et les conditions de d\u00e9tention cruelles des manifestant\u00b7e\u00b7s \u00e0 partir d&rsquo;avril 2016.\">\n                        <span class=\"meta__icon-container\"> <span class=\"meta__icon icon__twitter\"><\/span> <\/span> <span class=\"sr-only\">Twitter<\/span>\n                        <\/button>\n                    <\/li>\n                    <li class=\"meta__icon-sub\">\n                        <button type=\"button\" class=\"js-social meta__link-sub\" data-position=\"feed\" data-social=\"fb\" data-url=\"https:\/\/trialinternational.org\/fr\/case-update\/examen-de-la-responsabilite-dousman-sonko-dans-la-privation-de-liberte-la-torture-et-les-conditions-de-detention-cruelles-des-manifestants-a-partir-davril-2016\/\" data-url-params=\"#live-27284\" data-title=\"Jours 6 \u00e0 8 : Examen de la responsabilit\u00e9 d&rsquo;Ousman Sonko dans la privation de libert\u00e9, la torture et les conditions de d\u00e9tention cruelles des manifestant\u00b7e\u00b7s \u00e0 partir d&rsquo;avril 2016.\">\n                            <span class=\"meta__icon-container\"> <span class=\"meta__icon icon__facebook\"><\/span> <\/span>\n                            <span class=\"sr-only\">Facebook<\/span>\n                        <\/button>\n                    <\/li>\n                    <li class=\"meta__icon-sub\">\n                        <button type=\"button\" class=\"js-social meta__link-sub\" data-position=\"feed\" data-social=\"copy\" data-url-params=\"#live-27284\" data-title=\"Jours 6 \u00e0 8 : Examen de la responsabilit\u00e9 d&rsquo;Ousman Sonko dans la privation de libert\u00e9, la torture et les conditions de d\u00e9tention cruelles des manifestant\u00b7e\u00b7s \u00e0 partir d&rsquo;avril 2016.\">\n                            <span class=\"meta__icon-container\"> <span class=\"meta__icon icon__link\"><\/span> <\/span>\n                            <span class=\"meta__label-sub\"> <span class=\"js-label-copy\">Copier le lien<\/span> <span class=\"js-label-copied\"><\/span> <\/span>\n                        <\/button>\n                    <\/li>\n                <\/ul>\n            <\/div>\n        <\/div>\n        \n                <\/div>\n                <div class=\"update-titre orange\">Jours 6 \u00e0 8 : Examen de la responsabilit\u00e9 d&rsquo;Ousman Sonko dans la privation de libert\u00e9, la torture et les conditions de d\u00e9tention cruelles des manifestant\u00b7e\u00b7s \u00e0 partir d&rsquo;avril 2016. <\/div>\n                <div class=\"update-content\">\n<p><em>Ousman Sonko est accus\u00e9, en complicit\u00e9 avec un groupe d&rsquo;auteurs, d&rsquo;avoir tortur\u00e9 plusieurs opposant\u00b7e\u00b7s politiques et de les avoir ill\u00e9galement priv\u00e9\u00b7e\u00b7s de libert\u00e9 dans le cadre d&rsquo;une manifestation politique organis\u00e9e en avril 2016 \u00e0 Banjul. Dans ce cadre, Ousman Sonko est notamment soup\u00e7onn\u00e9 d&rsquo;avoir tortur\u00e9 puis tu\u00e9 l&rsquo;un des organisateurs de la manifestation.<\/em> Lisez notre r\u00e9capitulatif de <a href=\"https:\/\/trialinternational.org\/fr\/latest-post\/15-17-janvier-2024-jours-6-a-8-examen-de-la-responsabilite-dousman-sonko-dans-la-privation-de-liberte-la-torture-et-les-conditions-de-detention-cruelles-des-manifestant%c2%b7e\/\">ces journ\u00e9es<\/a>.<\/p>\n\n\n\n<p><\/p>\n<\/div>\n\n            <\/div>\n                     <div class=\"c-block-item\" id=\"live-27272\">\n                <div class=\"update-date\">\n\n                15 janvier 2024 16:47\n                \n        <div class=\"c-Share\">\n            <button class=\"c-Share-social meta__link orange\" data-toggle=\"collapse\" data-target=\"#pop-27272\">\n                <svg xmlns=\"http:\/\/www.w3.org\/2000\/svg\" width=\"18\" height=\"14\" ><path fill=\"currentColor\" d=\"M10.73.063c-.178-.149-.444-.018-.444.218v3.062C1.89 4.86.3 11.5.002 13.728c-.018.16.1.272.236.272a.253.253 0 0 0 .181-.084C4.595 9.476 8.806 9.14 9.968 9.14c.209 0 .318.01.318.01v3.375c0 .24.27.369.447.215l7.17-6.228a.287.287 0 0 0-.003-.433L10.73.063Z\"\/><\/svg>\n                <span class=\"sr-only\">Partage<\/span>\n            <\/button>\n            <div class=\"c-Share-social-container\" id=\"pop-27272\">\n                <ul class=\"meta__sub\" >\n                    <li class=\"meta__icon-sub\">\n                        <button type=\"button\" class=\"js-social meta__link-sub\" data-position=\"feed\" data-social=\"tw\" data-url=\"https:\/\/trialinternational.org\/fr\/case-update\/day-6-examination-of-ousman-sonkos-responsibility-over-baba-jobes-murder-in-2011\/\" data-url-params=\"#live-27272\" data-title=\"Jour 6 : Examen de la responsabilit\u00e9 d&rsquo;Ousman Sonko dans l&rsquo;assassinat de Baba Jobe en 2011\">\n                        <span class=\"meta__icon-container\"> <span class=\"meta__icon icon__twitter\"><\/span> <\/span> <span class=\"sr-only\">Twitter<\/span>\n                        <\/button>\n                    <\/li>\n                    <li class=\"meta__icon-sub\">\n                        <button type=\"button\" class=\"js-social meta__link-sub\" data-position=\"feed\" data-social=\"fb\" data-url=\"https:\/\/trialinternational.org\/fr\/case-update\/day-6-examination-of-ousman-sonkos-responsibility-over-baba-jobes-murder-in-2011\/\" data-url-params=\"#live-27272\" data-title=\"Jour 6 : Examen de la responsabilit\u00e9 d&rsquo;Ousman Sonko dans l&rsquo;assassinat de Baba Jobe en 2011\">\n                            <span class=\"meta__icon-container\"> <span class=\"meta__icon icon__facebook\"><\/span> <\/span>\n                            <span class=\"sr-only\">Facebook<\/span>\n                        <\/button>\n                    <\/li>\n                    <li class=\"meta__icon-sub\">\n                        <button type=\"button\" class=\"js-social meta__link-sub\" data-position=\"feed\" data-social=\"copy\" data-url-params=\"#live-27272\" data-title=\"Jour 6 : Examen de la responsabilit\u00e9 d&rsquo;Ousman Sonko dans l&rsquo;assassinat de Baba Jobe en 2011\">\n                            <span class=\"meta__icon-container\"> <span class=\"meta__icon icon__link\"><\/span> <\/span>\n                            <span class=\"meta__label-sub\"> <span class=\"js-label-copy\">Copier le lien<\/span> <span class=\"js-label-copied\"><\/span> <\/span>\n                        <\/button>\n                    <\/li>\n                <\/ul>\n            <\/div>\n        <\/div>\n        \n                <\/div>\n                <div class=\"update-titre orange\">Jour 6 : Examen de la responsabilit\u00e9 d&rsquo;Ousman Sonko dans l&rsquo;assassinat de Baba Jobe en 2011 <\/div>\n                <div class=\"update-content\">\n<p><em>Ousman Sonko est accus\u00e9 d&rsquo;avoir tu\u00e9 intentionnellement Baba Jobe &#8211; ancien membre de l&rsquo;Assembl\u00e9e nationale &#8211; \u00e0 Banjul en octobre 2011, en complicit\u00e9 avec un groupe d&rsquo;auteurs.<\/em><\/p>\n\n\n\n<p>Ousman Sonko a contest\u00e9 toutes les accusations port\u00e9es contre lui en relation avec cet \u00e9v\u00e9nement. Un t\u00e9moin a \u00e9t\u00e9 appel\u00e9 \u00e0 la barre \u00e0 la demande de l&rsquo;accusation. Lisez notre r\u00e9capitulatif de la <a href=\"https:\/\/trialinternational.org\/fr\/latest-post\/jour-6-examen-de-la-responsabilite-dousman-sonko-dans-lassassinat-de-baba-jobe-en-2011\/\">sixi\u00e8me journ\u00e9e<\/a>. <\/p>\n<\/div>\n\n            <\/div>\n                     <div class=\"c-block-item\" id=\"live-27297\">\n                <div class=\"update-date\">\n\n                15 janvier 2024 12:11\n                \n        <div class=\"c-Share\">\n            <button class=\"c-Share-social meta__link orange\" data-toggle=\"collapse\" data-target=\"#pop-27297\">\n                <svg xmlns=\"http:\/\/www.w3.org\/2000\/svg\" width=\"18\" height=\"14\" ><path fill=\"currentColor\" d=\"M10.73.063c-.178-.149-.444-.018-.444.218v3.062C1.89 4.86.3 11.5.002 13.728c-.018.16.1.272.236.272a.253.253 0 0 0 .181-.084C4.595 9.476 8.806 9.14 9.968 9.14c.209 0 .318.01.318.01v3.375c0 .24.27.369.447.215l7.17-6.228a.287.287 0 0 0-.003-.433L10.73.063Z\"\/><\/svg>\n                <span class=\"sr-only\">Partage<\/span>\n            <\/button>\n            <div class=\"c-Share-social-container\" id=\"pop-27297\">\n                <ul class=\"meta__sub\" >\n                    <li class=\"meta__icon-sub\">\n                        <button type=\"button\" class=\"js-social meta__link-sub\" data-position=\"feed\" data-social=\"tw\" data-url=\"https:\/\/trialinternational.org\/fr\/case-update\/resume-des-debats-de-la-premiere-semaine-du-proces-dousman-sonko\/\" data-url-params=\"#live-27297\" data-title=\"La fin d&rsquo;une longue attente : R\u00e9sum\u00e9 des d\u00e9bats de la premi\u00e8re semaine du proc\u00e8s d\u2019Ousman Sonko\">\n                        <span class=\"meta__icon-container\"> <span class=\"meta__icon icon__twitter\"><\/span> <\/span> <span class=\"sr-only\">Twitter<\/span>\n                        <\/button>\n                    <\/li>\n                    <li class=\"meta__icon-sub\">\n                        <button type=\"button\" class=\"js-social meta__link-sub\" data-position=\"feed\" data-social=\"fb\" data-url=\"https:\/\/trialinternational.org\/fr\/case-update\/resume-des-debats-de-la-premiere-semaine-du-proces-dousman-sonko\/\" data-url-params=\"#live-27297\" data-title=\"La fin d&rsquo;une longue attente : R\u00e9sum\u00e9 des d\u00e9bats de la premi\u00e8re semaine du proc\u00e8s d\u2019Ousman Sonko\">\n                            <span class=\"meta__icon-container\"> <span class=\"meta__icon icon__facebook\"><\/span> <\/span>\n                            <span class=\"sr-only\">Facebook<\/span>\n                        <\/button>\n                    <\/li>\n                    <li class=\"meta__icon-sub\">\n                        <button type=\"button\" class=\"js-social meta__link-sub\" data-position=\"feed\" data-social=\"copy\" data-url-params=\"#live-27297\" data-title=\"La fin d&rsquo;une longue attente : R\u00e9sum\u00e9 des d\u00e9bats de la premi\u00e8re semaine du proc\u00e8s d\u2019Ousman Sonko\">\n                            <span class=\"meta__icon-container\"> <span class=\"meta__icon icon__link\"><\/span> <\/span>\n                            <span class=\"meta__label-sub\"> <span class=\"js-label-copy\">Copier le lien<\/span> <span class=\"js-label-copied\"><\/span> <\/span>\n                        <\/button>\n                    <\/li>\n                <\/ul>\n            <\/div>\n        <\/div>\n        \n                <\/div>\n                <div class=\"update-titre orange\">La fin d&rsquo;une longue attente : R\u00e9sum\u00e9 des d\u00e9bats de la premi\u00e8re semaine du proc\u00e8s d\u2019Ousman Sonko <\/div>\n                <div class=\"update-content\">\n<p><strong>(8-12 janvier 2024, Tribunal p\u00e9nal f\u00e9d\u00e9ral, Suisse)<\/strong><\/p>\n\n\n\n<figure class=\"wp-block-image size-large\"><img loading=\"lazy\" decoding=\"async\" width=\"1024\" height=\"683\" src=\"https:\/\/trialinternational.org\/wp-content\/uploads\/2024\/01\/Proces-SIKO_TRIAL-and-plaintiffs-edited-1024x683.jpg\" alt=\"\u00a9TRIAL International \/ plaintiffs, plaintiffs\u2019 lawyers and TRIAL representatives before the Swiss Federal Criminal Court in Bellinzona.\" class=\"wp-image-27085\" srcset=\"https:\/\/trialinternational.org\/wp-content\/uploads\/2024\/01\/Proces-SIKO_TRIAL-and-plaintiffs-edited-1024x683.jpg 1024w, https:\/\/trialinternational.org\/wp-content\/uploads\/2024\/01\/Proces-SIKO_TRIAL-and-plaintiffs-edited-300x200.jpg 300w, https:\/\/trialinternational.org\/wp-content\/uploads\/2024\/01\/Proces-SIKO_TRIAL-and-plaintiffs-edited-768x512.jpg 768w, https:\/\/trialinternational.org\/wp-content\/uploads\/2024\/01\/Proces-SIKO_TRIAL-and-plaintiffs-edited-1536x1024.jpg 1536w, https:\/\/trialinternational.org\/wp-content\/uploads\/2024\/01\/Proces-SIKO_TRIAL-and-plaintiffs-edited-2048x1366.jpg 2048w, https:\/\/trialinternational.org\/wp-content\/uploads\/2024\/01\/Proces-SIKO_TRIAL-and-plaintiffs-edited-1200x800.jpg 1200w\" sizes=\"auto, (max-width: 1024px) 100vw, 1024px\" \/><figcaption class=\"wp-element-caption\">\u00a9TRIAL International \/ les parties plaignantes, leurs avocates et des repr\u00e9sentants de TRIAL International devant le TPF \u00e0 Bellinzone \u00e0 l&rsquo;ouverture du proc\u00e8s.<\/figcaption><\/figure>\n\n\n\n<p>Le proc\u00e8s d\u2019Ousman Sonko s\u2019est ouvert le 8 janvier 2024 devant le Tribunal p\u00e9nal f\u00e9d\u00e9ral suisse (TPF). Un panel de trois juges examine la responsabilit\u00e9 de l\u2019ancien ministre de l\u2019Int\u00e9rieur gambien dans les nombreux crimes contre l\u2019humanit\u00e9 qu\u2019il est accus\u00e9 d\u2019avoir commis entre 2000 et 2016, sous le r\u00e9gime de l\u2019ancien pr\u00e9sident Yahya Jammeh.<\/p>\n\n\n\n<p>Pendant les trois semaines du proc\u00e8s, Ousman Sonko sera repr\u00e9sent\u00e9 par une \u00e9quipe de d\u00e9fense de quatre personnes. Neuf parties plaignantes seront entendues pendant deux semaines. Elles sont repr\u00e9sent\u00e9es par leurs avocat\u00b7es et soutenues par TRIAL International, qui a d\u00e9pos\u00e9 la d\u00e9nonciation p\u00e9nale contre Ousman Sonko en 2017.<\/p>\n\n\n\n<div class=\"wp-block-buttons is-layout-flex wp-block-buttons-is-layout-flex\">\n<div class=\"wp-block-button\"><a class=\"wp-block-button__link wp-element-button\" href=\"https:\/\/trialinternational.org\/fr\/latest-post\/resume-des-debats-de-la-premiere-semaine-du-proces-dousman-sonko\/\" target=\"_blank\" rel=\"noreferrer noopener\">Lisez notre r\u00e9sum\u00e9 de la premi\u00e8re semaine de d\u00e9bats<\/a><\/div>\n<\/div>\n<\/div>\n\n            <\/div>\n                     <div class=\"c-block-item\" id=\"live-27282\">\n                <div class=\"update-date\">\n\n                12 janvier 2024 19:19\n                \n        <div class=\"c-Share\">\n            <button class=\"c-Share-social meta__link orange\" data-toggle=\"collapse\" data-target=\"#pop-27282\">\n                <svg xmlns=\"http:\/\/www.w3.org\/2000\/svg\" width=\"18\" height=\"14\" ><path fill=\"currentColor\" d=\"M10.73.063c-.178-.149-.444-.018-.444.218v3.062C1.89 4.86.3 11.5.002 13.728c-.018.16.1.272.236.272a.253.253 0 0 0 .181-.084C4.595 9.476 8.806 9.14 9.968 9.14c.209 0 .318.01.318.01v3.375c0 .24.27.369.447.215l7.17-6.228a.287.287 0 0 0-.003-.433L10.73.063Z\"\/><\/svg>\n                <span class=\"sr-only\">Partage<\/span>\n            <\/button>\n            <div class=\"c-Share-social-container\" id=\"pop-27282\">\n                <ul class=\"meta__sub\" >\n                    <li class=\"meta__icon-sub\">\n                        <button type=\"button\" class=\"js-social meta__link-sub\" data-position=\"feed\" data-social=\"tw\" data-url=\"https:\/\/trialinternational.org\/fr\/case-update\/day-4-and-5-continuation-of-the-examination-of-the-march-2006-charges-2\/\" data-url-params=\"#live-27282\" data-title=\"Jour 5 : Poursuite de l&rsquo;examen des accusations de mars 2006\">\n                        <span class=\"meta__icon-container\"> <span class=\"meta__icon icon__twitter\"><\/span> <\/span> <span class=\"sr-only\">Twitter<\/span>\n                        <\/button>\n                    <\/li>\n                    <li class=\"meta__icon-sub\">\n                        <button type=\"button\" class=\"js-social meta__link-sub\" data-position=\"feed\" data-social=\"fb\" data-url=\"https:\/\/trialinternational.org\/fr\/case-update\/day-4-and-5-continuation-of-the-examination-of-the-march-2006-charges-2\/\" data-url-params=\"#live-27282\" data-title=\"Jour 5 : Poursuite de l&rsquo;examen des accusations de mars 2006\">\n                            <span class=\"meta__icon-container\"> <span class=\"meta__icon icon__facebook\"><\/span> <\/span>\n                            <span class=\"sr-only\">Facebook<\/span>\n                        <\/button>\n                    <\/li>\n                    <li class=\"meta__icon-sub\">\n                        <button type=\"button\" class=\"js-social meta__link-sub\" data-position=\"feed\" data-social=\"copy\" data-url-params=\"#live-27282\" data-title=\"Jour 5 : Poursuite de l&rsquo;examen des accusations de mars 2006\">\n                            <span class=\"meta__icon-container\"> <span class=\"meta__icon icon__link\"><\/span> <\/span>\n                            <span class=\"meta__label-sub\"> <span class=\"js-label-copy\">Copier le lien<\/span> <span class=\"js-label-copied\"><\/span> <\/span>\n                        <\/button>\n                    <\/li>\n                <\/ul>\n            <\/div>\n        <\/div>\n        \n                <\/div>\n                <div class=\"update-titre orange\">Jour 5 : Poursuite de l&rsquo;examen des accusations de mars 2006 <\/div>\n                <div class=\"update-content\">\n<p>Le troisi\u00e8me plaignant appel\u00e9 \u00e0 la barre dans le cadre des \u00e9v\u00e9nements de 2006 est un ancien politicien gambien, membre de l&rsquo;Assembl\u00e9e nationale. En mars 2006, il a \u00e9t\u00e9 arr\u00eat\u00e9 dans le cadre de l&rsquo;enqu\u00eate relative \u00e0 un coup d&rsquo;\u00c9tat pr\u00e9sum\u00e9 contre le gouvernement gambien. Lisez notre r\u00e9capitulatif de la <a href=\"https:\/\/trialinternational.org\/fr\/latest-post\/jour-5-du-proces-sonko-poursuite-de-lexamen-des-accusations-de-mars-2006\/\">cinqui\u00e8me journ\u00e9e<\/a>.<\/p>\n\n\n\n<p><\/p>\n\n\n\n<p><\/p>\n<\/div>\n\n            <\/div>\n                     <div class=\"c-block-item\" id=\"live-27257\">\n                <div class=\"update-date\">\n\n                11 janvier 2024 15:25\n                \n        <div class=\"c-Share\">\n            <button class=\"c-Share-social meta__link orange\" data-toggle=\"collapse\" data-target=\"#pop-27257\">\n                <svg xmlns=\"http:\/\/www.w3.org\/2000\/svg\" width=\"18\" height=\"14\" ><path fill=\"currentColor\" d=\"M10.73.063c-.178-.149-.444-.018-.444.218v3.062C1.89 4.86.3 11.5.002 13.728c-.018.16.1.272.236.272a.253.253 0 0 0 .181-.084C4.595 9.476 8.806 9.14 9.968 9.14c.209 0 .318.01.318.01v3.375c0 .24.27.369.447.215l7.17-6.228a.287.287 0 0 0-.003-.433L10.73.063Z\"\/><\/svg>\n                <span class=\"sr-only\">Partage<\/span>\n            <\/button>\n            <div class=\"c-Share-social-container\" id=\"pop-27257\">\n                <ul class=\"meta__sub\" >\n                    <li class=\"meta__icon-sub\">\n                        <button type=\"button\" class=\"js-social meta__link-sub\" data-position=\"feed\" data-social=\"tw\" data-url=\"https:\/\/trialinternational.org\/fr\/case-update\/day-3-and-4-examination-of-the-march-2006-charges\/\" data-url-params=\"#live-27257\" data-title=\"Jour 4: Examen des accusations de Mars 2006\">\n                        <span class=\"meta__icon-container\"> <span class=\"meta__icon icon__twitter\"><\/span> <\/span> <span class=\"sr-only\">Twitter<\/span>\n                        <\/button>\n                    <\/li>\n                    <li class=\"meta__icon-sub\">\n                        <button type=\"button\" class=\"js-social meta__link-sub\" data-position=\"feed\" data-social=\"fb\" data-url=\"https:\/\/trialinternational.org\/fr\/case-update\/day-3-and-4-examination-of-the-march-2006-charges\/\" data-url-params=\"#live-27257\" data-title=\"Jour 4: Examen des accusations de Mars 2006\">\n                            <span class=\"meta__icon-container\"> <span class=\"meta__icon icon__facebook\"><\/span> <\/span>\n                            <span class=\"sr-only\">Facebook<\/span>\n                        <\/button>\n                    <\/li>\n                    <li class=\"meta__icon-sub\">\n                        <button type=\"button\" class=\"js-social meta__link-sub\" data-position=\"feed\" data-social=\"copy\" data-url-params=\"#live-27257\" data-title=\"Jour 4: Examen des accusations de Mars 2006\">\n                            <span class=\"meta__icon-container\"> <span class=\"meta__icon icon__link\"><\/span> <\/span>\n                            <span class=\"meta__label-sub\"> <span class=\"js-label-copy\">Copier le lien<\/span> <span class=\"js-label-copied\"><\/span> <\/span>\n                        <\/button>\n                    <\/li>\n                <\/ul>\n            <\/div>\n        <\/div>\n        \n                <\/div>\n                <div class=\"update-titre orange\">Jour 4: Examen des accusations de Mars 2006 <\/div>\n                <div class=\"update-content\">\n<p>Le premier plaignant appel\u00e9 \u00e0 la barre est un citoyen gambien qui a commenc\u00e9 sa carri\u00e8re au sein de la police gambienne avant d&rsquo;\u00eatre int\u00e9gr\u00e9 dans l&rsquo;arm\u00e9e nationale. En mars 2006, son sup\u00e9rieur militaire &#8211; Ndure Cham &#8211; a \u00e9t\u00e9 accus\u00e9 par le gouvernement gambien d&rsquo;avoir foment\u00e9 un coup d&rsquo;Etat. Le plaignant a \u00e9t\u00e9 arr\u00eat\u00e9 dans le cadre de l&rsquo;enqu\u00eate li\u00e9e \u00e0 cette affaire<em>.<\/em> <em>Lisez notre r\u00e9capitulatif de la <a href=\"https:\/\/trialinternational.org\/fr\/latest-post\/jour-4-du-proces-sonko-examen-des-accusations-de-mars-2006\/\">quatri\u00e8me journ\u00e9e<\/a>.<\/em><\/p>\n\n\n\n<p><\/p>\n\n\n\n<p><\/p>\n\n\n\n<p><\/p>\n<\/div>\n\n            <\/div>\n                     <div class=\"c-block-item\" id=\"live-27252\">\n                <div class=\"update-date\">\n\n                10 janvier 2024 20:40\n                \n        <div class=\"c-Share\">\n            <button class=\"c-Share-social meta__link orange\" data-toggle=\"collapse\" data-target=\"#pop-27252\">\n                <svg xmlns=\"http:\/\/www.w3.org\/2000\/svg\" width=\"18\" height=\"14\" ><path fill=\"currentColor\" d=\"M10.73.063c-.178-.149-.444-.018-.444.218v3.062C1.89 4.86.3 11.5.002 13.728c-.018.16.1.272.236.272a.253.253 0 0 0 .181-.084C4.595 9.476 8.806 9.14 9.968 9.14c.209 0 .318.01.318.01v3.375c0 .24.27.369.447.215l7.17-6.228a.287.287 0 0 0-.003-.433L10.73.063Z\"\/><\/svg>\n                <span class=\"sr-only\">Partage<\/span>\n            <\/button>\n            <div class=\"c-Share-social-container\" id=\"pop-27252\">\n                <ul class=\"meta__sub\" >\n                    <li class=\"meta__icon-sub\">\n                        <button type=\"button\" class=\"js-social meta__link-sub\" data-position=\"feed\" data-social=\"tw\" data-url=\"https:\/\/trialinternational.org\/fr\/case-update\/day-3-examination-of-the-early-2000s-charges\/\" data-url-params=\"#live-27252\" data-title=\"Jour 3 : Examen des accusations du d\u00e9but des ann\u00e9es 2000\">\n                        <span class=\"meta__icon-container\"> <span class=\"meta__icon icon__twitter\"><\/span> <\/span> <span class=\"sr-only\">Twitter<\/span>\n                        <\/button>\n                    <\/li>\n                    <li class=\"meta__icon-sub\">\n                        <button type=\"button\" class=\"js-social meta__link-sub\" data-position=\"feed\" data-social=\"fb\" data-url=\"https:\/\/trialinternational.org\/fr\/case-update\/day-3-examination-of-the-early-2000s-charges\/\" data-url-params=\"#live-27252\" data-title=\"Jour 3 : Examen des accusations du d\u00e9but des ann\u00e9es 2000\">\n                            <span class=\"meta__icon-container\"> <span class=\"meta__icon icon__facebook\"><\/span> <\/span>\n                            <span class=\"sr-only\">Facebook<\/span>\n                        <\/button>\n                    <\/li>\n                    <li class=\"meta__icon-sub\">\n                        <button type=\"button\" class=\"js-social meta__link-sub\" data-position=\"feed\" data-social=\"copy\" data-url-params=\"#live-27252\" data-title=\"Jour 3 : Examen des accusations du d\u00e9but des ann\u00e9es 2000\">\n                            <span class=\"meta__icon-container\"> <span class=\"meta__icon icon__link\"><\/span> <\/span>\n                            <span class=\"meta__label-sub\"> <span class=\"js-label-copy\">Copier le lien<\/span> <span class=\"js-label-copied\"><\/span> <\/span>\n                        <\/button>\n                    <\/li>\n                <\/ul>\n            <\/div>\n        <\/div>\n        \n                <\/div>\n                <div class=\"update-titre orange\">Jour 3 : Examen des accusations du d\u00e9but des ann\u00e9es 2000 <\/div>\n                <div class=\"update-content\">\n<figure class=\"wp-block-image size-large\"><img loading=\"lazy\" decoding=\"async\" width=\"1024\" height=\"670\" src=\"https:\/\/trialinternational.org\/wp-content\/uploads\/2024\/01\/Photo-de-groupe_Parties-plaignantes-1024x670.webp\" alt=\"\" class=\"wp-image-27150\" srcset=\"https:\/\/trialinternational.org\/wp-content\/uploads\/2024\/01\/Photo-de-groupe_Parties-plaignantes-1024x670.webp 1024w, https:\/\/trialinternational.org\/wp-content\/uploads\/2024\/01\/Photo-de-groupe_Parties-plaignantes-300x196.webp 300w, https:\/\/trialinternational.org\/wp-content\/uploads\/2024\/01\/Photo-de-groupe_Parties-plaignantes-768x502.webp 768w, https:\/\/trialinternational.org\/wp-content\/uploads\/2024\/01\/Photo-de-groupe_Parties-plaignantes-1536x1004.webp 1536w, https:\/\/trialinternational.org\/wp-content\/uploads\/2024\/01\/Photo-de-groupe_Parties-plaignantes-jpeg.webp 2048w\" sizes=\"auto, (max-width: 1024px) 100vw, 1024px\" \/><figcaption class=\"wp-element-caption\"><em><strong>\u00a9<\/strong>TRIAL International &#8211; Plusieurs des plaignant\u00b7e\u00b7s dans l&rsquo;affaire Ousman Sonko au d\u00e9but du proc\u00e8s devant l&rsquo;entr\u00e9e du tribunal.<\/em><\/figcaption><\/figure>\n\n\n\n<p>L&rsquo;accus\u00e9 a expliqu\u00e9 qu&rsquo;il \u00e9tait li\u00e9 par un secret professionnel qui l&#8217;emp\u00eachait de parler des faits d&rsquo;Almamo Manneh et a contest\u00e9 toutes les accusations de viol, affirmant qu&rsquo;il n&rsquo;\u00e9tait pas dans le pays au moment des faits. Lisez notre r\u00e9capitulatif de la <a href=\"https:\/\/trialinternational.org\/fr\/latest-post\/jour-3-du-proces-sonko-aller-de-lavant-sur-le-fond-de-laffaire\/\">troisi\u00e8me journ\u00e9e<\/a>.<\/p>\n\n\n\n<p><\/p>\n<\/div>\n\n            <\/div>\n                     <div class=\"c-block-item\" id=\"live-27222\">\n                <div class=\"update-date\">\n\n                9 janvier 2024 13:05\n                \n        <div class=\"c-Share\">\n            <button class=\"c-Share-social meta__link orange\" data-toggle=\"collapse\" data-target=\"#pop-27222\">\n                <svg xmlns=\"http:\/\/www.w3.org\/2000\/svg\" width=\"18\" height=\"14\" ><path fill=\"currentColor\" d=\"M10.73.063c-.178-.149-.444-.018-.444.218v3.062C1.89 4.86.3 11.5.002 13.728c-.018.16.1.272.236.272a.253.253 0 0 0 .181-.084C4.595 9.476 8.806 9.14 9.968 9.14c.209 0 .318.01.318.01v3.375c0 .24.27.369.447.215l7.17-6.228a.287.287 0 0 0-.003-.433L10.73.063Z\"\/><\/svg>\n                <span class=\"sr-only\">Partage<\/span>\n            <\/button>\n            <div class=\"c-Share-social-container\" id=\"pop-27222\">\n                <ul class=\"meta__sub\" >\n                    <li class=\"meta__icon-sub\">\n                        <button type=\"button\" class=\"js-social meta__link-sub\" data-position=\"feed\" data-social=\"tw\" data-url=\"https:\/\/trialinternational.org\/fr\/case-update\/jour-2-la-seance-est-ouverte\/\" data-url-params=\"#live-27222\" data-title=\"Jour 2: \u00a0La s\u00e9ance est ouverte\">\n                        <span class=\"meta__icon-container\"> <span class=\"meta__icon icon__twitter\"><\/span> <\/span> <span class=\"sr-only\">Twitter<\/span>\n                        <\/button>\n                    <\/li>\n                    <li class=\"meta__icon-sub\">\n                        <button type=\"button\" class=\"js-social meta__link-sub\" data-position=\"feed\" data-social=\"fb\" data-url=\"https:\/\/trialinternational.org\/fr\/case-update\/jour-2-la-seance-est-ouverte\/\" data-url-params=\"#live-27222\" data-title=\"Jour 2: \u00a0La s\u00e9ance est ouverte\">\n                            <span class=\"meta__icon-container\"> <span class=\"meta__icon icon__facebook\"><\/span> <\/span>\n                            <span class=\"sr-only\">Facebook<\/span>\n                        <\/button>\n                    <\/li>\n                    <li class=\"meta__icon-sub\">\n                        <button type=\"button\" class=\"js-social meta__link-sub\" data-position=\"feed\" data-social=\"copy\" data-url-params=\"#live-27222\" data-title=\"Jour 2: \u00a0La s\u00e9ance est ouverte\">\n                            <span class=\"meta__icon-container\"> <span class=\"meta__icon icon__link\"><\/span> <\/span>\n                            <span class=\"meta__label-sub\"> <span class=\"js-label-copy\">Copier le lien<\/span> <span class=\"js-label-copied\"><\/span> <\/span>\n                        <\/button>\n                    <\/li>\n                <\/ul>\n            <\/div>\n        <\/div>\n        \n                <\/div>\n                <div class=\"update-titre orange\">Jour 2: \u00a0La s\u00e9ance est ouverte <\/div>\n                <div class=\"update-content\">\n<figure class=\"wp-block-image size-large\"><img loading=\"lazy\" decoding=\"async\" width=\"1024\" height=\"576\" src=\"https:\/\/trialinternational.org\/wp-content\/uploads\/2024\/01\/Bundesstrafgericht_plaque_landscape-1024x576.jpeg\" alt=\"\" class=\"wp-image-27135\" srcset=\"https:\/\/trialinternational.org\/wp-content\/uploads\/2024\/01\/Bundesstrafgericht_plaque_landscape-1024x576.jpeg 1024w, https:\/\/trialinternational.org\/wp-content\/uploads\/2024\/01\/Bundesstrafgericht_plaque_landscape-300x169.jpeg 300w, https:\/\/trialinternational.org\/wp-content\/uploads\/2024\/01\/Bundesstrafgericht_plaque_landscape-768x432.jpeg 768w, https:\/\/trialinternational.org\/wp-content\/uploads\/2024\/01\/Bundesstrafgericht_plaque_landscape-1536x864.jpeg 1536w, https:\/\/trialinternational.org\/wp-content\/uploads\/2024\/01\/Bundesstrafgericht_plaque_landscape.jpeg 2048w\" sizes=\"auto, (max-width: 1024px) 100vw, 1024px\" \/><figcaption class=\"wp-element-caption\"><em><strong>\u00a9<\/strong> TRIAL International \/ Tribunal p\u00e9nal f\u00e9d\u00e9ral suisse \u00e0 Bellinzone.<\/em><\/figcaption><\/figure>\n\n\n\n<p>Les travaux ont repris \u00e0 13 heures pr\u00e9cises avec la lecture par la Cour de sa d\u00e9cision sur les questions pr\u00e9judicielles examin\u00e9es au cours de la premi\u00e8re journ\u00e9e. Lisez notre r\u00e9capitulatif de la <a href=\"https:\/\/trialinternational.org\/fr\/latest-post\/jour-2-du-proces-sonko-la-seance-est-ouverte\/\">deuxi\u00e8me journ\u00e9e<\/a>.<\/p>\n\n\n\n<p><\/p>\n<\/div>\n\n            <\/div>\n                     <div class=\"c-block-item\" id=\"live-27197\">\n                <div class=\"update-date\">\n\n                8 janvier 2024 19:39\n                \n        <div class=\"c-Share\">\n            <button class=\"c-Share-social meta__link orange\" data-toggle=\"collapse\" data-target=\"#pop-27197\">\n                <svg xmlns=\"http:\/\/www.w3.org\/2000\/svg\" width=\"18\" height=\"14\" ><path fill=\"currentColor\" d=\"M10.73.063c-.178-.149-.444-.018-.444.218v3.062C1.89 4.86.3 11.5.002 13.728c-.018.16.1.272.236.272a.253.253 0 0 0 .181-.084C4.595 9.476 8.806 9.14 9.968 9.14c.209 0 .318.01.318.01v3.375c0 .24.27.369.447.215l7.17-6.228a.287.287 0 0 0-.003-.433L10.73.063Z\"\/><\/svg>\n                <span class=\"sr-only\">Partage<\/span>\n            <\/button>\n            <div class=\"c-Share-social-container\" id=\"pop-27197\">\n                <ul class=\"meta__sub\" >\n                    <li class=\"meta__icon-sub\">\n                        <button type=\"button\" class=\"js-social meta__link-sub\" data-position=\"feed\" data-social=\"tw\" data-url=\"https:\/\/trialinternational.org\/fr\/case-update\/jour-1-le-proces-commence\/\" data-url-params=\"#live-27197\" data-title=\"Jour 1: Le proc\u00e8s commence&#8230;\">\n                        <span class=\"meta__icon-container\"> <span class=\"meta__icon icon__twitter\"><\/span> <\/span> <span class=\"sr-only\">Twitter<\/span>\n                        <\/button>\n                    <\/li>\n                    <li class=\"meta__icon-sub\">\n                        <button type=\"button\" class=\"js-social meta__link-sub\" data-position=\"feed\" data-social=\"fb\" data-url=\"https:\/\/trialinternational.org\/fr\/case-update\/jour-1-le-proces-commence\/\" data-url-params=\"#live-27197\" data-title=\"Jour 1: Le proc\u00e8s commence&#8230;\">\n                            <span class=\"meta__icon-container\"> <span class=\"meta__icon icon__facebook\"><\/span> <\/span>\n                            <span class=\"sr-only\">Facebook<\/span>\n                        <\/button>\n                    <\/li>\n                    <li class=\"meta__icon-sub\">\n                        <button type=\"button\" class=\"js-social meta__link-sub\" data-position=\"feed\" data-social=\"copy\" data-url-params=\"#live-27197\" data-title=\"Jour 1: Le proc\u00e8s commence&#8230;\">\n                            <span class=\"meta__icon-container\"> <span class=\"meta__icon icon__link\"><\/span> <\/span>\n                            <span class=\"meta__label-sub\"> <span class=\"js-label-copy\">Copier le lien<\/span> <span class=\"js-label-copied\"><\/span> <\/span>\n                        <\/button>\n                    <\/li>\n                <\/ul>\n            <\/div>\n        <\/div>\n        \n                <\/div>\n                <div class=\"update-titre orange\">Jour 1: Le proc\u00e8s commence&#8230; <\/div>\n                <div class=\"update-content\">\n<figure class=\"wp-block-image size-large\"><img loading=\"lazy\" decoding=\"async\" width=\"1024\" height=\"576\" src=\"https:\/\/trialinternational.org\/wp-content\/uploads\/2024\/01\/Tribunal-in-twilight-1024x576.jpeg\" alt=\"\" class=\"wp-image-27140\" srcset=\"https:\/\/trialinternational.org\/wp-content\/uploads\/2024\/01\/Tribunal-in-twilight-1024x576.jpeg 1024w, https:\/\/trialinternational.org\/wp-content\/uploads\/2024\/01\/Tribunal-in-twilight-300x169.jpeg 300w, https:\/\/trialinternational.org\/wp-content\/uploads\/2024\/01\/Tribunal-in-twilight-768x432.jpeg 768w, https:\/\/trialinternational.org\/wp-content\/uploads\/2024\/01\/Tribunal-in-twilight-1536x864.jpeg 1536w, https:\/\/trialinternational.org\/wp-content\/uploads\/2024\/01\/Tribunal-in-twilight.jpeg 1600w\" sizes=\"auto, (max-width: 1024px) 100vw, 1024px\" \/><figcaption class=\"wp-element-caption\"><strong>\u00a9<\/strong>TRIAL International \/ Le Tribunal p\u00e9nal f\u00e9d\u00e9ral suisse, \u00e0 Bellinzone<\/figcaption><\/figure>\n\n\n\n<p>Le proc\u00e8s d&rsquo;Ousman Sonko a commenc\u00e9 aujourd&rsquo;hui, 8 janvier 2024, \u00e0 9h00 devant le Tribunal p\u00e9nal f\u00e9d\u00e9ral suisse, o\u00f9 trois juges examineront la responsabilit\u00e9 de l&rsquo;ancien ministre de l&rsquo;Int\u00e9rieur gambien dans les nombreux crimes contre l&rsquo;humanit\u00e9 qu&rsquo;il est accus\u00e9 d&rsquo;avoir commis entre 2000 et 2016. <a href=\"https:\/\/trialinternational.org\/fr\/latest-post\/jour-1-du-proces-sonko-ouverture-du-proces\/\">Lisez notre r\u00e9capitulatif de la premi\u00e8re journ\u00e9e.<\/a><\/p>\n\n\n\n<p><\/p>\n<\/div>\n\n            <\/div>\n                     <div class=\"c-block-item\" id=\"live-27253\">\n                <div class=\"update-date\">\n\n                8 janvier 2024 09:04\n                \n        <div class=\"c-Share\">\n            <button class=\"c-Share-social meta__link orange\" data-toggle=\"collapse\" data-target=\"#pop-27253\">\n                <svg xmlns=\"http:\/\/www.w3.org\/2000\/svg\" width=\"18\" height=\"14\" ><path fill=\"currentColor\" d=\"M10.73.063c-.178-.149-.444-.018-.444.218v3.062C1.89 4.86.3 11.5.002 13.728c-.018.16.1.272.236.272a.253.253 0 0 0 .181-.084C4.595 9.476 8.806 9.14 9.968 9.14c.209 0 .318.01.318.01v3.375c0 .24.27.369.447.215l7.17-6.228a.287.287 0 0 0-.003-.433L10.73.063Z\"\/><\/svg>\n                <span class=\"sr-only\">Partage<\/span>\n            <\/button>\n            <div class=\"c-Share-social-container\" id=\"pop-27253\">\n                <ul class=\"meta__sub\" >\n                    <li class=\"meta__icon-sub\">\n                        <button type=\"button\" class=\"js-social meta__link-sub\" data-position=\"feed\" data-social=\"tw\" data-url=\"https:\/\/trialinternational.org\/fr\/case-update\/the-trial-of-ousman-sonko-former-gambian-minister-of-interior-before-the-swiss-federal-criminal-court-starts-today-in-bellinzona\/\" data-url-params=\"#live-27253\" data-title=\"Ouverture du proc\u00e8s d&rsquo;Ousman Sonko, ancien ministre de l&rsquo;int\u00e9rieur de la Gambie, devant le Tribunal p\u00e9nal f\u00e9d\u00e9ral de Bellinzone, en Suisse.\">\n                        <span class=\"meta__icon-container\"> <span class=\"meta__icon icon__twitter\"><\/span> <\/span> <span class=\"sr-only\">Twitter<\/span>\n                        <\/button>\n                    <\/li>\n                    <li class=\"meta__icon-sub\">\n                        <button type=\"button\" class=\"js-social meta__link-sub\" data-position=\"feed\" data-social=\"fb\" data-url=\"https:\/\/trialinternational.org\/fr\/case-update\/the-trial-of-ousman-sonko-former-gambian-minister-of-interior-before-the-swiss-federal-criminal-court-starts-today-in-bellinzona\/\" data-url-params=\"#live-27253\" data-title=\"Ouverture du proc\u00e8s d&rsquo;Ousman Sonko, ancien ministre de l&rsquo;int\u00e9rieur de la Gambie, devant le Tribunal p\u00e9nal f\u00e9d\u00e9ral de Bellinzone, en Suisse.\">\n                            <span class=\"meta__icon-container\"> <span class=\"meta__icon icon__facebook\"><\/span> <\/span>\n                            <span class=\"sr-only\">Facebook<\/span>\n                        <\/button>\n                    <\/li>\n                    <li class=\"meta__icon-sub\">\n                        <button type=\"button\" class=\"js-social meta__link-sub\" data-position=\"feed\" data-social=\"copy\" data-url-params=\"#live-27253\" data-title=\"Ouverture du proc\u00e8s d&rsquo;Ousman Sonko, ancien ministre de l&rsquo;int\u00e9rieur de la Gambie, devant le Tribunal p\u00e9nal f\u00e9d\u00e9ral de Bellinzone, en Suisse.\">\n                            <span class=\"meta__icon-container\"> <span class=\"meta__icon icon__link\"><\/span> <\/span>\n                            <span class=\"meta__label-sub\"> <span class=\"js-label-copy\">Copier le lien<\/span> <span class=\"js-label-copied\"><\/span> <\/span>\n                        <\/button>\n                    <\/li>\n                <\/ul>\n            <\/div>\n        <\/div>\n        \n                <\/div>\n                <div class=\"update-titre orange\">Ouverture du proc\u00e8s d&rsquo;Ousman Sonko, ancien ministre de l&rsquo;int\u00e9rieur de la Gambie, devant le Tribunal p\u00e9nal f\u00e9d\u00e9ral de Bellinzone, en Suisse. <\/div>\n                <div class=\"update-content\">\n<figure class=\"wp-block-image size-large is-resized\"><img loading=\"lazy\" decoding=\"async\" width=\"1024\" height=\"768\" src=\"https:\/\/trialinternational.org\/wp-content\/uploads\/2024\/01\/Proces-SIKO_TRIAL-and-plaintiffs-1024x768.jpg\" alt=\"\" class=\"wp-image-27083\" style=\"width:840px;height:auto\" srcset=\"https:\/\/trialinternational.org\/wp-content\/uploads\/2024\/01\/Proces-SIKO_TRIAL-and-plaintiffs-1024x768.jpg 1024w, https:\/\/trialinternational.org\/wp-content\/uploads\/2024\/01\/Proces-SIKO_TRIAL-and-plaintiffs-300x225.jpg 300w, https:\/\/trialinternational.org\/wp-content\/uploads\/2024\/01\/Proces-SIKO_TRIAL-and-plaintiffs-768x576.jpg 768w, https:\/\/trialinternational.org\/wp-content\/uploads\/2024\/01\/Proces-SIKO_TRIAL-and-plaintiffs-1536x1152.jpg 1536w, https:\/\/trialinternational.org\/wp-content\/uploads\/2024\/01\/Proces-SIKO_TRIAL-and-plaintiffs-2048x1536.jpg 2048w\" sizes=\"auto, (max-width: 1024px) 100vw, 1024px\" \/><figcaption class=\"wp-element-caption\"><strong>\u00a9<\/strong>TRIAL International &#8211; les parties plaignantes, leurs avocat\u00b7es et les repr\u00e9sentants de TRIAL International devant le Tribunal p\u00e9nal f\u00e9d\u00e9ral suisse, \u00e0 Bellinzone<\/figcaption><\/figure>\n\n\n\n<p><\/p>\n<\/div>\n\n            <\/div>\n                     <div class=\"c-block-item\" id=\"live-27250\">\n                <div class=\"update-date\">\n\n                5 janvier 2024 11:21\n                \n        <div class=\"c-Share\">\n            <button class=\"c-Share-social meta__link orange\" data-toggle=\"collapse\" data-target=\"#pop-27250\">\n                <svg xmlns=\"http:\/\/www.w3.org\/2000\/svg\" width=\"18\" height=\"14\" ><path fill=\"currentColor\" d=\"M10.73.063c-.178-.149-.444-.018-.444.218v3.062C1.89 4.86.3 11.5.002 13.728c-.018.16.1.272.236.272a.253.253 0 0 0 .181-.084C4.595 9.476 8.806 9.14 9.968 9.14c.209 0 .318.01.318.01v3.375c0 .24.27.369.447.215l7.17-6.228a.287.287 0 0 0-.003-.433L10.73.063Z\"\/><\/svg>\n                <span class=\"sr-only\">Partage<\/span>\n            <\/button>\n            <div class=\"c-Share-social-container\" id=\"pop-27250\">\n                <ul class=\"meta__sub\" >\n                    <li class=\"meta__icon-sub\">\n                        <button type=\"button\" class=\"js-social meta__link-sub\" data-position=\"feed\" data-social=\"tw\" data-url=\"https:\/\/trialinternational.org\/fr\/case-update\/switzerland-gambia-jammeh-era-crimes-on-trial\/\" data-url-params=\"#live-27250\" data-title=\"Suisse \/ Gambie : les crimes de l\u2019\u00e8re Jammeh devant la justice\">\n                        <span class=\"meta__icon-container\"> <span class=\"meta__icon icon__twitter\"><\/span> <\/span> <span class=\"sr-only\">Twitter<\/span>\n                        <\/button>\n                    <\/li>\n                    <li class=\"meta__icon-sub\">\n                        <button type=\"button\" class=\"js-social meta__link-sub\" data-position=\"feed\" data-social=\"fb\" data-url=\"https:\/\/trialinternational.org\/fr\/case-update\/switzerland-gambia-jammeh-era-crimes-on-trial\/\" data-url-params=\"#live-27250\" data-title=\"Suisse \/ Gambie : les crimes de l\u2019\u00e8re Jammeh devant la justice\">\n                            <span class=\"meta__icon-container\"> <span class=\"meta__icon icon__facebook\"><\/span> <\/span>\n                            <span class=\"sr-only\">Facebook<\/span>\n                        <\/button>\n                    <\/li>\n                    <li class=\"meta__icon-sub\">\n                        <button type=\"button\" class=\"js-social meta__link-sub\" data-position=\"feed\" data-social=\"copy\" data-url-params=\"#live-27250\" data-title=\"Suisse \/ Gambie : les crimes de l\u2019\u00e8re Jammeh devant la justice\">\n                            <span class=\"meta__icon-container\"> <span class=\"meta__icon icon__link\"><\/span> <\/span>\n                            <span class=\"meta__label-sub\"> <span class=\"js-label-copy\">Copier le lien<\/span> <span class=\"js-label-copied\"><\/span> <\/span>\n                        <\/button>\n                    <\/li>\n                <\/ul>\n            <\/div>\n        <\/div>\n        \n                <\/div>\n                <div class=\"update-titre orange\">Suisse \/ Gambie : les crimes de l\u2019\u00e8re Jammeh devant la justice <\/div>\n                <div class=\"update-content\">\n<h4 class=\"wp-block-heading\">L\u2019ancien ministre gambien Ousman Sonko a \u00e9t\u00e9 inculp\u00e9 de crimes contre l\u2019humanit\u00e9<\/h4>\n\n\n\n<figure class=\"wp-block-image size-large\"><img loading=\"lazy\" decoding=\"async\" width=\"1024\" height=\"683\" src=\"https:\/\/trialinternational.org\/wp-content\/uploads\/2024\/01\/202204eca_ij_germany_Celle-1024x683.webp\" alt=\"Bai Lowe trial_Germany_Celle_2022\" class=\"wp-image-27019\" srcset=\"https:\/\/trialinternational.org\/wp-content\/uploads\/2024\/01\/202204eca_ij_germany_Celle-1024x683.webp 1024w, https:\/\/trialinternational.org\/wp-content\/uploads\/2024\/01\/202204eca_ij_germany_Celle-300x200.webp 300w, https:\/\/trialinternational.org\/wp-content\/uploads\/2024\/01\/202204eca_ij_germany_Celle-768x512.webp 768w, https:\/\/trialinternational.org\/wp-content\/uploads\/2024\/01\/202204eca_ij_germany_Celle-1536x1024.webp 1536w, https:\/\/trialinternational.org\/wp-content\/uploads\/2024\/01\/202204eca_ij_germany_Celle-2048x1365.webp 2048w, https:\/\/trialinternational.org\/wp-content\/uploads\/2024\/01\/202204eca_ij_germany_Celle-1200x800.webp 1200w\" sizes=\"auto, (max-width: 1024px) 100vw, 1024px\" \/><figcaption class=\"wp-element-caption\">\u00a9 2022 Human Rights Watch \/ Whitney-Martina Nosakhare &#8211; Des victimes et des repr\u00e9sentant\u00b7es d&rsquo;ONG  devant le tribunal r\u00e9gional sup\u00e9rieur de Celle, en Allemagne.<\/figcaption><\/figure>\n\n\n\n<p>Le proc\u00e8s qui s\u2019ouvrira en Suisse le 8 janvier 2024, pour des crimes graves commis en\u00a0<a href=\"https:\/\/www.hrw.org\/fr\/africa\/gambie\" target=\"_blank\" rel=\"noreferrer noopener\">Gambie<\/a>, repr\u00e9sente une avanc\u00e9e significative pour d\u00e9livrer la justice aux victimes de graves abus, ont d\u00e9clar\u00e9 aujourd\u2019hui des ONG gambiennes et internationales participant \u00e0 la campagne Jammeh2Justice.<\/p>\n\n\n\n<div class=\"wp-block-buttons is-layout-flex wp-block-buttons-is-layout-flex\">\n<div class=\"wp-block-button\"><a class=\"wp-block-button__link wp-element-button\" href=\"https:\/\/trialinternational.org\/fr\/latest-post\/suisse-gambie-les-crimes-de-lere-jammeh-devant-la-justice\/\" target=\"_blank\" rel=\"noreferrer noopener\">Lire le communiqu\u00e9 de la Jammeh2Justice initiative<\/a><\/div>\n<\/div>\n<\/div>\n\n            <\/div>\n                     <div class=\"c-block-item\" id=\"live-27248\">\n                <div class=\"update-date\">\n\n                4 janvier 2024 16:31\n                \n        <div class=\"c-Share\">\n            <button class=\"c-Share-social meta__link orange\" data-toggle=\"collapse\" data-target=\"#pop-27248\">\n                <svg xmlns=\"http:\/\/www.w3.org\/2000\/svg\" width=\"18\" height=\"14\" ><path fill=\"currentColor\" d=\"M10.73.063c-.178-.149-.444-.018-.444.218v3.062C1.89 4.86.3 11.5.002 13.728c-.018.16.1.272.236.272a.253.253 0 0 0 .181-.084C4.595 9.476 8.806 9.14 9.968 9.14c.209 0 .318.01.318.01v3.375c0 .24.27.369.447.215l7.17-6.228a.287.287 0 0 0-.003-.433L10.73.063Z\"\/><\/svg>\n                <span class=\"sr-only\">Partage<\/span>\n            <\/button>\n            <div class=\"c-Share-social-container\" id=\"pop-27248\">\n                <ul class=\"meta__sub\" >\n                    <li class=\"meta__icon-sub\">\n                        <button type=\"button\" class=\"js-social meta__link-sub\" data-position=\"feed\" data-social=\"tw\" data-url=\"https:\/\/trialinternational.org\/fr\/case-update\/landmark-trial-against-former-gambian-minister-of-interior-for-crimes-against-humanity-to-start-in-switzerland\/\" data-url-params=\"#live-27248\" data-title=\"Ouverture d\u2019un proc\u00e8s historique en Suisse, contre l\u2019ancien ministre de l\u2019Int\u00e9rieur de la Gambie, pour crimes contre l\u2019humanit\u00e9\">\n                        <span class=\"meta__icon-container\"> <span class=\"meta__icon icon__twitter\"><\/span> <\/span> <span class=\"sr-only\">Twitter<\/span>\n                        <\/button>\n                    <\/li>\n                    <li class=\"meta__icon-sub\">\n                        <button type=\"button\" class=\"js-social meta__link-sub\" data-position=\"feed\" data-social=\"fb\" data-url=\"https:\/\/trialinternational.org\/fr\/case-update\/landmark-trial-against-former-gambian-minister-of-interior-for-crimes-against-humanity-to-start-in-switzerland\/\" data-url-params=\"#live-27248\" data-title=\"Ouverture d\u2019un proc\u00e8s historique en Suisse, contre l\u2019ancien ministre de l\u2019Int\u00e9rieur de la Gambie, pour crimes contre l\u2019humanit\u00e9\">\n                            <span class=\"meta__icon-container\"> <span class=\"meta__icon icon__facebook\"><\/span> <\/span>\n                            <span class=\"sr-only\">Facebook<\/span>\n                        <\/button>\n                    <\/li>\n                    <li class=\"meta__icon-sub\">\n                        <button type=\"button\" class=\"js-social meta__link-sub\" data-position=\"feed\" data-social=\"copy\" data-url-params=\"#live-27248\" data-title=\"Ouverture d\u2019un proc\u00e8s historique en Suisse, contre l\u2019ancien ministre de l\u2019Int\u00e9rieur de la Gambie, pour crimes contre l\u2019humanit\u00e9\">\n                            <span class=\"meta__icon-container\"> <span class=\"meta__icon icon__link\"><\/span> <\/span>\n                            <span class=\"meta__label-sub\"> <span class=\"js-label-copy\">Copier le lien<\/span> <span class=\"js-label-copied\"><\/span> <\/span>\n                        <\/button>\n                    <\/li>\n                <\/ul>\n            <\/div>\n        <\/div>\n        \n                <\/div>\n                <div class=\"update-titre orange\">Ouverture d\u2019un proc\u00e8s historique en Suisse, contre l\u2019ancien ministre de l\u2019Int\u00e9rieur de la Gambie, pour crimes contre l\u2019humanit\u00e9 <\/div>\n                <div class=\"update-content\">\n<figure class=\"wp-block-image size-large\"><img loading=\"lazy\" decoding=\"async\" width=\"1024\" height=\"415\" src=\"https:\/\/trialinternational.org\/wp-content\/uploads\/2023\/12\/Banner_CP-ouverture-proces-SIKO_website-v2-1024x415.png\" alt=\"Banner_CP ouverture proc\u00e8s Ousman Sonko Gambia\" class=\"wp-image-26994\" srcset=\"https:\/\/trialinternational.org\/wp-content\/uploads\/2023\/12\/Banner_CP-ouverture-proces-SIKO_website-v2-1024x415.png 1024w, https:\/\/trialinternational.org\/wp-content\/uploads\/2023\/12\/Banner_CP-ouverture-proces-SIKO_website-v2-300x122.png 300w, https:\/\/trialinternational.org\/wp-content\/uploads\/2023\/12\/Banner_CP-ouverture-proces-SIKO_website-v2-768x311.png 768w, https:\/\/trialinternational.org\/wp-content\/uploads\/2023\/12\/Banner_CP-ouverture-proces-SIKO_website-v2-1536x623.png 1536w, https:\/\/trialinternational.org\/wp-content\/uploads\/2023\/12\/Banner_CP-ouverture-proces-SIKO_website-v2.png 1800w\" sizes=\"auto, (max-width: 1024px) 100vw, 1024px\" \/><figcaption class=\"wp-element-caption\"><em><strong>\u00a9<\/strong><\/em>TRIAL International \/ Couverture d&rsquo;un journal gambien sur le proc\u00e8s d&rsquo;Ousman Sonko en Suisse.<\/figcaption><\/figure>\n\n\n\n<p>Le proc\u00e8s de l\u2019ancien ministre de l\u2019Int\u00e9rieur gambien, Ousman Sonko, se tiendra devant le Tribunal p\u00e9nal f\u00e9d\u00e9ral suisse du 8 au 30\u00a0janvier 2024. Ousman Sonko est jug\u00e9 pour crimes contre l\u2019humanit\u00e9, commis sous le r\u00e9gime de l\u2019ancien pr\u00e9sident gambien Yahya Jammeh. TRIAL International avait d\u00e9pos\u00e9 une plainte p\u00e9nale contre Ousman Sonko en janvier 2017.<\/p>\n\n\n\n<div class=\"wp-block-buttons is-layout-flex wp-block-buttons-is-layout-flex\">\n<div class=\"wp-block-button\"><a class=\"wp-block-button__link wp-element-button\" href=\"https:\/\/trialinternational.org\/fr\/latest-post\/ouverture-dun-proces-historique-en-suisse-contre-lancien-ministre-de-linterieur-gambien-pour-crimes-contre-lhumanite\/\">Lire notre communiqu\u00e9<\/a><\/div>\n<\/div>\n<\/div>\n\n            <\/div>\n                     <div class=\"c-block-item\" id=\"live-27245\">\n                <div class=\"update-date\">\n\n                6 d\u00e9cembre 2023 16:30\n                \n        <div class=\"c-Share\">\n            <button class=\"c-Share-social meta__link orange\" data-toggle=\"collapse\" data-target=\"#pop-27245\">\n                <svg xmlns=\"http:\/\/www.w3.org\/2000\/svg\" width=\"18\" height=\"14\" ><path fill=\"currentColor\" d=\"M10.73.063c-.178-.149-.444-.018-.444.218v3.062C1.89 4.86.3 11.5.002 13.728c-.018.16.1.272.236.272a.253.253 0 0 0 .181-.084C4.595 9.476 8.806 9.14 9.968 9.14c.209 0 .318.01.318.01v3.375c0 .24.27.369.447.215l7.17-6.228a.287.287 0 0 0-.003-.433L10.73.063Z\"\/><\/svg>\n                <span class=\"sr-only\">Partage<\/span>\n            <\/button>\n            <div class=\"c-Share-social-container\" id=\"pop-27245\">\n                <ul class=\"meta__sub\" >\n                    <li class=\"meta__icon-sub\">\n                        <button type=\"button\" class=\"js-social meta__link-sub\" data-position=\"feed\" data-social=\"tw\" data-url=\"https:\/\/trialinternational.org\/fr\/case-update\/trial-against-former-gambian-minister-of-interior-for-crimes-against-humanity-to-start-in-switzerland\/\" data-url-params=\"#live-27245\" data-title=\"Ouverture en Suisse du proc\u00e8s contre l\u2019ancien ministre de l\u2019Int\u00e9rieur de la Gambie pour crimes contre l\u2019humanit\u00e9\">\n                        <span class=\"meta__icon-container\"> <span class=\"meta__icon icon__twitter\"><\/span> <\/span> <span class=\"sr-only\">Twitter<\/span>\n                        <\/button>\n                    <\/li>\n                    <li class=\"meta__icon-sub\">\n                        <button type=\"button\" class=\"js-social meta__link-sub\" data-position=\"feed\" data-social=\"fb\" data-url=\"https:\/\/trialinternational.org\/fr\/case-update\/trial-against-former-gambian-minister-of-interior-for-crimes-against-humanity-to-start-in-switzerland\/\" data-url-params=\"#live-27245\" data-title=\"Ouverture en Suisse du proc\u00e8s contre l\u2019ancien ministre de l\u2019Int\u00e9rieur de la Gambie pour crimes contre l\u2019humanit\u00e9\">\n                            <span class=\"meta__icon-container\"> <span class=\"meta__icon icon__facebook\"><\/span> <\/span>\n                            <span class=\"sr-only\">Facebook<\/span>\n                        <\/button>\n                    <\/li>\n                    <li class=\"meta__icon-sub\">\n                        <button type=\"button\" class=\"js-social meta__link-sub\" data-position=\"feed\" data-social=\"copy\" data-url-params=\"#live-27245\" data-title=\"Ouverture en Suisse du proc\u00e8s contre l\u2019ancien ministre de l\u2019Int\u00e9rieur de la Gambie pour crimes contre l\u2019humanit\u00e9\">\n                            <span class=\"meta__icon-container\"> <span class=\"meta__icon icon__link\"><\/span> <\/span>\n                            <span class=\"meta__label-sub\"> <span class=\"js-label-copy\">Copier le lien<\/span> <span class=\"js-label-copied\"><\/span> <\/span>\n                        <\/button>\n                    <\/li>\n                <\/ul>\n            <\/div>\n        <\/div>\n        \n                <\/div>\n                <div class=\"update-titre orange\">Ouverture en Suisse du proc\u00e8s contre l\u2019ancien ministre de l\u2019Int\u00e9rieur de la Gambie pour crimes contre l\u2019humanit\u00e9 <\/div>\n                <div class=\"update-content\">\n<p>Le proc\u00e8s d\u2019<a href=\"https:\/\/trialinternational.org\/fr\/latest-post\/affaire-ousman-sonko-le-second-proces-pour-crimes-contre-lhumanite-en-suisse-se-tiendra-en-janvier-2024\/\" target=\"_blank\" rel=\"noreferrer noopener\">Ousman Sonko, ancien ministre de l\u2019int\u00e9rieur gambien<\/a>, s\u2019ouvrira le 8 janvier 2024 devant le Tribunal p\u00e9nal f\u00e9d\u00e9ral suisse (TPF).<\/p>\n\n\n\n<p>Ousman Sonko est accus\u00e9 de plusieurs chefs de&nbsp;<a href=\"https:\/\/trialinternational.org\/fr\/topics-post\/crimes-contre-lhumanite\/\" target=\"_blank\" rel=\"noreferrer noopener\">crimes contre l\u2019humanit\u00e9<\/a>, qui auraient \u00e9t\u00e9 commis entre 2000 et 2016, sous le r\u00e9gime de l\u2019ancien dictateur gambien&nbsp;<a href=\"https:\/\/www.hrw.org\/fr\/tag\/yahya-jammeh\" target=\"_blank\" rel=\"noreferrer noopener\">Yahya Jammeh<\/a>.<\/p>\n\n\n\n<div class=\"wp-block-buttons is-layout-flex wp-block-buttons-is-layout-flex\">\n<div class=\"wp-block-button has-custom-font-size is-style-outline is-style-outline--2\" style=\"font-size:17px\"><a class=\"wp-block-button__link has-text-color has-link-color wp-element-button\" href=\"https:\/\/trialinternational.org\/fr\/latest-post\/ouverture-en-suisse-du-proces-contre-lancien-ministre-de-linterieur-gambien-pour-crimes-contre-lhumanite\/\" style=\"color:#f36f34\" target=\"_blank\" rel=\"noreferrer noopener\">Plus d&rsquo;infos<\/a><\/div>\n<\/div>\n<\/div>\n\n            <\/div>\n                     <div class=\"c-block-item\" id=\"live-27239\">\n                <div class=\"update-date\">\n\n                3 novembre 2023 16:28\n                \n        <div class=\"c-Share\">\n            <button class=\"c-Share-social meta__link orange\" data-toggle=\"collapse\" data-target=\"#pop-27239\">\n                <svg xmlns=\"http:\/\/www.w3.org\/2000\/svg\" width=\"18\" height=\"14\" ><path fill=\"currentColor\" d=\"M10.73.063c-.178-.149-.444-.018-.444.218v3.062C1.89 4.86.3 11.5.002 13.728c-.018.16.1.272.236.272a.253.253 0 0 0 .181-.084C4.595 9.476 8.806 9.14 9.968 9.14c.209 0 .318.01.318.01v3.375c0 .24.27.369.447.215l7.17-6.228a.287.287 0 0 0-.003-.433L10.73.063Z\"\/><\/svg>\n                <span class=\"sr-only\">Partage<\/span>\n            <\/button>\n            <div class=\"c-Share-social-container\" id=\"pop-27239\">\n                <ul class=\"meta__sub\" >\n                    <li class=\"meta__icon-sub\">\n                        <button type=\"button\" class=\"js-social meta__link-sub\" data-position=\"feed\" data-social=\"tw\" data-url=\"https:\/\/trialinternational.org\/fr\/case-update\/ousman-sonko-case-the-second-trial-for-crimes-against-humanity-in-switzerland-to-take-place-in-january-2024\/\" data-url-params=\"#live-27239\" data-title=\"Affaire Ousman Sonko : le second proc\u00e8s pour crimes contre l\u2019humanit\u00e9 en suisse se tiendra en janvier 2024\">\n                        <span class=\"meta__icon-container\"> <span class=\"meta__icon icon__twitter\"><\/span> <\/span> <span class=\"sr-only\">Twitter<\/span>\n                        <\/button>\n                    <\/li>\n                    <li class=\"meta__icon-sub\">\n                        <button type=\"button\" class=\"js-social meta__link-sub\" data-position=\"feed\" data-social=\"fb\" data-url=\"https:\/\/trialinternational.org\/fr\/case-update\/ousman-sonko-case-the-second-trial-for-crimes-against-humanity-in-switzerland-to-take-place-in-january-2024\/\" data-url-params=\"#live-27239\" data-title=\"Affaire Ousman Sonko : le second proc\u00e8s pour crimes contre l\u2019humanit\u00e9 en suisse se tiendra en janvier 2024\">\n                            <span class=\"meta__icon-container\"> <span class=\"meta__icon icon__facebook\"><\/span> <\/span>\n                            <span class=\"sr-only\">Facebook<\/span>\n                        <\/button>\n                    <\/li>\n                    <li class=\"meta__icon-sub\">\n                        <button type=\"button\" class=\"js-social meta__link-sub\" data-position=\"feed\" data-social=\"copy\" data-url-params=\"#live-27239\" data-title=\"Affaire Ousman Sonko : le second proc\u00e8s pour crimes contre l\u2019humanit\u00e9 en suisse se tiendra en janvier 2024\">\n                            <span class=\"meta__icon-container\"> <span class=\"meta__icon icon__link\"><\/span> <\/span>\n                            <span class=\"meta__label-sub\"> <span class=\"js-label-copy\">Copier le lien<\/span> <span class=\"js-label-copied\"><\/span> <\/span>\n                        <\/button>\n                    <\/li>\n                <\/ul>\n            <\/div>\n        <\/div>\n        \n                <\/div>\n                <div class=\"update-titre orange\">Affaire Ousman Sonko : le second proc\u00e8s pour crimes contre l\u2019humanit\u00e9 en suisse se tiendra en janvier 2024 <\/div>\n                <div class=\"update-content\">\n<figure class=\"wp-block-image size-large\"><img loading=\"lazy\" decoding=\"async\" width=\"1024\" height=\"415\" src=\"https:\/\/trialinternational.org\/wp-content\/uploads\/2023\/11\/Tribunal-Bellinzone_front-page-1024x415.png\" alt=\"Tribunal p\u00e9nal f\u00e9d\u00e9ral_Bellinzone_front page\" class=\"wp-image-26598\" srcset=\"https:\/\/trialinternational.org\/wp-content\/uploads\/2023\/11\/Tribunal-Bellinzone_front-page-1024x415.png 1024w, https:\/\/trialinternational.org\/wp-content\/uploads\/2023\/11\/Tribunal-Bellinzone_front-page-300x122.png 300w, https:\/\/trialinternational.org\/wp-content\/uploads\/2023\/11\/Tribunal-Bellinzone_front-page-768x311.png 768w, https:\/\/trialinternational.org\/wp-content\/uploads\/2023\/11\/Tribunal-Bellinzone_front-page-1536x623.png 1536w, https:\/\/trialinternational.org\/wp-content\/uploads\/2023\/11\/Tribunal-Bellinzone_front-page.png 1800w\" sizes=\"auto, (max-width: 1024px) 100vw, 1024px\" \/><figcaption class=\"wp-element-caption\">\u00a9Wikimedia Commons \/ Le b\u00e2timent du Tribunal p\u00e9nal f\u00e9d\u00e9ral \u00e0 Bellinzone, en Suisse. <\/figcaption><\/figure>\n\n\n\n<p><strong>Le proc\u00e8s d\u2019Ousman Sonko \u2013 l\u2019ancien ministre de l\u2019Int\u00e9rieur gambien accus\u00e9 d\u2019avoir commis de multiples crimes contre l\u2019humanit\u00e9 \u2013 s\u2019ouvrira le\u00a08 janvier 2024\u00a0devant le Tribunal p\u00e9nal f\u00e9d\u00e9ral \u00e0 Bellinzone.<\/strong><\/p>\n\n\n\n<p>Il s\u2019agira du second proc\u00e8s portant sur des crimes contre l\u2019humanit\u00e9 dans l\u2019histoire judiciaire de la Suisse. Ousman Sonko sera d\u2019ailleurs le plus haut responsable \u00e9tatique jamais jug\u00e9 pour des crimes internationaux sur la base de la comp\u00e9tence universelle en Europe.<\/p>\n\n\n\n<p>Avec les dates d\u2019ouverture du proc\u00e8s, l\u2019espoir des victimes de voir enfin leur bourreau rendre des comptes devant la justice se concr\u00e9tise. \u00ab&nbsp;<em>Parmi les victimes, certaines d\u2019entre elles ont men\u00e9 cette lutte durant plus de vingt ans, la justice suisse se doit d\u2019\u00eatre \u00e0 la hauteur de leur attentes<\/em>&nbsp;\u00bb, souligne Vony Rambolamanana, Conseill\u00e8re juridique principale de TRIAL International<em>.<\/em><\/p>\n\n\n\n<div class=\"wp-block-buttons is-layout-flex wp-block-buttons-is-layout-flex\">\n<div class=\"wp-block-button has-custom-font-size is-style-outline is-style-outline--3\" style=\"font-size:17px\"><a class=\"wp-block-button__link has-text-color has-link-color wp-element-button\" href=\"https:\/\/trialinternational.org\/fr\/latest-post\/affaire-ousman-sonko-le-second-proces-pour-crimes-contre-lhumanite-en-suisse-se-tiendra-en-janvier-2024\/\" style=\"color:#f36f34\" target=\"_blank\" rel=\"noreferrer noopener\">Lire notre article<\/a><\/div>\n<\/div>\n<\/div>\n\n            <\/div>\n                     <div class=\"c-block-item\" id=\"live-27234\">\n                <div class=\"update-date\">\n\n                18 avril 2023 16:27\n                \n        <div class=\"c-Share\">\n            <button class=\"c-Share-social meta__link orange\" data-toggle=\"collapse\" data-target=\"#pop-27234\">\n                <svg xmlns=\"http:\/\/www.w3.org\/2000\/svg\" width=\"18\" height=\"14\" ><path fill=\"currentColor\" d=\"M10.73.063c-.178-.149-.444-.018-.444.218v3.062C1.89 4.86.3 11.5.002 13.728c-.018.16.1.272.236.272a.253.253 0 0 0 .181-.084C4.595 9.476 8.806 9.14 9.968 9.14c.209 0 .318.01.318.01v3.375c0 .24.27.369.447.215l7.17-6.228a.287.287 0 0 0-.003-.433L10.73.063Z\"\/><\/svg>\n                <span class=\"sr-only\">Partage<\/span>\n            <\/button>\n            <div class=\"c-Share-social-container\" id=\"pop-27234\">\n                <ul class=\"meta__sub\" >\n                    <li class=\"meta__icon-sub\">\n                        <button type=\"button\" class=\"js-social meta__link-sub\" data-position=\"feed\" data-social=\"tw\" data-url=\"https:\/\/trialinternational.org\/fr\/case-update\/former-gambian-minister-of-interior-to-be-tried-in-switzerland-for-crimes-against-humanity\/\" data-url-params=\"#live-27234\" data-title=\"L&rsquo;ancien ministre de l\u2019Int\u00e9rieur de la Gambie, bient\u00f4t jug\u00e9 en suisse pour crimes contre l\u2019humanit\u00e9\">\n                        <span class=\"meta__icon-container\"> <span class=\"meta__icon icon__twitter\"><\/span> <\/span> <span class=\"sr-only\">Twitter<\/span>\n                        <\/button>\n                    <\/li>\n                    <li class=\"meta__icon-sub\">\n                        <button type=\"button\" class=\"js-social meta__link-sub\" data-position=\"feed\" data-social=\"fb\" data-url=\"https:\/\/trialinternational.org\/fr\/case-update\/former-gambian-minister-of-interior-to-be-tried-in-switzerland-for-crimes-against-humanity\/\" data-url-params=\"#live-27234\" data-title=\"L&rsquo;ancien ministre de l\u2019Int\u00e9rieur de la Gambie, bient\u00f4t jug\u00e9 en suisse pour crimes contre l\u2019humanit\u00e9\">\n                            <span class=\"meta__icon-container\"> <span class=\"meta__icon icon__facebook\"><\/span> <\/span>\n                            <span class=\"sr-only\">Facebook<\/span>\n                        <\/button>\n                    <\/li>\n                    <li class=\"meta__icon-sub\">\n                        <button type=\"button\" class=\"js-social meta__link-sub\" data-position=\"feed\" data-social=\"copy\" data-url-params=\"#live-27234\" data-title=\"L&rsquo;ancien ministre de l\u2019Int\u00e9rieur de la Gambie, bient\u00f4t jug\u00e9 en suisse pour crimes contre l\u2019humanit\u00e9\">\n                            <span class=\"meta__icon-container\"> <span class=\"meta__icon icon__link\"><\/span> <\/span>\n                            <span class=\"meta__label-sub\"> <span class=\"js-label-copy\">Copier le lien<\/span> <span class=\"js-label-copied\"><\/span> <\/span>\n                        <\/button>\n                    <\/li>\n                <\/ul>\n            <\/div>\n        <\/div>\n        \n                <\/div>\n                <div class=\"update-titre orange\">L&rsquo;ancien ministre de l\u2019Int\u00e9rieur de la Gambie, bient\u00f4t jug\u00e9 en suisse pour crimes contre l\u2019humanit\u00e9 <\/div>\n                <div class=\"update-content\">\n<figure class=\"wp-block-image size-large\"><img loading=\"lazy\" decoding=\"async\" width=\"1024\" height=\"416\" src=\"https:\/\/trialinternational.org\/wp-content\/uploads\/2023\/04\/SONKO-1024x416.png\" alt=\"\" class=\"wp-image-25349\" srcset=\"https:\/\/trialinternational.org\/wp-content\/uploads\/2023\/04\/SONKO-1024x416.png 1024w, https:\/\/trialinternational.org\/wp-content\/uploads\/2023\/04\/SONKO-300x122.png 300w, https:\/\/trialinternational.org\/wp-content\/uploads\/2023\/04\/SONKO-768x312.png 768w, https:\/\/trialinternational.org\/wp-content\/uploads\/2023\/04\/SONKO-1536x623.png 1536w, https:\/\/trialinternational.org\/wp-content\/uploads\/2023\/04\/SONKO-2048x831.png 2048w, https:\/\/trialinternational.org\/wp-content\/uploads\/2023\/04\/SONKO-1800x730.png 1800w\" sizes=\"auto, (max-width: 1024px) 100vw, 1024px\" \/><\/figure>\n\n\n\n<p>Le Minist\u00e8re public de la Conf\u00e9d\u00e9ration (MPC) a transmis le 17 avril 2023 au Tribunal p\u00e9nal f\u00e9d\u00e9ral (TPF) son acte d\u2019accusation contre Ousman Sonko, ancien ministre de l\u2019Int\u00e9rieur gambien. Il l\u2019accuse d\u2019avoir particip\u00e9 \u00e0 des crimes contre l\u2019humanit\u00e9 commis sous la dictature de Yahya Jammeh. Le proc\u00e8s \u00e0 venir marque une \u00e9tape d\u00e9cisive dans le processus de justice transitionnelle en Gambie o\u00f9 des d\u00e9marches sont aussi en cours afin de traduire en justice les responsables de l\u2019\u00e8re Jammeh. Le dossier est \u00e9galement embl\u00e9matique pour la Suisse, car il s\u2019agira du second proc\u00e8s \u00e0 se tenir devant le TPF sur la base du principe de la comp\u00e9tence universelle. Il l\u2019est d\u2019autant plus car jamais en Europe un aussi haut responsable n\u2019a encore \u00e9t\u00e9 jug\u00e9 en application de ce principe.<\/p>\n\n\n\n<div class=\"wp-block-buttons is-layout-flex wp-block-buttons-is-layout-flex\">\n<div class=\"wp-block-button\"><a class=\"wp-block-button__link wp-element-button\" href=\"https:\/\/trialinternational.org\/fr\/latest-post\/ousman-sonko-ancien-ministre-de-linterieur-gambien-sera-bientot-juge-en-suisse-pour-crimes-contre-lhumanite\/\" target=\"_blank\" rel=\"noreferrer noopener\">Lire notre communiqu\u00e9<\/a><\/div>\n<\/div>\n<\/div>\n\n            <\/div>\n                     <div class=\"c-block-item\" id=\"live-27215\">\n                <div class=\"update-date\">\n\n                26 janvier 2022 16:24\n                \n        <div class=\"c-Share\">\n            <button class=\"c-Share-social meta__link orange\" data-toggle=\"collapse\" data-target=\"#pop-27215\">\n                <svg xmlns=\"http:\/\/www.w3.org\/2000\/svg\" width=\"18\" height=\"14\" ><path fill=\"currentColor\" d=\"M10.73.063c-.178-.149-.444-.018-.444.218v3.062C1.89 4.86.3 11.5.002 13.728c-.018.16.1.272.236.272a.253.253 0 0 0 .181-.084C4.595 9.476 8.806 9.14 9.968 9.14c.209 0 .318.01.318.01v3.375c0 .24.27.369.447.215l7.17-6.228a.287.287 0 0 0-.003-.433L10.73.063Z\"\/><\/svg>\n                <span class=\"sr-only\">Partage<\/span>\n            <\/button>\n            <div class=\"c-Share-social-container\" id=\"pop-27215\">\n                <ul class=\"meta__sub\" >\n                    <li class=\"meta__icon-sub\">\n                        <button type=\"button\" class=\"js-social meta__link-sub\" data-position=\"feed\" data-social=\"tw\" data-url=\"https:\/\/trialinternational.org\/fr\/case-update\/the-gambias-truth-reconciliation-and-reparations-commission-trrc-confirms-ousman-sonkos-role-in-atrocities-committed-during-jammehs-presidency\/\" data-url-params=\"#live-27215\" data-title=\"La Commission V\u00e9rit\u00e9, R\u00e9conciliation et R\u00e9paration gambienne confirme le r\u00f4le cl\u00e9 jou\u00e9 par Ousman Sonko dans les exactions commises pendant la pr\u00e9sidence de Yahya Jammeh\">\n                        <span class=\"meta__icon-container\"> <span class=\"meta__icon icon__twitter\"><\/span> <\/span> <span class=\"sr-only\">Twitter<\/span>\n                        <\/button>\n                    <\/li>\n                    <li class=\"meta__icon-sub\">\n                        <button type=\"button\" class=\"js-social meta__link-sub\" data-position=\"feed\" data-social=\"fb\" data-url=\"https:\/\/trialinternational.org\/fr\/case-update\/the-gambias-truth-reconciliation-and-reparations-commission-trrc-confirms-ousman-sonkos-role-in-atrocities-committed-during-jammehs-presidency\/\" data-url-params=\"#live-27215\" data-title=\"La Commission V\u00e9rit\u00e9, R\u00e9conciliation et R\u00e9paration gambienne confirme le r\u00f4le cl\u00e9 jou\u00e9 par Ousman Sonko dans les exactions commises pendant la pr\u00e9sidence de Yahya Jammeh\">\n                            <span class=\"meta__icon-container\"> <span class=\"meta__icon icon__facebook\"><\/span> <\/span>\n                            <span class=\"sr-only\">Facebook<\/span>\n                        <\/button>\n                    <\/li>\n                    <li class=\"meta__icon-sub\">\n                        <button type=\"button\" class=\"js-social meta__link-sub\" data-position=\"feed\" data-social=\"copy\" data-url-params=\"#live-27215\" data-title=\"La Commission V\u00e9rit\u00e9, R\u00e9conciliation et R\u00e9paration gambienne confirme le r\u00f4le cl\u00e9 jou\u00e9 par Ousman Sonko dans les exactions commises pendant la pr\u00e9sidence de Yahya Jammeh\">\n                            <span class=\"meta__icon-container\"> <span class=\"meta__icon icon__link\"><\/span> <\/span>\n                            <span class=\"meta__label-sub\"> <span class=\"js-label-copy\">Copier le lien<\/span> <span class=\"js-label-copied\"><\/span> <\/span>\n                        <\/button>\n                    <\/li>\n                <\/ul>\n            <\/div>\n        <\/div>\n        \n                <\/div>\n                <div class=\"update-titre orange\">La Commission V\u00e9rit\u00e9, R\u00e9conciliation et R\u00e9paration gambienne confirme le r\u00f4le cl\u00e9 jou\u00e9 par Ousman Sonko dans les exactions commises pendant la pr\u00e9sidence de Yahya Jammeh <\/div>\n                <div class=\"update-content\">\n<figure class=\"wp-block-image size-full\"><img loading=\"lazy\" decoding=\"async\" width=\"1024\" height=\"416\" src=\"https:\/\/trialinternational.org\/wp-content\/uploads\/2022\/01\/The-Gambia_September-2019-cAudrey-Oettli-TRIAL-International-450-1024x416-1-jpg.webp\" alt=\"\" class=\"wp-image-27220\" srcset=\"https:\/\/trialinternational.org\/wp-content\/uploads\/2022\/01\/The-Gambia_September-2019-cAudrey-Oettli-TRIAL-International-450-1024x416-1-jpg.webp 1024w, https:\/\/trialinternational.org\/wp-content\/uploads\/2022\/01\/The-Gambia_September-2019-cAudrey-Oettli-TRIAL-International-450-1024x416-1-300x122.webp 300w, https:\/\/trialinternational.org\/wp-content\/uploads\/2022\/01\/The-Gambia_September-2019-cAudrey-Oettli-TRIAL-International-450-1024x416-1-768x312.webp 768w\" sizes=\"auto, (max-width: 1024px) 100vw, 1024px\" \/><figcaption class=\"wp-element-caption\">\u00a9TRIAL International\/ Audrey Oettli<\/figcaption><\/figure>\n\n\n\n<p>Poursuivi pour crimes contre l\u2019humanit\u00e9 et incarc\u00e9r\u00e9 en Suisse depuis cinq ans, Ousman Sonko fait face \u00e0 de nouvelles accusations formul\u00e9es par la Commission V\u00e9rit\u00e9, R\u00e9conciliation et R\u00e9parations (<em>Truth, Reconcilation and Reparations Commission<\/em>\u00a0\u2013 TRRC) en Gambie soulignant son implication dans la r\u00e9pression f\u00e9roce qui a caract\u00e9ris\u00e9 le r\u00e9gime de l\u2019ancien dictateur Yahya Jammeh.<\/p>\n\n\n\n<div class=\"wp-block-buttons is-layout-flex wp-block-buttons-is-layout-flex\">\n<div class=\"wp-block-button\"><a class=\"wp-block-button__link wp-element-button\" href=\"https:\/\/trialinternational.org\/fr\/latest-post\/la-commission-verite-reconciliation-et-reparation-gambienne-confirme-le-role-cle-joue-par-ousman-sonko-dans-les-exactions-commises-pendant-la-presidence-de-yahya-jammeh\/\" target=\"_blank\" rel=\"noreferrer noopener\">Lire notre communiqu\u00e9<\/a><\/div>\n<\/div>\n<\/div>\n\n            <\/div>\n                     <div class=\"c-block-item\" id=\"live-27212\">\n                <div class=\"update-date\">\n\n                24 d\u00e9cembre 2021 16:22\n                \n        <div class=\"c-Share\">\n            <button class=\"c-Share-social meta__link orange\" data-toggle=\"collapse\" data-target=\"#pop-27212\">\n                <svg xmlns=\"http:\/\/www.w3.org\/2000\/svg\" width=\"18\" height=\"14\" ><path fill=\"currentColor\" d=\"M10.73.063c-.178-.149-.444-.018-.444.218v3.062C1.89 4.86.3 11.5.002 13.728c-.018.16.1.272.236.272a.253.253 0 0 0 .181-.084C4.595 9.476 8.806 9.14 9.968 9.14c.209 0 .318.01.318.01v3.375c0 .24.27.369.447.215l7.17-6.228a.287.287 0 0 0-.003-.433L10.73.063Z\"\/><\/svg>\n                <span class=\"sr-only\">Partage<\/span>\n            <\/button>\n            <div class=\"c-Share-social-container\" id=\"pop-27212\">\n                <ul class=\"meta__sub\" >\n                    <li class=\"meta__icon-sub\">\n                        <button type=\"button\" class=\"js-social meta__link-sub\" data-position=\"feed\" data-social=\"tw\" data-url=\"https:\/\/trialinternational.org\/fr\/case-update\/final-report-of-gambias-truth-reconciliation-and-reparations-commission\/\" data-url-params=\"#live-27212\" data-title=\"Rapport final de la Commission V\u00e9rit\u00e9, R\u00e9conciliation et R\u00e9parations de la Gambie\">\n                        <span class=\"meta__icon-container\"> <span class=\"meta__icon icon__twitter\"><\/span> <\/span> <span class=\"sr-only\">Twitter<\/span>\n                        <\/button>\n                    <\/li>\n                    <li class=\"meta__icon-sub\">\n                        <button type=\"button\" class=\"js-social meta__link-sub\" data-position=\"feed\" data-social=\"fb\" data-url=\"https:\/\/trialinternational.org\/fr\/case-update\/final-report-of-gambias-truth-reconciliation-and-reparations-commission\/\" data-url-params=\"#live-27212\" data-title=\"Rapport final de la Commission V\u00e9rit\u00e9, R\u00e9conciliation et R\u00e9parations de la Gambie\">\n                            <span class=\"meta__icon-container\"> <span class=\"meta__icon icon__facebook\"><\/span> <\/span>\n                            <span class=\"sr-only\">Facebook<\/span>\n                        <\/button>\n                    <\/li>\n                    <li class=\"meta__icon-sub\">\n                        <button type=\"button\" class=\"js-social meta__link-sub\" data-position=\"feed\" data-social=\"copy\" data-url-params=\"#live-27212\" data-title=\"Rapport final de la Commission V\u00e9rit\u00e9, R\u00e9conciliation et R\u00e9parations de la Gambie\">\n                            <span class=\"meta__icon-container\"> <span class=\"meta__icon icon__link\"><\/span> <\/span>\n                            <span class=\"meta__label-sub\"> <span class=\"js-label-copy\">Copier le lien<\/span> <span class=\"js-label-copied\"><\/span> <\/span>\n                        <\/button>\n                    <\/li>\n                <\/ul>\n            <\/div>\n        <\/div>\n        \n                <\/div>\n                <div class=\"update-titre orange\">Rapport final de la Commission V\u00e9rit\u00e9, R\u00e9conciliation et R\u00e9parations de la Gambie <\/div>\n                <div class=\"update-content\">\n<p>La Commission V\u00e9rit\u00e9, R\u00e9conciliation et R\u00e9parations de la Gambie (TRRC en anglais) a \u00e9t\u00e9 cr\u00e9\u00e9e en 2018 dans le but de faire la lumi\u00e8re sur les abus commis par le r\u00e9gime de Jammeh. Au total, 393 personnes, dont des victimes, d&rsquo;anciens responsables gouvernementaux et des membres de diverses forces de s\u00e9curit\u00e9, ont t\u00e9moign\u00e9 au cours des 871 jours d&rsquo;audiences publiques. <a href=\"https:\/\/www.justiceinfo.net\/fr\/86173-rapport-final-trrc-gambie-entre-poursuites-et-amnisties.html\">Le rapport final de la TRRC<\/a> a \u00e9t\u00e9 publi\u00e9 le 24 d\u00e9cembre 2021. Il conclut que Jammeh et 69 de ses collaborateur\u00b7ices, dont Ousman Sonko, ont commis des crimes contre l&rsquo;humanit\u00e9 et demande qu&rsquo;iels soient poursuivi\u00b7es.<\/p>\n\n\n\n<div class=\"wp-block-buttons is-layout-flex wp-block-buttons-is-layout-flex\">\n<div class=\"wp-block-button\"><a class=\"wp-block-button__link wp-element-button\" href=\"https:\/\/www.justiceinfo.net\/en\/86069-trrc-final-report-gambia-between-prosecutions-and-amnesties.html#Gambia-TRRC-final-report\" target=\"_blank\" rel=\"noreferrer noopener\">Rapport final de la TRRC<\/a><\/div>\n<\/div>\n<\/div>\n\n            <\/div>\n                     <div class=\"c-block-item\" id=\"live-28050\">\n                <div class=\"update-date\">\n\n                12 mars 2021 13:44\n                \n        <div class=\"c-Share\">\n            <button class=\"c-Share-social meta__link orange\" data-toggle=\"collapse\" data-target=\"#pop-28050\">\n                <svg xmlns=\"http:\/\/www.w3.org\/2000\/svg\" width=\"18\" height=\"14\" ><path fill=\"currentColor\" d=\"M10.73.063c-.178-.149-.444-.018-.444.218v3.062C1.89 4.86.3 11.5.002 13.728c-.018.16.1.272.236.272a.253.253 0 0 0 .181-.084C4.595 9.476 8.806 9.14 9.968 9.14c.209 0 .318.01.318.01v3.375c0 .24.27.369.447.215l7.17-6.228a.287.287 0 0 0-.003-.433L10.73.063Z\"\/><\/svg>\n                <span class=\"sr-only\">Partage<\/span>\n            <\/button>\n            <div class=\"c-Share-social-container\" id=\"pop-28050\">\n                <ul class=\"meta__sub\" >\n                    <li class=\"meta__icon-sub\">\n                        <button type=\"button\" class=\"js-social meta__link-sub\" data-position=\"feed\" data-social=\"tw\" data-url=\"https:\/\/trialinternational.org\/fr\/case-update\/gambie-lancien-president-lie-au-meurtre-de-59-migrant-e-s\/\" data-url-params=\"#live-28050\" data-title=\"Gambie: l\u2019ancien pr\u00e9sident li\u00e9 au meurtre de 59 migrant.e.s\">\n                        <span class=\"meta__icon-container\"> <span class=\"meta__icon icon__twitter\"><\/span> <\/span> <span class=\"sr-only\">Twitter<\/span>\n                        <\/button>\n                    <\/li>\n                    <li class=\"meta__icon-sub\">\n                        <button type=\"button\" class=\"js-social meta__link-sub\" data-position=\"feed\" data-social=\"fb\" data-url=\"https:\/\/trialinternational.org\/fr\/case-update\/gambie-lancien-president-lie-au-meurtre-de-59-migrant-e-s\/\" data-url-params=\"#live-28050\" data-title=\"Gambie: l\u2019ancien pr\u00e9sident li\u00e9 au meurtre de 59 migrant.e.s\">\n                            <span class=\"meta__icon-container\"> <span class=\"meta__icon icon__facebook\"><\/span> <\/span>\n                            <span class=\"sr-only\">Facebook<\/span>\n                        <\/button>\n                    <\/li>\n                    <li class=\"meta__icon-sub\">\n                        <button type=\"button\" class=\"js-social meta__link-sub\" data-position=\"feed\" data-social=\"copy\" data-url-params=\"#live-28050\" data-title=\"Gambie: l\u2019ancien pr\u00e9sident li\u00e9 au meurtre de 59 migrant.e.s\">\n                            <span class=\"meta__icon-container\"> <span class=\"meta__icon icon__link\"><\/span> <\/span>\n                            <span class=\"meta__label-sub\"> <span class=\"js-label-copy\">Copier le lien<\/span> <span class=\"js-label-copied\"><\/span> <\/span>\n                        <\/button>\n                    <\/li>\n                <\/ul>\n            <\/div>\n        <\/div>\n        \n                <\/div>\n                <div class=\"update-titre orange\">Gambie: l\u2019ancien pr\u00e9sident li\u00e9 au meurtre de 59 migrant.e.s <\/div>\n                <div class=\"update-content\">\n<figure class=\"wp-block-image size-large\"><img loading=\"lazy\" decoding=\"async\" width=\"1024\" height=\"415\" src=\"https:\/\/trialinternational.org\/wp-content\/uploads\/2021\/03\/The-Gambia_September-2019-cAudrey-Oettli-TRIAL-International-277-1024x415.jpg\" alt=\"Bateau Binta Jammeh, Gambie\" class=\"wp-image-21980\" srcset=\"https:\/\/trialinternational.org\/wp-content\/uploads\/2021\/03\/The-Gambia_September-2019-cAudrey-Oettli-TRIAL-International-277-1024x415.jpg 1024w, https:\/\/trialinternational.org\/wp-content\/uploads\/2021\/03\/The-Gambia_September-2019-cAudrey-Oettli-TRIAL-International-277-300x122.jpg 300w, https:\/\/trialinternational.org\/wp-content\/uploads\/2021\/03\/The-Gambia_September-2019-cAudrey-Oettli-TRIAL-International-277-768x311.jpg 768w, https:\/\/trialinternational.org\/wp-content\/uploads\/2021\/03\/The-Gambia_September-2019-cAudrey-Oettli-TRIAL-International-277-1536x623.jpg 1536w, https:\/\/trialinternational.org\/wp-content\/uploads\/2021\/03\/The-Gambia_September-2019-cAudrey-Oettli-TRIAL-International-277.jpg 1800w\" sizes=\"auto, (max-width: 1024px) 100vw, 1024px\" \/><figcaption class=\"wp-element-caption\">L&rsquo;ancien chef d\u2019\u00c9tat est accus\u00e9 par de nombreux t\u00e9moins d&rsquo;\u00eatre impliqu\u00e9 dans le massacre qui a co\u00fbt\u00e9 la vie \u00e0 des migrants d&rsquo;Afrique de l&rsquo;Ouest. \u00a9Audrey Oettli | TRIAL International<\/figcaption><\/figure>\n\n\n\n<p>La session de la Commission V\u00e9rit\u00e9, R\u00e9conciliation et R\u00e9parations sur le massacre de 59 migrant.e.s originaires de huit pays d\u2019Afrique de l\u2019Ouest s\u2019est achev\u00e9e le 11 mars 2021 en Gambie. Les t\u00e9moignages qui se sont succ\u00e9d\u00e9s ces derni\u00e8res semaines ont r\u00e9v\u00e9l\u00e9 de nouveaux \u00e9l\u00e9ments, mais aussi confirm\u00e9 des informations existantes, renfor\u00e7ant encore les liens entre l\u2019ancien pr\u00e9sident <a href=\"https:\/\/trialinternational.org\/fr\/latest-post\/yahya-jammeh\/\" target=\"_blank\" rel=\"noreferrer noopener\">Yahya Jammeh<\/a> et ces meurtres. Human Rights Watch et TRIAL International soutiennent le processus visant \u00e0 garantir que l\u2019ancien pr\u00e9sident \u2013 en exil en Guin\u00e9e \u00e9quatoriale depuis son d\u00e9part de la Gambie en janvier 2017 \u2013 soit amen\u00e9 \u00e0 r\u00e9pondre de ses actes.<\/p>\n\n\n\n<div class=\"wp-block-buttons is-layout-flex wp-block-buttons-is-layout-flex\">\n<div class=\"wp-block-button\"><a class=\"wp-block-button__link wp-element-button\" href=\"https:\/\/trialinternational.org\/fr\/latest-post\/gambie-lancien-president-lie-au-meurtre-de-59-migrants\/\" target=\"_blank\" rel=\"noreferrer noopener\">Lire notre communiqu\u00e9 de presse<\/a><\/div>\n<\/div>\n<\/div>\n\n            <\/div>\n                     <div class=\"c-block-item\" id=\"live-28106\">\n                <div class=\"update-date\">\n\n                12 janvier 2021 13:23\n                \n        <div class=\"c-Share\">\n            <button class=\"c-Share-social meta__link orange\" data-toggle=\"collapse\" data-target=\"#pop-28106\">\n                <svg xmlns=\"http:\/\/www.w3.org\/2000\/svg\" width=\"18\" height=\"14\" ><path fill=\"currentColor\" d=\"M10.73.063c-.178-.149-.444-.018-.444.218v3.062C1.89 4.86.3 11.5.002 13.728c-.018.16.1.272.236.272a.253.253 0 0 0 .181-.084C4.595 9.476 8.806 9.14 9.968 9.14c.209 0 .318.01.318.01v3.375c0 .24.27.369.447.215l7.17-6.228a.287.287 0 0 0-.003-.433L10.73.063Z\"\/><\/svg>\n                <span class=\"sr-only\">Partage<\/span>\n            <\/button>\n            <div class=\"c-Share-social-container\" id=\"pop-28106\">\n                <ul class=\"meta__sub\" >\n                    <li class=\"meta__icon-sub\">\n                        <button type=\"button\" class=\"js-social meta__link-sub\" data-position=\"feed\" data-social=\"tw\" data-url=\"https:\/\/trialinternational.org\/fr\/case-update\/gambie-conjurer-le-passe-en-faisant-parler-temoins-et-victimes\/\" data-url-params=\"#live-28106\" data-title=\"Gambie : conjurer le pass\u00e9 en faisant parler t\u00e9moins et victimes\">\n                        <span class=\"meta__icon-container\"> <span class=\"meta__icon icon__twitter\"><\/span> <\/span> <span class=\"sr-only\">Twitter<\/span>\n                        <\/button>\n                    <\/li>\n                    <li class=\"meta__icon-sub\">\n                        <button type=\"button\" class=\"js-social meta__link-sub\" data-position=\"feed\" data-social=\"fb\" data-url=\"https:\/\/trialinternational.org\/fr\/case-update\/gambie-conjurer-le-passe-en-faisant-parler-temoins-et-victimes\/\" data-url-params=\"#live-28106\" data-title=\"Gambie : conjurer le pass\u00e9 en faisant parler t\u00e9moins et victimes\">\n                            <span class=\"meta__icon-container\"> <span class=\"meta__icon icon__facebook\"><\/span> <\/span>\n                            <span class=\"sr-only\">Facebook<\/span>\n                        <\/button>\n                    <\/li>\n                    <li class=\"meta__icon-sub\">\n                        <button type=\"button\" class=\"js-social meta__link-sub\" data-position=\"feed\" data-social=\"copy\" data-url-params=\"#live-28106\" data-title=\"Gambie : conjurer le pass\u00e9 en faisant parler t\u00e9moins et victimes\">\n                            <span class=\"meta__icon-container\"> <span class=\"meta__icon icon__link\"><\/span> <\/span>\n                            <span class=\"meta__label-sub\"> <span class=\"js-label-copy\">Copier le lien<\/span> <span class=\"js-label-copied\"><\/span> <\/span>\n                        <\/button>\n                    <\/li>\n                <\/ul>\n            <\/div>\n        <\/div>\n        \n                <\/div>\n                <div class=\"update-titre orange\">Gambie : conjurer le pass\u00e9 en faisant parler t\u00e9moins et victimes <\/div>\n                <div class=\"update-content\">\n<figure class=\"wp-block-image size-large\"><img loading=\"lazy\" decoding=\"async\" width=\"1024\" height=\"415\" src=\"https:\/\/trialinternational.org\/wp-content\/uploads\/2021\/01\/The-Gambia_September-2019-cAudrey-Oettli-TRIAL-International-22-1024x415.jpg\" alt=\"Group of people fishing on the sea shore in The Gambia\" class=\"wp-image-21329\" srcset=\"https:\/\/trialinternational.org\/wp-content\/uploads\/2021\/01\/The-Gambia_September-2019-cAudrey-Oettli-TRIAL-International-22-1024x415.jpg 1024w, https:\/\/trialinternational.org\/wp-content\/uploads\/2021\/01\/The-Gambia_September-2019-cAudrey-Oettli-TRIAL-International-22-300x122.jpg 300w, https:\/\/trialinternational.org\/wp-content\/uploads\/2021\/01\/The-Gambia_September-2019-cAudrey-Oettli-TRIAL-International-22-768x311.jpg 768w, https:\/\/trialinternational.org\/wp-content\/uploads\/2021\/01\/The-Gambia_September-2019-cAudrey-Oettli-TRIAL-International-22-1536x623.jpg 1536w, https:\/\/trialinternational.org\/wp-content\/uploads\/2021\/01\/The-Gambia_September-2019-cAudrey-Oettli-TRIAL-International-22.jpg 1800w\" sizes=\"auto, (max-width: 1024px) 100vw, 1024px\" \/><figcaption class=\"wp-element-caption\">Torture, ex\u00e9cutions extrajudiciaires, disparitions forc\u00e9es, violences sexuelles\u2026 les violations des droits humains commises sous le r\u00e9gime de Yahya Jammeh sont nombreuses. \u00a9Audrey Oettli\/ TRIAL International<\/figcaption><\/figure>\n\n\n\n<p>Il y a deux ans, la Gambie s\u2019est dot\u00e9e d\u2019un outil essentiel au service de la <a href=\"https:\/\/trialinternational.org\/fr\/topics-post\/justice-transitionnelle\/\" target=\"_blank\" rel=\"noreferrer noopener\">justice transitionnelle<\/a>\u00a0: la Commission V\u00e9rit\u00e9, R\u00e9conciliation et R\u00e9parations <em>(Truth, Reconciliation and Reparations Commission<\/em> \u2013 <em>TRRC)<\/em>. Les onze commissaires qui la composent ont pour mandat de faire la lumi\u00e8re sur les nombreuses exactions qui ont eu lieu sous la pr\u00e9sidence de <a href=\"https:\/\/trialinternational.org\/fr\/latest-post\/yahya-jammeh\/\" target=\"_blank\" rel=\"noreferrer noopener\">Yahya Jammeh<\/a>, entre 1994 et 2017. D\u00e9but\u00e9es en 2019, les auditions de la TRRC sont suivies par de nombreux Gambiens. Elles ont jusqu\u2019\u00e0 pr\u00e9sent permis d\u2019\u00e9clairer des zones sombres du pass\u00e9, gr\u00e2ce aux t\u00e9moignages de victimes, de t\u00e9moins et d\u2019<em>insiders<\/em> de l\u2019ancien r\u00e9gime. Le mandat de la TRRC a r\u00e9cemment \u00e9t\u00e9 prolong\u00e9 jusqu\u2019au printemps 2021.<\/p>\n\n\n\n<div class=\"wp-block-buttons is-layout-flex wp-block-buttons-is-layout-flex\">\n<div class=\"wp-block-button\"><a class=\"wp-block-button__link wp-element-button\" href=\"https:\/\/trialinternational.org\/fr\/latest-post\/gambie-conjurer-le-passe-en-faisant-parler-temoins-et-victimes\/\">Lire nore article<\/a><\/div>\n<\/div>\n<\/div>\n\n            <\/div>\n                     <div class=\"c-block-item\" id=\"live-28525\">\n                <div class=\"update-date\">\n\n                21 juillet 2020 16:50\n                \n        <div class=\"c-Share\">\n            <button class=\"c-Share-social meta__link orange\" data-toggle=\"collapse\" data-target=\"#pop-28525\">\n                <svg xmlns=\"http:\/\/www.w3.org\/2000\/svg\" width=\"18\" height=\"14\" ><path fill=\"currentColor\" d=\"M10.73.063c-.178-.149-.444-.018-.444.218v3.062C1.89 4.86.3 11.5.002 13.728c-.018.16.1.272.236.272a.253.253 0 0 0 .181-.084C4.595 9.476 8.806 9.14 9.968 9.14c.209 0 .318.01.318.01v3.375c0 .24.27.369.447.215l7.17-6.228a.287.287 0 0 0-.003-.433L10.73.063Z\"\/><\/svg>\n                <span class=\"sr-only\">Partage<\/span>\n            <\/button>\n            <div class=\"c-Share-social-container\" id=\"pop-28525\">\n                <ul class=\"meta__sub\" >\n                    <li class=\"meta__icon-sub\">\n                        <button type=\"button\" class=\"js-social meta__link-sub\" data-position=\"feed\" data-social=\"tw\" data-url=\"https:\/\/trialinternational.org\/fr\/case-update\/gambie-le-massacre-de-migrants-en-2005-toujours-inexplique\/\" data-url-params=\"#live-28525\" data-title=\"Gambie: Le massacre de migrants en 2005 toujours inexpliqu\u00e9\">\n                        <span class=\"meta__icon-container\"> <span class=\"meta__icon icon__twitter\"><\/span> <\/span> <span class=\"sr-only\">Twitter<\/span>\n                        <\/button>\n                    <\/li>\n                    <li class=\"meta__icon-sub\">\n                        <button type=\"button\" class=\"js-social meta__link-sub\" data-position=\"feed\" data-social=\"fb\" data-url=\"https:\/\/trialinternational.org\/fr\/case-update\/gambie-le-massacre-de-migrants-en-2005-toujours-inexplique\/\" data-url-params=\"#live-28525\" data-title=\"Gambie: Le massacre de migrants en 2005 toujours inexpliqu\u00e9\">\n                            <span class=\"meta__icon-container\"> <span class=\"meta__icon icon__facebook\"><\/span> <\/span>\n                            <span class=\"sr-only\">Facebook<\/span>\n                        <\/button>\n                    <\/li>\n                    <li class=\"meta__icon-sub\">\n                        <button type=\"button\" class=\"js-social meta__link-sub\" data-position=\"feed\" data-social=\"copy\" data-url-params=\"#live-28525\" data-title=\"Gambie: Le massacre de migrants en 2005 toujours inexpliqu\u00e9\">\n                            <span class=\"meta__icon-container\"> <span class=\"meta__icon icon__link\"><\/span> <\/span>\n                            <span class=\"meta__label-sub\"> <span class=\"js-label-copy\">Copier le lien<\/span> <span class=\"js-label-copied\"><\/span> <\/span>\n                        <\/button>\n                    <\/li>\n                <\/ul>\n            <\/div>\n        <\/div>\n        \n                <\/div>\n                <div class=\"update-titre orange\">Gambie: Le massacre de migrants en 2005 toujours inexpliqu\u00e9 <\/div>\n                <div class=\"update-content\">\n<figure class=\"wp-block-image size-large\"><img loading=\"lazy\" decoding=\"async\" width=\"1024\" height=\"415\" src=\"https:\/\/trialinternational.org\/wp-content\/uploads\/2020\/07\/junglers_SLIDER_BW-1024x415.jpg\" alt=\"\" class=\"wp-image-20506\" srcset=\"https:\/\/trialinternational.org\/wp-content\/uploads\/2020\/07\/junglers_SLIDER_BW-1024x415.jpg 1024w, https:\/\/trialinternational.org\/wp-content\/uploads\/2020\/07\/junglers_SLIDER_BW-300x122.jpg 300w, https:\/\/trialinternational.org\/wp-content\/uploads\/2020\/07\/junglers_SLIDER_BW-768x311.jpg 768w, https:\/\/trialinternational.org\/wp-content\/uploads\/2020\/07\/junglers_SLIDER_BW-1536x623.jpg 1536w, https:\/\/trialinternational.org\/wp-content\/uploads\/2020\/07\/junglers_SLIDER_BW.jpg 1800w\" sizes=\"auto, (max-width: 1024px) 100vw, 1024px\" \/><\/figure>\n\n\n\n<p>Les familles de plus de 50 migrants d\u2019Afrique de l\u2019Ouest tu\u00e9s en Gambie et au S\u00e9n\u00e9gal il y a 15 ans n\u2019ont pas encore appris toute la v\u00e9rit\u00e9 ni obtenu justice, ont d\u00e9clar\u00e9 aujourd\u2019hui 11 organisations de d\u00e9fense des droits humains. Alors qu\u2019il est de plus en plus \u00e9vident que les meurtres ont \u00e9t\u00e9 perp\u00e9tr\u00e9s par des membres des forces de s\u00e9curit\u00e9 gambiennes agissant sur ordre du pr\u00e9sident Yahya Jammeh, les groupes ont appel\u00e9 \u00e0 une enqu\u00eate internationale sur le massacre.<\/p>\n\n\n\n<div class=\"wp-block-buttons is-layout-flex wp-block-buttons-is-layout-flex\">\n<div class=\"wp-block-button\"><a class=\"wp-block-button__link wp-element-button\" href=\"https:\/\/trialinternational.org\/fr\/latest-post\/gambie-le-massacre-de-migrants-de-2005-toujours-inexplique\/\" target=\"_blank\" rel=\"noreferrer noopener\">Lire notre communiqu\u00e9 de presse conjoint<\/a><\/div>\n<\/div>\n<\/div>\n\n            <\/div>\n                     <div class=\"c-block-item\" id=\"live-31896\">\n                <div class=\"update-date\">\n\n                24 octobre 2018 10:42\n                \n        <div class=\"c-Share\">\n            <button class=\"c-Share-social meta__link orange\" data-toggle=\"collapse\" data-target=\"#pop-31896\">\n                <svg xmlns=\"http:\/\/www.w3.org\/2000\/svg\" width=\"18\" height=\"14\" ><path fill=\"currentColor\" d=\"M10.73.063c-.178-.149-.444-.018-.444.218v3.062C1.89 4.86.3 11.5.002 13.728c-.018.16.1.272.236.272a.253.253 0 0 0 .181-.084C4.595 9.476 8.806 9.14 9.968 9.14c.209 0 .318.01.318.01v3.375c0 .24.27.369.447.215l7.17-6.228a.287.287 0 0 0-.003-.433L10.73.063Z\"\/><\/svg>\n                <span class=\"sr-only\">Partage<\/span>\n            <\/button>\n            <div class=\"c-Share-social-container\" id=\"pop-31896\">\n                <ul class=\"meta__sub\" >\n                    <li class=\"meta__icon-sub\">\n                        <button type=\"button\" class=\"js-social meta__link-sub\" data-position=\"feed\" data-social=\"tw\" data-url=\"https:\/\/trialinternational.org\/fr\/case-update\/yahya-jammeh-enterrait-ses-victimes-au-senegal\/\" data-url-params=\"#live-31896\" data-title=\"Yahya Jammeh enterrait ses victimes au S\u00e9n\u00e9gal\">\n                        <span class=\"meta__icon-container\"> <span class=\"meta__icon icon__twitter\"><\/span> <\/span> <span class=\"sr-only\">Twitter<\/span>\n                        <\/button>\n                    <\/li>\n                    <li class=\"meta__icon-sub\">\n                        <button type=\"button\" class=\"js-social meta__link-sub\" data-position=\"feed\" data-social=\"fb\" data-url=\"https:\/\/trialinternational.org\/fr\/case-update\/yahya-jammeh-enterrait-ses-victimes-au-senegal\/\" data-url-params=\"#live-31896\" data-title=\"Yahya Jammeh enterrait ses victimes au S\u00e9n\u00e9gal\">\n                            <span class=\"meta__icon-container\"> <span class=\"meta__icon icon__facebook\"><\/span> <\/span>\n                            <span class=\"sr-only\">Facebook<\/span>\n                        <\/button>\n                    <\/li>\n                    <li class=\"meta__icon-sub\">\n                        <button type=\"button\" class=\"js-social meta__link-sub\" data-position=\"feed\" data-social=\"copy\" data-url-params=\"#live-31896\" data-title=\"Yahya Jammeh enterrait ses victimes au S\u00e9n\u00e9gal\">\n                            <span class=\"meta__icon-container\"> <span class=\"meta__icon icon__link\"><\/span> <\/span>\n                            <span class=\"meta__label-sub\"> <span class=\"js-label-copy\">Copier le lien<\/span> <span class=\"js-label-copied\"><\/span> <\/span>\n                        <\/button>\n                    <\/li>\n                <\/ul>\n            <\/div>\n        <\/div>\n        \n                <\/div>\n                <div class=\"update-titre orange\">Yahya Jammeh enterrait ses victimes au S\u00e9n\u00e9gal <\/div>\n                <div class=\"update-content\">\n<p>Les \u00abJunglers\u00bb, cet escadron de la mort de l\u2019ancien dictateur gambien, a \u00e0 de nombreuses reprises fait dispara\u00eetre des corps en Casamance. C\u2019est ce qu\u2019a notamment permis de r\u00e9v\u00e9ler l\u2019enqu\u00eate conjointe r\u00e9alis\u00e9e par TRIAL International et Human Rights Watch (HRW) sur la disparition de 56 migrants ouest-africains en 2005. Les <em>Junglers<\/em> ont alors travers\u00e9 la fronti\u00e8re pour abattre au moins 45 d\u2019entre eux au S\u00e9n\u00e9gal, o\u00f9 ils les ont enterr\u00e9s dans des puits abandonn\u00e9s. TRIAL International et HRW ont pr\u00e9sent\u00e9 devant la presse s\u00e9n\u00e9galaise le r\u00e9sultat de leur enqu\u00eate.<\/p>\n\n\n<div style=\"gap: 20px;\" class=\"align-button-center ub-buttons orientation-button-row ub-flex-wrap wp-block-ub-button\" id=\"ub-button-d8b13e17-7cc1-4213-b89b-6258bfb5b0f1\"><div class=\"ub-button-container\">\n\t\t\t<a href=\"https:\/\/trialinternational.org\/fr\/latest-post\/yahya-jammeh-enterrait-ses-victimes-au-senegal\/\" target=\"_blank\" rel=\"noopener noreferrer\" class=\"ub-button-block-main   ub-button-flex\" role=\"button\" style=\"--ub-button-background-color: #313131; --ub-button-color: #ffffff; --ub-button-border: none; --ub-button-hover-background-color: #313131; --ub-button-hover-color: #ffffff; --ub-button-hover-border: none; padding-top: 10px; padding-right: 10px; padding-bottom: 10px; padding-left: 10px; border-radius: 10px; \">\n\t\t\t\t<div class=\"ub-button-content-holder\" style=\"flex-direction: row\">\n\t\t\t\t\t<span class=\"ub-button-block-btn\">Voir nos infographies<\/span>\n\t\t\t\t<\/div>\n\t\t\t<\/a>\n\t\t<\/div><\/div>\n\n\n<p><\/p>\n<\/div>\n\n            <\/div>\n                     <div class=\"c-block-item\" id=\"live-27208\">\n                <div class=\"update-date\">\n\n                3 mai 2017 16:11\n                \n        <div class=\"c-Share\">\n            <button class=\"c-Share-social meta__link orange\" data-toggle=\"collapse\" data-target=\"#pop-27208\">\n                <svg xmlns=\"http:\/\/www.w3.org\/2000\/svg\" width=\"18\" height=\"14\" ><path fill=\"currentColor\" d=\"M10.73.063c-.178-.149-.444-.018-.444.218v3.062C1.89 4.86.3 11.5.002 13.728c-.018.16.1.272.236.272a.253.253 0 0 0 .181-.084C4.595 9.476 8.806 9.14 9.968 9.14c.209 0 .318.01.318.01v3.375c0 .24.27.369.447.215l7.17-6.228a.287.287 0 0 0-.003-.433L10.73.063Z\"\/><\/svg>\n                <span class=\"sr-only\">Partage<\/span>\n            <\/button>\n            <div class=\"c-Share-social-container\" id=\"pop-27208\">\n                <ul class=\"meta__sub\" >\n                    <li class=\"meta__icon-sub\">\n                        <button type=\"button\" class=\"js-social meta__link-sub\" data-position=\"feed\" data-social=\"tw\" data-url=\"https:\/\/trialinternational.org\/fr\/case-update\/detention-extended-for-former-minister-ousman-sonko\/\" data-url-params=\"#live-27208\" data-title=\"L&rsquo;ex-ministre Ousman Sonko maintenu en d\u00e9tention\">\n                        <span class=\"meta__icon-container\"> <span class=\"meta__icon icon__twitter\"><\/span> <\/span> <span class=\"sr-only\">Twitter<\/span>\n                        <\/button>\n                    <\/li>\n                    <li class=\"meta__icon-sub\">\n                        <button type=\"button\" class=\"js-social meta__link-sub\" data-position=\"feed\" data-social=\"fb\" data-url=\"https:\/\/trialinternational.org\/fr\/case-update\/detention-extended-for-former-minister-ousman-sonko\/\" data-url-params=\"#live-27208\" data-title=\"L&rsquo;ex-ministre Ousman Sonko maintenu en d\u00e9tention\">\n                            <span class=\"meta__icon-container\"> <span class=\"meta__icon icon__facebook\"><\/span> <\/span>\n                            <span class=\"sr-only\">Facebook<\/span>\n                        <\/button>\n                    <\/li>\n                    <li class=\"meta__icon-sub\">\n                        <button type=\"button\" class=\"js-social meta__link-sub\" data-position=\"feed\" data-social=\"copy\" data-url-params=\"#live-27208\" data-title=\"L&rsquo;ex-ministre Ousman Sonko maintenu en d\u00e9tention\">\n                            <span class=\"meta__icon-container\"> <span class=\"meta__icon icon__link\"><\/span> <\/span>\n                            <span class=\"meta__label-sub\"> <span class=\"js-label-copy\">Copier le lien<\/span> <span class=\"js-label-copied\"><\/span> <\/span>\n                        <\/button>\n                    <\/li>\n                <\/ul>\n            <\/div>\n        <\/div>\n        \n                <\/div>\n                <div class=\"update-titre orange\">L&rsquo;ex-ministre Ousman Sonko maintenu en d\u00e9tention <\/div>\n                <div class=\"update-content\">\n<p><strong><em>Le Tribunal des mesures de contrainte du canton de Berne a confirm\u00e9 le maintien en d\u00e9tention d\u2019Ousman Sonko. L\u2019ex-ministre de l\u2019Int\u00e9rieur et bras droit du dictateur gambien Yahya Jammeh est soup\u00e7onn\u00e9 de crimes contre l\u2019humanit\u00e9.&nbsp;<\/em><\/strong><\/p>\n\n\n\n<p>Ousman Sonko a \u00e9t\u00e9 arr\u00eat\u00e9 en Suisse le 26 janvier 2017, suite \u00e0&nbsp;<a href=\"https:\/\/trialinternational.org\/fr\/latest-post\/torture-en-gambie-lex-ministre-ousman-sonko-face-a-ses-responsabilites\/\" target=\"_blank\" rel=\"noreferrer noopener\">une d\u00e9nonciation p\u00e9nale<\/a>&nbsp;de TRIAL International pour des faits de torture. Au vu des forts soup\u00e7ons pesant contre lui, il a \u00e9t\u00e9 plac\u00e9 pendant trois mois en d\u00e9tention provisoire.<\/p>\n\n\n\n<p>Au terme de ces trois mois, le Minist\u00e8re public de la Conf\u00e9d\u00e9ration a obtenu que la d\u00e9tention soit prolong\u00e9e de 3&nbsp;mois. \u00ab&nbsp;<em>Nous saluons cette d\u00e9cision qui prouve que les autorit\u00e9s prennent au s\u00e9rieux les soup\u00e7ons contre M. Sonko \u00bb,&nbsp;<\/em>dit&nbsp;<a href=\"https:\/\/trialinternational.org\/fr\/team-post\/879\/\" target=\"_blank\" rel=\"noreferrer noopener\"><strong>Philip Grant<\/strong><\/a>, Directeur de TRIAL International. \u00ab&nbsp;<em>Nous esp\u00e9rons que l\u2019enqu\u00eate pourra faire la lumi\u00e8re sur certaines exactions du r\u00e9gime Jammeh.&nbsp;<\/em>\u00bb<\/p>\n\n\n\n<div class=\"wp-block-buttons is-layout-flex wp-block-buttons-is-layout-flex\">\n<div class=\"wp-block-button\"><a class=\"wp-block-button__link wp-element-button\" href=\"https:\/\/trialinternational.org\/fr\/latest-post\/lex-ministre-ousman-sonko-maintenu-en-detention\/\" target=\"_blank\" rel=\"noreferrer noopener\">Lire notre communiqu\u00e9<\/a><\/div>\n<\/div>\n<\/div>\n\n            <\/div>\n                     <div class=\"c-block-item\" id=\"live-27199\">\n                <div class=\"update-date\">\n\n                26 janvier 2017 16:07\n                \n        <div class=\"c-Share\">\n            <button class=\"c-Share-social meta__link orange\" data-toggle=\"collapse\" data-target=\"#pop-27199\">\n                <svg xmlns=\"http:\/\/www.w3.org\/2000\/svg\" width=\"18\" height=\"14\" ><path fill=\"currentColor\" d=\"M10.73.063c-.178-.149-.444-.018-.444.218v3.062C1.89 4.86.3 11.5.002 13.728c-.018.16.1.272.236.272a.253.253 0 0 0 .181-.084C4.595 9.476 8.806 9.14 9.968 9.14c.209 0 .318.01.318.01v3.375c0 .24.27.369.447.215l7.17-6.228a.287.287 0 0 0-.003-.433L10.73.063Z\"\/><\/svg>\n                <span class=\"sr-only\">Partage<\/span>\n            <\/button>\n            <div class=\"c-Share-social-container\" id=\"pop-27199\">\n                <ul class=\"meta__sub\" >\n                    <li class=\"meta__icon-sub\">\n                        <button type=\"button\" class=\"js-social meta__link-sub\" data-position=\"feed\" data-social=\"tw\" data-url=\"https:\/\/trialinternational.org\/fr\/case-update\/torture-in-gambia-ex-minister-ousman-sonko-must-face-his-responsibilities\/\" data-url-params=\"#live-27199\" data-title=\"Torture en Gambie: l&rsquo;ancien ministre Ousman Sonko face \u00e0 ses responsibilit\u00e9s\">\n                        <span class=\"meta__icon-container\"> <span class=\"meta__icon icon__twitter\"><\/span> <\/span> <span class=\"sr-only\">Twitter<\/span>\n                        <\/button>\n                    <\/li>\n                    <li class=\"meta__icon-sub\">\n                        <button type=\"button\" class=\"js-social meta__link-sub\" data-position=\"feed\" data-social=\"fb\" data-url=\"https:\/\/trialinternational.org\/fr\/case-update\/torture-in-gambia-ex-minister-ousman-sonko-must-face-his-responsibilities\/\" data-url-params=\"#live-27199\" data-title=\"Torture en Gambie: l&rsquo;ancien ministre Ousman Sonko face \u00e0 ses responsibilit\u00e9s\">\n                            <span class=\"meta__icon-container\"> <span class=\"meta__icon icon__facebook\"><\/span> <\/span>\n                            <span class=\"sr-only\">Facebook<\/span>\n                        <\/button>\n                    <\/li>\n                    <li class=\"meta__icon-sub\">\n                        <button type=\"button\" class=\"js-social meta__link-sub\" data-position=\"feed\" data-social=\"copy\" data-url-params=\"#live-27199\" data-title=\"Torture en Gambie: l&rsquo;ancien ministre Ousman Sonko face \u00e0 ses responsibilit\u00e9s\">\n                            <span class=\"meta__icon-container\"> <span class=\"meta__icon icon__link\"><\/span> <\/span>\n                            <span class=\"meta__label-sub\"> <span class=\"js-label-copy\">Copier le lien<\/span> <span class=\"js-label-copied\"><\/span> <\/span>\n                        <\/button>\n                    <\/li>\n                <\/ul>\n            <\/div>\n        <\/div>\n        \n                <\/div>\n                <div class=\"update-titre orange\">Torture en Gambie: l&rsquo;ancien ministre Ousman Sonko face \u00e0 ses responsibilit\u00e9s <\/div>\n                <div class=\"update-content\">\n<p><em><strong>Le dictateur Yahya Jammeh aura r\u00e9gn\u00e9 20 ans sur la Gambie, durant lesquelles\u00a0<a href=\"https:\/\/trialinternational.org\/fr\/topics-post\/torture\/\" target=\"_blank\" rel=\"noreferrer noopener\">torture<\/a>\u00a0et\u00a0<a href=\"https:\/\/trialinternational.org\/fr\/topics-post\/executions-extrajudiciaires\/\" target=\"_blank\" rel=\"noreferrer noopener\">ex\u00e9cutions extrajudiciaires<\/a> \u00e9taient monnaie courante. Les autorit\u00e9s de poursuite suisses doivent maintenant d\u00e9terminer si l\u2019un de ses plus proches anciens collaborateurs, l\u2019ancien ministre de l\u2019Int\u00e9rieur Ousman Sonko, a particip\u00e9 \u00e0 ces crimes.<\/strong><\/em><\/p>\n\n\n\n<p>Depuis le d\u00e9but des ann\u00e9es 2000, la communaut\u00e9 internationale n\u2019a eu de cesse de d\u00e9noncer la brutalit\u00e9&nbsp;du r\u00e9gime gambien. Nations Unies, ONG et cours r\u00e9gionales ont toutes fait \u00e9tat des nombreuses exactions des forces de l\u2019ordre.<\/p>\n\n\n\n<p><strong>&nbsp;<\/strong>L\u2019un des hommes forts de ce r\u00e9gime, Ousman Sonko, se trouve actuellement en Suisse. Cet ancien ministre de l\u2019Int\u00e9rieur (2006 \u2013 2016) dirigeait les forces de police et les lieux de d\u00e9tentions. Est-il possible que les violations r\u00e9p\u00e9t\u00e9es des droits humains aient \u00e9chapp\u00e9 \u00e0 son attention&nbsp;?<\/p>\n\n\n\n<div class=\"wp-block-buttons is-layout-flex wp-block-buttons-is-layout-flex\">\n<div class=\"wp-block-button\"><a class=\"wp-block-button__link wp-element-button\" href=\"https:\/\/trialinternational.org\/fr\/latest-post\/torture-en-gambie-lex-ministre-ousman-sonko-face-a-ses-responsabilites\/\">Lire notre communiqu\u00e9<\/a><\/div>\n<\/div>\n<\/div>\n\n            <\/div>\n        <\/section>\n","protected":false},"featured_media":28258,"menu_order":0,"template":"","trial_status":[1531],"class_list":["post-27167","case","type-case","status-publish","has-post-thumbnail","hentry","trial_status-en-attente-du-verdict-de-lappel"],"acf":[],"yoast_head":"<!-- This site is optimized with the Yoast SEO plugin v26.9 - https:\/\/yoast.com\/product\/yoast-seo-wordpress\/ -->\n<title>Ousman Sonko - TRIAL International<\/title>\n<meta name=\"description\" content=\"Affaire Ousman Sonko, ancien Ministre d&#039;Int\u00e9rieur de Gambie, condamn\u00e9 pour crimes contre l&#039;humanit\u00e9 commis sous l&#039;ancien dictateur Yahya Jammeh.\" \/>\n<meta name=\"robots\" content=\"index, follow, max-snippet:-1, max-image-preview:large, max-video-preview:-1\" \/>\n<link rel=\"canonical\" href=\"https:\/\/trialinternational.org\/fr\/case\/ousman-sonko\/\" \/>\n<meta property=\"og:locale\" content=\"fr_FR\" \/>\n<meta property=\"og:type\" content=\"article\" \/>\n<meta property=\"og:title\" content=\"Ousman Sonko - TRIAL International\" \/>\n<meta property=\"og:description\" content=\"Affaire Ousman Sonko, ancien Ministre d&#039;Int\u00e9rieur de Gambie, condamn\u00e9 pour crimes contre l&#039;humanit\u00e9 commis sous l&#039;ancien dictateur Yahya Jammeh.\" \/>\n<meta property=\"og:url\" content=\"https:\/\/trialinternational.org\/fr\/case\/ousman-sonko\/\" \/>\n<meta property=\"og:site_name\" content=\"TRIAL International\" \/>\n<meta property=\"article:publisher\" content=\"https:\/\/www.facebook.com\/trial.org\" \/>\n<meta property=\"article:modified_time\" content=\"2026-04-20T11:41:18+00:00\" \/>\n<meta property=\"og:image\" content=\"https:\/\/trialinternational.org\/wp-content\/uploads\/2024\/04\/Sonko_featured.png\" \/>\n\t<meta property=\"og:image:width\" content=\"3612\" \/>\n\t<meta property=\"og:image:height\" content=\"1426\" \/>\n\t<meta property=\"og:image:type\" content=\"image\/png\" \/>\n<meta name=\"twitter:card\" content=\"summary_large_image\" \/>\n<meta name=\"twitter:site\" content=\"@Trial\" \/>\n<meta name=\"twitter:label1\" content=\"Dur\u00e9e de lecture estim\u00e9e\" \/>\n\t<meta name=\"twitter:data1\" content=\"1 minute\" \/>\n<script type=\"application\/ld+json\" class=\"yoast-schema-graph\">{\"@context\":\"https:\/\/schema.org\",\"@graph\":[{\"@type\":\"WebPage\",\"@id\":\"https:\/\/trialinternational.org\/fr\/case\/ousman-sonko\/\",\"url\":\"https:\/\/trialinternational.org\/fr\/case\/ousman-sonko\/\",\"name\":\"Ousman Sonko - TRIAL International\",\"isPartOf\":{\"@id\":\"https:\/\/trialinternational.org\/#website\"},\"primaryImageOfPage\":{\"@id\":\"https:\/\/trialinternational.org\/fr\/case\/ousman-sonko\/#primaryimage\"},\"image\":{\"@id\":\"https:\/\/trialinternational.org\/fr\/case\/ousman-sonko\/#primaryimage\"},\"thumbnailUrl\":\"https:\/\/trialinternational.org\/wp-content\/uploads\/2024\/04\/Sonko_featured.png\",\"datePublished\":\"2026-03-27T08:41:00+00:00\",\"dateModified\":\"2026-04-20T11:41:18+00:00\",\"description\":\"Affaire Ousman Sonko, ancien Ministre d'Int\u00e9rieur de Gambie, condamn\u00e9 pour crimes contre l'humanit\u00e9 commis sous l'ancien dictateur Yahya Jammeh.\",\"breadcrumb\":{\"@id\":\"https:\/\/trialinternational.org\/fr\/case\/ousman-sonko\/#breadcrumb\"},\"inLanguage\":\"fr-FR\",\"potentialAction\":[{\"@type\":\"ReadAction\",\"target\":[\"https:\/\/trialinternational.org\/fr\/case\/ousman-sonko\/\"]}]},{\"@type\":\"ImageObject\",\"inLanguage\":\"fr-FR\",\"@id\":\"https:\/\/trialinternational.org\/fr\/case\/ousman-sonko\/#primaryimage\",\"url\":\"https:\/\/trialinternational.org\/wp-content\/uploads\/2024\/04\/Sonko_featured.png\",\"contentUrl\":\"https:\/\/trialinternational.org\/wp-content\/uploads\/2024\/04\/Sonko_featured.png\",\"width\":3612,\"height\":1426},{\"@type\":\"BreadcrumbList\",\"@id\":\"https:\/\/trialinternational.org\/fr\/case\/ousman-sonko\/#breadcrumb\",\"itemListElement\":[{\"@type\":\"ListItem\",\"position\":1,\"name\":\"Home\",\"item\":\"https:\/\/trialinternational.org\/fr\/\"},{\"@type\":\"ListItem\",\"position\":2,\"name\":\"Ousman Sonko\"}]},{\"@type\":\"WebSite\",\"@id\":\"https:\/\/trialinternational.org\/#website\",\"url\":\"https:\/\/trialinternational.org\/\",\"name\":\"TRIAL International\",\"description\":\"Une voie vers la justice\",\"potentialAction\":[{\"@type\":\"SearchAction\",\"target\":{\"@type\":\"EntryPoint\",\"urlTemplate\":\"https:\/\/trialinternational.org\/?s={search_term_string}\"},\"query-input\":{\"@type\":\"PropertyValueSpecification\",\"valueRequired\":true,\"valueName\":\"search_term_string\"}}],\"inLanguage\":\"fr-FR\"}]}<\/script>\n<!-- \/ Yoast SEO plugin. -->","yoast_head_json":{"title":"Ousman Sonko - TRIAL International","description":"Affaire Ousman Sonko, ancien Ministre d'Int\u00e9rieur de Gambie, condamn\u00e9 pour crimes contre l'humanit\u00e9 commis sous l'ancien dictateur Yahya Jammeh.","robots":{"index":"index","follow":"follow","max-snippet":"max-snippet:-1","max-image-preview":"max-image-preview:large","max-video-preview":"max-video-preview:-1"},"canonical":"https:\/\/trialinternational.org\/fr\/case\/ousman-sonko\/","og_locale":"fr_FR","og_type":"article","og_title":"Ousman Sonko - TRIAL International","og_description":"Affaire Ousman Sonko, ancien Ministre d'Int\u00e9rieur de Gambie, condamn\u00e9 pour crimes contre l'humanit\u00e9 commis sous l'ancien dictateur Yahya Jammeh.","og_url":"https:\/\/trialinternational.org\/fr\/case\/ousman-sonko\/","og_site_name":"TRIAL International","article_publisher":"https:\/\/www.facebook.com\/trial.org","article_modified_time":"2026-04-20T11:41:18+00:00","og_image":[{"width":3612,"height":1426,"url":"https:\/\/trialinternational.org\/wp-content\/uploads\/2024\/04\/Sonko_featured.png","type":"image\/png"}],"twitter_card":"summary_large_image","twitter_site":"@Trial","twitter_misc":{"Dur\u00e9e de lecture estim\u00e9e":"1 minute"},"schema":{"@context":"https:\/\/schema.org","@graph":[{"@type":"WebPage","@id":"https:\/\/trialinternational.org\/fr\/case\/ousman-sonko\/","url":"https:\/\/trialinternational.org\/fr\/case\/ousman-sonko\/","name":"Ousman Sonko - TRIAL International","isPartOf":{"@id":"https:\/\/trialinternational.org\/#website"},"primaryImageOfPage":{"@id":"https:\/\/trialinternational.org\/fr\/case\/ousman-sonko\/#primaryimage"},"image":{"@id":"https:\/\/trialinternational.org\/fr\/case\/ousman-sonko\/#primaryimage"},"thumbnailUrl":"https:\/\/trialinternational.org\/wp-content\/uploads\/2024\/04\/Sonko_featured.png","datePublished":"2026-03-27T08:41:00+00:00","dateModified":"2026-04-20T11:41:18+00:00","description":"Affaire Ousman Sonko, ancien Ministre d'Int\u00e9rieur de Gambie, condamn\u00e9 pour crimes contre l'humanit\u00e9 commis sous l'ancien dictateur Yahya Jammeh.","breadcrumb":{"@id":"https:\/\/trialinternational.org\/fr\/case\/ousman-sonko\/#breadcrumb"},"inLanguage":"fr-FR","potentialAction":[{"@type":"ReadAction","target":["https:\/\/trialinternational.org\/fr\/case\/ousman-sonko\/"]}]},{"@type":"ImageObject","inLanguage":"fr-FR","@id":"https:\/\/trialinternational.org\/fr\/case\/ousman-sonko\/#primaryimage","url":"https:\/\/trialinternational.org\/wp-content\/uploads\/2024\/04\/Sonko_featured.png","contentUrl":"https:\/\/trialinternational.org\/wp-content\/uploads\/2024\/04\/Sonko_featured.png","width":3612,"height":1426},{"@type":"BreadcrumbList","@id":"https:\/\/trialinternational.org\/fr\/case\/ousman-sonko\/#breadcrumb","itemListElement":[{"@type":"ListItem","position":1,"name":"Home","item":"https:\/\/trialinternational.org\/fr\/"},{"@type":"ListItem","position":2,"name":"Ousman Sonko"}]},{"@type":"WebSite","@id":"https:\/\/trialinternational.org\/#website","url":"https:\/\/trialinternational.org\/","name":"TRIAL International","description":"Une voie vers la justice","potentialAction":[{"@type":"SearchAction","target":{"@type":"EntryPoint","urlTemplate":"https:\/\/trialinternational.org\/?s={search_term_string}"},"query-input":{"@type":"PropertyValueSpecification","valueRequired":true,"valueName":"search_term_string"}}],"inLanguage":"fr-FR"}]}},"_links":{"self":[{"href":"https:\/\/trialinternational.org\/fr\/wp-json\/wp\/v2\/case\/27167","targetHints":{"allow":["GET"]}}],"collection":[{"href":"https:\/\/trialinternational.org\/fr\/wp-json\/wp\/v2\/case"}],"about":[{"href":"https:\/\/trialinternational.org\/fr\/wp-json\/wp\/v2\/types\/case"}],"wp:featuredmedia":[{"embeddable":true,"href":"https:\/\/trialinternational.org\/fr\/wp-json\/wp\/v2\/media\/28258"}],"wp:attachment":[{"href":"https:\/\/trialinternational.org\/fr\/wp-json\/wp\/v2\/media?parent=27167"}],"wp:term":[{"taxonomy":"trial_status","embeddable":true,"href":"https:\/\/trialinternational.org\/fr\/wp-json\/wp\/v2\/trial_status?post=27167"}],"curies":[{"name":"wp","href":"https:\/\/api.w.org\/{rel}","templated":true}]}}