{"id":27794,"date":"2023-09-28T17:49:00","date_gmt":"2023-09-28T15:49:00","guid":{"rendered":"https:\/\/trialinternational.org\/?post_type=case&#038;p=27794"},"modified":"2025-09-05T13:22:05","modified_gmt":"2025-09-05T11:22:05","slug":"yuri-harauski","status":"publish","type":"case","link":"https:\/\/trialinternational.org\/fr\/case\/yuri-harauski\/","title":{"rendered":"Yuri Harauski"},"content":{"rendered":"<section class=\"c-block-updates\">\n\n                 <div class=\"c-block-item\" id=\"live-27804\">\n                <div class=\"update-date\">\n\n                28 septembre 2023 10:03\n                \n        <div class=\"c-Share\">\n            <button class=\"c-Share-social meta__link orange\" data-toggle=\"collapse\" data-target=\"#pop-27804\">\n                <svg xmlns=\"http:\/\/www.w3.org\/2000\/svg\" width=\"18\" height=\"14\" ><path fill=\"currentColor\" d=\"M10.73.063c-.178-.149-.444-.018-.444.218v3.062C1.89 4.86.3 11.5.002 13.728c-.018.16.1.272.236.272a.253.253 0 0 0 .181-.084C4.595 9.476 8.806 9.14 9.968 9.14c.209 0 .318.01.318.01v3.375c0 .24.27.369.447.215l7.17-6.228a.287.287 0 0 0-.003-.433L10.73.063Z\"\/><\/svg>\n                <span class=\"sr-only\">Partage<\/span>\n            <\/button>\n            <div class=\"c-Share-social-container\" id=\"pop-27804\">\n                <ul class=\"meta__sub\" >\n                    <li class=\"meta__icon-sub\">\n                        <button type=\"button\" class=\"js-social meta__link-sub\" data-position=\"feed\" data-social=\"tw\" data-url=\"https:\/\/trialinternational.org\/fr\/case-update\/belarus-acquittement-dun-membre-de-lescadron-delite-de-loukachenko-prononce-en-suisse\/\" data-url-params=\"#live-27804\" data-title=\"B\u00e9larus : Acquittement d\u2019un membre de l\u2019escadron d\u2019\u00e9lite de Loukachenko prononc\u00e9 en Suisse\">\n                        <span class=\"meta__icon-container\"> <span class=\"meta__icon icon__twitter\"><\/span> <\/span> <span class=\"sr-only\">Twitter<\/span>\n                        <\/button>\n                    <\/li>\n                    <li class=\"meta__icon-sub\">\n                        <button type=\"button\" class=\"js-social meta__link-sub\" data-position=\"feed\" data-social=\"fb\" data-url=\"https:\/\/trialinternational.org\/fr\/case-update\/belarus-acquittement-dun-membre-de-lescadron-delite-de-loukachenko-prononce-en-suisse\/\" data-url-params=\"#live-27804\" data-title=\"B\u00e9larus : Acquittement d\u2019un membre de l\u2019escadron d\u2019\u00e9lite de Loukachenko prononc\u00e9 en Suisse\">\n                            <span class=\"meta__icon-container\"> <span class=\"meta__icon icon__facebook\"><\/span> <\/span>\n                            <span class=\"sr-only\">Facebook<\/span>\n                        <\/button>\n                    <\/li>\n                    <li class=\"meta__icon-sub\">\n                        <button type=\"button\" class=\"js-social meta__link-sub\" data-position=\"feed\" data-social=\"copy\" data-url-params=\"#live-27804\" data-title=\"B\u00e9larus : Acquittement d\u2019un membre de l\u2019escadron d\u2019\u00e9lite de Loukachenko prononc\u00e9 en Suisse\">\n                            <span class=\"meta__icon-container\"> <span class=\"meta__icon icon__link\"><\/span> <\/span>\n                            <span class=\"meta__label-sub\"> <span class=\"js-label-copy\">Copier le lien<\/span> <span class=\"js-label-copied\"><\/span> <\/span>\n                        <\/button>\n                    <\/li>\n                <\/ul>\n            <\/div>\n        <\/div>\n        \n                <\/div>\n                <div class=\"update-titre orange\">B\u00e9larus : Acquittement d\u2019un membre de l\u2019escadron d\u2019\u00e9lite de Loukachenko prononc\u00e9 en Suisse <\/div>\n                <div class=\"update-content\">\n<figure class=\"wp-block-image size-large\"><img loading=\"lazy\" decoding=\"async\" width=\"1024\" height=\"725\" src=\"https:\/\/trialinternational.org\/wp-content\/uploads\/2023\/09\/image_50372353_mit-Unterschrift-1024x725.jpg\" alt=\"Drawing by Natallia Hersche, a Belarusian artist who was present at the trial of Yuri Harauski on 19-20 September 2023 in St. Gallen, Switzerland.\" class=\"wp-image-26057\" srcset=\"https:\/\/trialinternational.org\/wp-content\/uploads\/2023\/09\/image_50372353_mit-Unterschrift-1024x725.jpg 1024w, https:\/\/trialinternational.org\/wp-content\/uploads\/2023\/09\/image_50372353_mit-Unterschrift-300x212.jpg 300w, https:\/\/trialinternational.org\/wp-content\/uploads\/2023\/09\/image_50372353_mit-Unterschrift-768x544.jpg 768w, https:\/\/trialinternational.org\/wp-content\/uploads\/2023\/09\/image_50372353_mit-Unterschrift-1536x1088.jpg 1536w, https:\/\/trialinternational.org\/wp-content\/uploads\/2023\/09\/image_50372353_mit-Unterschrift-2048x1450.jpg 2048w\" sizes=\"auto, (max-width: 1024px) 100vw, 1024px\" \/><figcaption class=\"wp-element-caption\"><em>Dessin de l\u2019illustratrice bi\u00e9lorusse Natallia Hersche, qui \u00e9tait pr\u00e9sente durant le proc\u00e8s les 19-20 septembre 2023 \u00e0 St-Gall.<\/em><\/figcaption><\/figure>\n\n\n\n<p>Yuri Harauski a \u00e9t\u00e9 acquitt\u00e9 du crime de disparition forc\u00e9e de trois opposants politiques en 1999 au Belarus. Si la Cour a reconnu la responsabilit\u00e9 du r\u00e9gime dans ces crimes, les juges n\u2019ont pas \u00e9t\u00e9 convaincus de l\u2019implication de l\u2019accus\u00e9 dans ces \u00e9v\u00e9nements. Les familles des victimes restent dans l\u2019incertitude quant aux circonstances exactes de la disparition de leurs proches. TRIAL International, la FIDH et Viasna regrettent le verdict d\u2019aujourd\u2019hui et continueront \u00e0 soutenir les victimes dans leur qu\u00eate de justice, y compris pendant la proc\u00e9dure d\u2019appel.<\/p>\n\n\n\n<div class=\"wp-block-buttons is-layout-flex wp-block-buttons-is-layout-flex\">\n<div class=\"wp-block-button\"><a class=\"wp-block-button__link wp-element-button\" href=\"https:\/\/trialinternational.org\/fr\/latest-post\/belarus-acquittement-dun-membre-de-lescadron-delite-de-loukachenko-prononce-en-suisse\/\" target=\"_blank\" rel=\"noreferrer noopener\">Lire notre communiqu\u00e9 de presse<\/a><\/div>\n<\/div>\n<\/div>\n\n            <\/div>\n                     <div class=\"c-block-item\" id=\"live-27801\">\n                <div class=\"update-date\">\n\n                20 septembre 2023 18:00\n                \n        <div class=\"c-Share\">\n            <button class=\"c-Share-social meta__link orange\" data-toggle=\"collapse\" data-target=\"#pop-27801\">\n                <svg xmlns=\"http:\/\/www.w3.org\/2000\/svg\" width=\"18\" height=\"14\" ><path fill=\"currentColor\" d=\"M10.73.063c-.178-.149-.444-.018-.444.218v3.062C1.89 4.86.3 11.5.002 13.728c-.018.16.1.272.236.272a.253.253 0 0 0 .181-.084C4.595 9.476 8.806 9.14 9.968 9.14c.209 0 .318.01.318.01v3.375c0 .24.27.369.447.215l7.17-6.228a.287.287 0 0 0-.003-.433L10.73.063Z\"\/><\/svg>\n                <span class=\"sr-only\">Partage<\/span>\n            <\/button>\n            <div class=\"c-Share-social-container\" id=\"pop-27801\">\n                <ul class=\"meta__sub\" >\n                    <li class=\"meta__icon-sub\">\n                        <button type=\"button\" class=\"js-social meta__link-sub\" data-position=\"feed\" data-social=\"tw\" data-url=\"https:\/\/trialinternational.org\/fr\/case-update\/20-septembre-2023-trial-update-n2\/\" data-url-params=\"#live-27801\" data-title=\"20 septembre 2023: Trial update N\u00b02\">\n                        <span class=\"meta__icon-container\"> <span class=\"meta__icon icon__twitter\"><\/span> <\/span> <span class=\"sr-only\">Twitter<\/span>\n                        <\/button>\n                    <\/li>\n                    <li class=\"meta__icon-sub\">\n                        <button type=\"button\" class=\"js-social meta__link-sub\" data-position=\"feed\" data-social=\"fb\" data-url=\"https:\/\/trialinternational.org\/fr\/case-update\/20-septembre-2023-trial-update-n2\/\" data-url-params=\"#live-27801\" data-title=\"20 septembre 2023: Trial update N\u00b02\">\n                            <span class=\"meta__icon-container\"> <span class=\"meta__icon icon__facebook\"><\/span> <\/span>\n                            <span class=\"sr-only\">Facebook<\/span>\n                        <\/button>\n                    <\/li>\n                    <li class=\"meta__icon-sub\">\n                        <button type=\"button\" class=\"js-social meta__link-sub\" data-position=\"feed\" data-social=\"copy\" data-url-params=\"#live-27801\" data-title=\"20 septembre 2023: Trial update N\u00b02\">\n                            <span class=\"meta__icon-container\"> <span class=\"meta__icon icon__link\"><\/span> <\/span>\n                            <span class=\"meta__label-sub\"> <span class=\"js-label-copy\">Copier le lien<\/span> <span class=\"js-label-copied\"><\/span> <\/span>\n                        <\/button>\n                    <\/li>\n                <\/ul>\n            <\/div>\n        <\/div>\n        \n                <\/div>\n                <div class=\"update-titre orange\">20 septembre 2023: Trial update N\u00b02 <\/div>\n                <div class=\"update-content\">\n<figure class=\"wp-block-image size-large is-resized\"><img loading=\"lazy\" decoding=\"async\" width=\"1024\" height=\"1024\" src=\"https:\/\/trialinternational.org\/wp-content\/uploads\/2024\/03\/Label_trial-update_20092023_FR-1024x1024.jpg\" alt=\"\" class=\"wp-image-27802\" style=\"width:615px;height:auto\" srcset=\"https:\/\/trialinternational.org\/wp-content\/uploads\/2024\/03\/Label_trial-update_20092023_FR-1024x1024.jpg 1024w, https:\/\/trialinternational.org\/wp-content\/uploads\/2024\/03\/Label_trial-update_20092023_FR-300x300.jpg 300w, https:\/\/trialinternational.org\/wp-content\/uploads\/2024\/03\/Label_trial-update_20092023_FR-150x150.jpg 150w, https:\/\/trialinternational.org\/wp-content\/uploads\/2024\/03\/Label_trial-update_20092023_FR-768x768.jpg 768w, https:\/\/trialinternational.org\/wp-content\/uploads\/2024\/03\/Label_trial-update_20092023_FR-210x210.jpg 210w, https:\/\/trialinternational.org\/wp-content\/uploads\/2024\/03\/Label_trial-update_20092023_FR-600x600.jpg 600w, https:\/\/trialinternational.org\/wp-content\/uploads\/2024\/03\/Label_trial-update_20092023_FR.jpg 1080w\" sizes=\"auto, (max-width: 1024px) 100vw, 1024px\" \/><\/figure>\n<\/div>\n\n            <\/div>\n                     <div class=\"c-block-item\" id=\"live-27798\">\n                <div class=\"update-date\">\n\n                19 septembre 2023 17:59\n                \n        <div class=\"c-Share\">\n            <button class=\"c-Share-social meta__link orange\" data-toggle=\"collapse\" data-target=\"#pop-27798\">\n                <svg xmlns=\"http:\/\/www.w3.org\/2000\/svg\" width=\"18\" height=\"14\" ><path fill=\"currentColor\" d=\"M10.73.063c-.178-.149-.444-.018-.444.218v3.062C1.89 4.86.3 11.5.002 13.728c-.018.16.1.272.236.272a.253.253 0 0 0 .181-.084C4.595 9.476 8.806 9.14 9.968 9.14c.209 0 .318.01.318.01v3.375c0 .24.27.369.447.215l7.17-6.228a.287.287 0 0 0-.003-.433L10.73.063Z\"\/><\/svg>\n                <span class=\"sr-only\">Partage<\/span>\n            <\/button>\n            <div class=\"c-Share-social-container\" id=\"pop-27798\">\n                <ul class=\"meta__sub\" >\n                    <li class=\"meta__icon-sub\">\n                        <button type=\"button\" class=\"js-social meta__link-sub\" data-position=\"feed\" data-social=\"tw\" data-url=\"https:\/\/trialinternational.org\/fr\/case-update\/19-septembre-2023-trial-update-n1\/\" data-url-params=\"#live-27798\" data-title=\"19 septembre 2023: Trial update N\u00b01\">\n                        <span class=\"meta__icon-container\"> <span class=\"meta__icon icon__twitter\"><\/span> <\/span> <span class=\"sr-only\">Twitter<\/span>\n                        <\/button>\n                    <\/li>\n                    <li class=\"meta__icon-sub\">\n                        <button type=\"button\" class=\"js-social meta__link-sub\" data-position=\"feed\" data-social=\"fb\" data-url=\"https:\/\/trialinternational.org\/fr\/case-update\/19-septembre-2023-trial-update-n1\/\" data-url-params=\"#live-27798\" data-title=\"19 septembre 2023: Trial update N\u00b01\">\n                            <span class=\"meta__icon-container\"> <span class=\"meta__icon icon__facebook\"><\/span> <\/span>\n                            <span class=\"sr-only\">Facebook<\/span>\n                        <\/button>\n                    <\/li>\n                    <li class=\"meta__icon-sub\">\n                        <button type=\"button\" class=\"js-social meta__link-sub\" data-position=\"feed\" data-social=\"copy\" data-url-params=\"#live-27798\" data-title=\"19 septembre 2023: Trial update N\u00b01\">\n                            <span class=\"meta__icon-container\"> <span class=\"meta__icon icon__link\"><\/span> <\/span>\n                            <span class=\"meta__label-sub\"> <span class=\"js-label-copy\">Copier le lien<\/span> <span class=\"js-label-copied\"><\/span> <\/span>\n                        <\/button>\n                    <\/li>\n                <\/ul>\n            <\/div>\n        <\/div>\n        \n                <\/div>\n                <div class=\"update-titre orange\">19 septembre 2023: Trial update N\u00b01 <\/div>\n                <div class=\"update-content\">\n<figure class=\"wp-block-image size-large is-resized\"><img loading=\"lazy\" decoding=\"async\" width=\"1024\" height=\"1024\" src=\"https:\/\/trialinternational.org\/wp-content\/uploads\/2024\/03\/Label_trial-update_19092023_FR-1024x1024.jpg\" alt=\"\" class=\"wp-image-27799\" style=\"width:601px;height:auto\" srcset=\"https:\/\/trialinternational.org\/wp-content\/uploads\/2024\/03\/Label_trial-update_19092023_FR-1024x1024.jpg 1024w, https:\/\/trialinternational.org\/wp-content\/uploads\/2024\/03\/Label_trial-update_19092023_FR-300x300.jpg 300w, https:\/\/trialinternational.org\/wp-content\/uploads\/2024\/03\/Label_trial-update_19092023_FR-150x150.jpg 150w, https:\/\/trialinternational.org\/wp-content\/uploads\/2024\/03\/Label_trial-update_19092023_FR-768x768.jpg 768w, https:\/\/trialinternational.org\/wp-content\/uploads\/2024\/03\/Label_trial-update_19092023_FR-210x210.jpg 210w, https:\/\/trialinternational.org\/wp-content\/uploads\/2024\/03\/Label_trial-update_19092023_FR-600x600.jpg 600w, https:\/\/trialinternational.org\/wp-content\/uploads\/2024\/03\/Label_trial-update_19092023_FR.jpg 1080w\" sizes=\"auto, (max-width: 1024px) 100vw, 1024px\" \/><\/figure>\n<\/div>\n\n            <\/div>\n                     <div class=\"c-block-item\" id=\"live-27793\">\n                <div class=\"update-date\">\n\n                30 ao\u00fbt 2023 17:26\n                \n        <div class=\"c-Share\">\n            <button class=\"c-Share-social meta__link orange\" data-toggle=\"collapse\" data-target=\"#pop-27793\">\n                <svg xmlns=\"http:\/\/www.w3.org\/2000\/svg\" width=\"18\" height=\"14\" ><path fill=\"currentColor\" d=\"M10.73.063c-.178-.149-.444-.018-.444.218v3.062C1.89 4.86.3 11.5.002 13.728c-.018.16.1.272.236.272a.253.253 0 0 0 .181-.084C4.595 9.476 8.806 9.14 9.968 9.14c.209 0 .318.01.318.01v3.375c0 .24.27.369.447.215l7.17-6.228a.287.287 0 0 0-.003-.433L10.73.063Z\"\/><\/svg>\n                <span class=\"sr-only\">Partage<\/span>\n            <\/button>\n            <div class=\"c-Share-social-container\" id=\"pop-27793\">\n                <ul class=\"meta__sub\" >\n                    <li class=\"meta__icon-sub\">\n                        <button type=\"button\" class=\"js-social meta__link-sub\" data-position=\"feed\" data-social=\"tw\" data-url=\"https:\/\/trialinternational.org\/fr\/case-update\/disparitions-forcees-au-belarus-un-ancien-membre-de-lescadron-delite-du-president-loukachenko-comparait-devant-un-tribunal-suisse\/\" data-url-params=\"#live-27793\" data-title=\"Disparitions forc\u00e9es au B\u00e9larus : un ancien membre de l\u2019escadron d\u2019\u00e9lite du pr\u00e9sident Loukachenko comparait devant un tribunal suisse\">\n                        <span class=\"meta__icon-container\"> <span class=\"meta__icon icon__twitter\"><\/span> <\/span> <span class=\"sr-only\">Twitter<\/span>\n                        <\/button>\n                    <\/li>\n                    <li class=\"meta__icon-sub\">\n                        <button type=\"button\" class=\"js-social meta__link-sub\" data-position=\"feed\" data-social=\"fb\" data-url=\"https:\/\/trialinternational.org\/fr\/case-update\/disparitions-forcees-au-belarus-un-ancien-membre-de-lescadron-delite-du-president-loukachenko-comparait-devant-un-tribunal-suisse\/\" data-url-params=\"#live-27793\" data-title=\"Disparitions forc\u00e9es au B\u00e9larus : un ancien membre de l\u2019escadron d\u2019\u00e9lite du pr\u00e9sident Loukachenko comparait devant un tribunal suisse\">\n                            <span class=\"meta__icon-container\"> <span class=\"meta__icon icon__facebook\"><\/span> <\/span>\n                            <span class=\"sr-only\">Facebook<\/span>\n                        <\/button>\n                    <\/li>\n                    <li class=\"meta__icon-sub\">\n                        <button type=\"button\" class=\"js-social meta__link-sub\" data-position=\"feed\" data-social=\"copy\" data-url-params=\"#live-27793\" data-title=\"Disparitions forc\u00e9es au B\u00e9larus : un ancien membre de l\u2019escadron d\u2019\u00e9lite du pr\u00e9sident Loukachenko comparait devant un tribunal suisse\">\n                            <span class=\"meta__icon-container\"> <span class=\"meta__icon icon__link\"><\/span> <\/span>\n                            <span class=\"meta__label-sub\"> <span class=\"js-label-copy\">Copier le lien<\/span> <span class=\"js-label-copied\"><\/span> <\/span>\n                        <\/button>\n                    <\/li>\n                <\/ul>\n            <\/div>\n        <\/div>\n        \n                <\/div>\n                <div class=\"update-titre orange\">Disparitions forc\u00e9es au B\u00e9larus : un ancien membre de l\u2019escadron d\u2019\u00e9lite du pr\u00e9sident Loukachenko comparait devant un tribunal suisse <\/div>\n                <div class=\"update-content\">\n<figure class=\"wp-block-image size-large\"><img loading=\"lazy\" decoding=\"async\" width=\"1024\" height=\"768\" src=\"https:\/\/trialinternational.org\/wp-content\/uploads\/2023\/08\/Belarus_2003-09-16-Minsk_no-copyright-1024x768.jpg\" alt=\"demonstration in Minsk, Belarus\" class=\"wp-image-25828\" srcset=\"https:\/\/trialinternational.org\/wp-content\/uploads\/2023\/08\/Belarus_2003-09-16-Minsk_no-copyright-1024x768.jpg 1024w, https:\/\/trialinternational.org\/wp-content\/uploads\/2023\/08\/Belarus_2003-09-16-Minsk_no-copyright-300x225.jpg 300w, https:\/\/trialinternational.org\/wp-content\/uploads\/2023\/08\/Belarus_2003-09-16-Minsk_no-copyright-768x576.jpg 768w, https:\/\/trialinternational.org\/wp-content\/uploads\/2023\/08\/Belarus_2003-09-16-Minsk_no-copyright-1536x1152.jpg 1536w, https:\/\/trialinternational.org\/wp-content\/uploads\/2023\/08\/Belarus_2003-09-16-Minsk_no-copyright.jpg 1600w\" sizes=\"auto, (max-width: 1024px) 100vw, 1024px\" \/><figcaption class=\"wp-element-caption\"><em>Manifestation \u00e0 Minsk en septembre 2003, sur les photos de gauche \u00e0 droite: Yuri Zakharenko, Dzmitry Zavadski, Anatoli Krasouski, Viktar Hanchar.<\/em><\/figcaption><\/figure>\n\n\n\n<p>Yuri Harauski, ancien membre de l\u2019unit\u00e9 sp\u00e9ciale d\u2019intervention rapide (SOBR) du pr\u00e9sident Aliaksandr Loukachenko, compara\u00eetra les 19 et 20 septembre 2023 devant un tribunal p\u00e9nal \u00e0 Saint-Gall, en Suisse. Il est accus\u00e9 d\u2019avoir particip\u00e9 aux disparitions forc\u00e9es de trois opposants politiques majeurs en 1999. Le proc\u00e8s fait suite aux plaintes d\u00e9pos\u00e9es par les proches de deux des victimes et est soutenu par la FIDH, TRIAL International et Viasna, qui ont d\u00e9pos\u00e9 une plainte au m\u00eame moment.<\/p>\n\n\n\n<div class=\"wp-block-buttons is-layout-flex wp-block-buttons-is-layout-flex\">\n<div class=\"wp-block-button\"><a class=\"wp-block-button__link wp-element-button\" href=\"https:\/\/trialinternational.org\/fr\/latest-post\/disparitions-forcees-au-belarus-comparition-devant-un-tribunal-suisse\/\" target=\"_blank\" rel=\"noreferrer noopener\">Lire notre communiqu\u00e9 de presse<\/a><\/div>\n<\/div>\n<\/div>\n\n            <\/div>\n        <\/section>\n","protected":false},"featured_media":27918,"menu_order":0,"template":"","trial_status":[1460],"class_list":["post-27794","case","type-case","status-publish","has-post-thumbnail","hentry","trial_status-en-cours"],"acf":[],"yoast_head":"<!-- This site is optimized with the Yoast SEO plugin v26.9 - https:\/\/yoast.com\/product\/yoast-seo-wordpress\/ -->\n<title>Yuri Harauski - TRIAL International<\/title>\n<meta name=\"description\" content=\"R\u00e9sum\u00e9 de l&#039;affaire Yuri Harauski, ex-membre de l&#039;unit\u00e9 SOBR du Pr\u00e9sident Lukashenko, affirmant avoir \u00e9t\u00e9 impliqu\u00e9 dans la disparition forc\u00e9e de plusieurs opposants en Bi\u00e9lorussie.\" \/>\n<meta name=\"robots\" content=\"index, follow, max-snippet:-1, max-image-preview:large, max-video-preview:-1\" \/>\n<link rel=\"canonical\" href=\"https:\/\/trialinternational.org\/fr\/case\/yuri-harauski\/\" \/>\n<meta property=\"og:locale\" content=\"fr_FR\" \/>\n<meta property=\"og:type\" content=\"article\" \/>\n<meta property=\"og:title\" content=\"Yuri Harauski - TRIAL International\" \/>\n<meta property=\"og:description\" content=\"R\u00e9sum\u00e9 de l&#039;affaire Yuri Harauski, ex-membre de l&#039;unit\u00e9 SOBR du Pr\u00e9sident Lukashenko, affirmant avoir \u00e9t\u00e9 impliqu\u00e9 dans la disparition forc\u00e9e de plusieurs opposants en Bi\u00e9lorussie.\" \/>\n<meta property=\"og:url\" content=\"https:\/\/trialinternational.org\/fr\/case\/yuri-harauski\/\" \/>\n<meta property=\"og:site_name\" content=\"TRIAL International\" \/>\n<meta property=\"article:publisher\" content=\"https:\/\/www.facebook.com\/trial.org\" \/>\n<meta property=\"article:modified_time\" content=\"2025-09-05T11:22:05+00:00\" \/>\n<meta property=\"og:image\" content=\"https:\/\/trialinternational.org\/wp-content\/uploads\/2023\/09\/CASES_Man_featured.png\" \/>\n\t<meta property=\"og:image:width\" content=\"1024\" \/>\n\t<meta property=\"og:image:height\" content=\"404\" \/>\n\t<meta property=\"og:image:type\" content=\"image\/png\" \/>\n<meta name=\"twitter:card\" content=\"summary_large_image\" \/>\n<meta name=\"twitter:site\" content=\"@Trial\" \/>\n<meta name=\"twitter:label1\" content=\"Dur\u00e9e de lecture estim\u00e9e\" \/>\n\t<meta name=\"twitter:data1\" content=\"1 minute\" \/>\n<script type=\"application\/ld+json\" class=\"yoast-schema-graph\">{\"@context\":\"https:\/\/schema.org\",\"@graph\":[{\"@type\":\"WebPage\",\"@id\":\"https:\/\/trialinternational.org\/fr\/case\/yuri-harauski\/\",\"url\":\"https:\/\/trialinternational.org\/fr\/case\/yuri-harauski\/\",\"name\":\"Yuri Harauski - TRIAL International\",\"isPartOf\":{\"@id\":\"https:\/\/trialinternational.org\/#website\"},\"primaryImageOfPage\":{\"@id\":\"https:\/\/trialinternational.org\/fr\/case\/yuri-harauski\/#primaryimage\"},\"image\":{\"@id\":\"https:\/\/trialinternational.org\/fr\/case\/yuri-harauski\/#primaryimage\"},\"thumbnailUrl\":\"https:\/\/trialinternational.org\/wp-content\/uploads\/2023\/09\/CASES_Man_featured.png\",\"datePublished\":\"2023-09-28T15:49:00+00:00\",\"dateModified\":\"2025-09-05T11:22:05+00:00\",\"description\":\"R\u00e9sum\u00e9 de l'affaire Yuri Harauski, ex-membre de l'unit\u00e9 SOBR du Pr\u00e9sident Lukashenko, affirmant avoir \u00e9t\u00e9 impliqu\u00e9 dans la disparition forc\u00e9e de plusieurs opposants en Bi\u00e9lorussie.\",\"breadcrumb\":{\"@id\":\"https:\/\/trialinternational.org\/fr\/case\/yuri-harauski\/#breadcrumb\"},\"inLanguage\":\"fr-FR\",\"potentialAction\":[{\"@type\":\"ReadAction\",\"target\":[\"https:\/\/trialinternational.org\/fr\/case\/yuri-harauski\/\"]}]},{\"@type\":\"ImageObject\",\"inLanguage\":\"fr-FR\",\"@id\":\"https:\/\/trialinternational.org\/fr\/case\/yuri-harauski\/#primaryimage\",\"url\":\"https:\/\/trialinternational.org\/wp-content\/uploads\/2023\/09\/CASES_Man_featured.png\",\"contentUrl\":\"https:\/\/trialinternational.org\/wp-content\/uploads\/2023\/09\/CASES_Man_featured.png\",\"width\":1024,\"height\":404,\"caption\":\"Anonymous portrait of a man.\"},{\"@type\":\"BreadcrumbList\",\"@id\":\"https:\/\/trialinternational.org\/fr\/case\/yuri-harauski\/#breadcrumb\",\"itemListElement\":[{\"@type\":\"ListItem\",\"position\":1,\"name\":\"Home\",\"item\":\"https:\/\/trialinternational.org\/fr\/\"},{\"@type\":\"ListItem\",\"position\":2,\"name\":\"Yuri Harauski\"}]},{\"@type\":\"WebSite\",\"@id\":\"https:\/\/trialinternational.org\/#website\",\"url\":\"https:\/\/trialinternational.org\/\",\"name\":\"TRIAL International\",\"description\":\"Une voie vers la justice\",\"potentialAction\":[{\"@type\":\"SearchAction\",\"target\":{\"@type\":\"EntryPoint\",\"urlTemplate\":\"https:\/\/trialinternational.org\/?s={search_term_string}\"},\"query-input\":{\"@type\":\"PropertyValueSpecification\",\"valueRequired\":true,\"valueName\":\"search_term_string\"}}],\"inLanguage\":\"fr-FR\"}]}<\/script>\n<!-- \/ Yoast SEO plugin. -->","yoast_head_json":{"title":"Yuri Harauski - TRIAL International","description":"R\u00e9sum\u00e9 de l'affaire Yuri Harauski, ex-membre de l'unit\u00e9 SOBR du Pr\u00e9sident Lukashenko, affirmant avoir \u00e9t\u00e9 impliqu\u00e9 dans la disparition forc\u00e9e de plusieurs opposants en Bi\u00e9lorussie.","robots":{"index":"index","follow":"follow","max-snippet":"max-snippet:-1","max-image-preview":"max-image-preview:large","max-video-preview":"max-video-preview:-1"},"canonical":"https:\/\/trialinternational.org\/fr\/case\/yuri-harauski\/","og_locale":"fr_FR","og_type":"article","og_title":"Yuri Harauski - TRIAL International","og_description":"R\u00e9sum\u00e9 de l'affaire Yuri Harauski, ex-membre de l'unit\u00e9 SOBR du Pr\u00e9sident Lukashenko, affirmant avoir \u00e9t\u00e9 impliqu\u00e9 dans la disparition forc\u00e9e de plusieurs opposants en Bi\u00e9lorussie.","og_url":"https:\/\/trialinternational.org\/fr\/case\/yuri-harauski\/","og_site_name":"TRIAL International","article_publisher":"https:\/\/www.facebook.com\/trial.org","article_modified_time":"2025-09-05T11:22:05+00:00","og_image":[{"width":1024,"height":404,"url":"https:\/\/trialinternational.org\/wp-content\/uploads\/2023\/09\/CASES_Man_featured.png","type":"image\/png"}],"twitter_card":"summary_large_image","twitter_site":"@Trial","twitter_misc":{"Dur\u00e9e de lecture estim\u00e9e":"1 minute"},"schema":{"@context":"https:\/\/schema.org","@graph":[{"@type":"WebPage","@id":"https:\/\/trialinternational.org\/fr\/case\/yuri-harauski\/","url":"https:\/\/trialinternational.org\/fr\/case\/yuri-harauski\/","name":"Yuri Harauski - TRIAL International","isPartOf":{"@id":"https:\/\/trialinternational.org\/#website"},"primaryImageOfPage":{"@id":"https:\/\/trialinternational.org\/fr\/case\/yuri-harauski\/#primaryimage"},"image":{"@id":"https:\/\/trialinternational.org\/fr\/case\/yuri-harauski\/#primaryimage"},"thumbnailUrl":"https:\/\/trialinternational.org\/wp-content\/uploads\/2023\/09\/CASES_Man_featured.png","datePublished":"2023-09-28T15:49:00+00:00","dateModified":"2025-09-05T11:22:05+00:00","description":"R\u00e9sum\u00e9 de l'affaire Yuri Harauski, ex-membre de l'unit\u00e9 SOBR du Pr\u00e9sident Lukashenko, affirmant avoir \u00e9t\u00e9 impliqu\u00e9 dans la disparition forc\u00e9e de plusieurs opposants en Bi\u00e9lorussie.","breadcrumb":{"@id":"https:\/\/trialinternational.org\/fr\/case\/yuri-harauski\/#breadcrumb"},"inLanguage":"fr-FR","potentialAction":[{"@type":"ReadAction","target":["https:\/\/trialinternational.org\/fr\/case\/yuri-harauski\/"]}]},{"@type":"ImageObject","inLanguage":"fr-FR","@id":"https:\/\/trialinternational.org\/fr\/case\/yuri-harauski\/#primaryimage","url":"https:\/\/trialinternational.org\/wp-content\/uploads\/2023\/09\/CASES_Man_featured.png","contentUrl":"https:\/\/trialinternational.org\/wp-content\/uploads\/2023\/09\/CASES_Man_featured.png","width":1024,"height":404,"caption":"Anonymous portrait of a man."},{"@type":"BreadcrumbList","@id":"https:\/\/trialinternational.org\/fr\/case\/yuri-harauski\/#breadcrumb","itemListElement":[{"@type":"ListItem","position":1,"name":"Home","item":"https:\/\/trialinternational.org\/fr\/"},{"@type":"ListItem","position":2,"name":"Yuri Harauski"}]},{"@type":"WebSite","@id":"https:\/\/trialinternational.org\/#website","url":"https:\/\/trialinternational.org\/","name":"TRIAL International","description":"Une voie vers la justice","potentialAction":[{"@type":"SearchAction","target":{"@type":"EntryPoint","urlTemplate":"https:\/\/trialinternational.org\/?s={search_term_string}"},"query-input":{"@type":"PropertyValueSpecification","valueRequired":true,"valueName":"search_term_string"}}],"inLanguage":"fr-FR"}]}},"_links":{"self":[{"href":"https:\/\/trialinternational.org\/fr\/wp-json\/wp\/v2\/case\/27794","targetHints":{"allow":["GET"]}}],"collection":[{"href":"https:\/\/trialinternational.org\/fr\/wp-json\/wp\/v2\/case"}],"about":[{"href":"https:\/\/trialinternational.org\/fr\/wp-json\/wp\/v2\/types\/case"}],"wp:featuredmedia":[{"embeddable":true,"href":"https:\/\/trialinternational.org\/fr\/wp-json\/wp\/v2\/media\/27918"}],"wp:attachment":[{"href":"https:\/\/trialinternational.org\/fr\/wp-json\/wp\/v2\/media?parent=27794"}],"wp:term":[{"taxonomy":"trial_status","embeddable":true,"href":"https:\/\/trialinternational.org\/fr\/wp-json\/wp\/v2\/trial_status?post=27794"}],"curies":[{"name":"wp","href":"https:\/\/api.w.org\/{rel}","templated":true}]}}